{"id":229,"date":"2017-10-07T17:29:50","date_gmt":"2017-10-07T17:29:50","guid":{"rendered":"https:\/\/jiujitsuminas.com.br\/01\/?page_id=229"},"modified":"2024-01-04T16:06:50","modified_gmt":"2024-01-04T19:06:50","slug":"voce-sabia","status":"publish","type":"page","link":"https:\/\/jiujitsuminas.com.br\/01\/voce-sabia","title":{"rendered":"SE N\u00c3O SABIA, SAIBA ENT\u00c3O  QUE &#8230;"},"content":{"rendered":"<h4>&nbsp; &nbsp; &nbsp; &nbsp; &nbsp; &nbsp; &nbsp; &nbsp; &nbsp; &nbsp; &nbsp; &nbsp; &nbsp; &nbsp; &nbsp; &nbsp; &nbsp; &nbsp; &nbsp; &nbsp; &nbsp; &nbsp; &nbsp; &nbsp; &nbsp; &nbsp; &nbsp; &nbsp; &nbsp; &nbsp; &nbsp; &nbsp; &nbsp; &nbsp; &nbsp; &nbsp; &nbsp; &nbsp; &nbsp; &nbsp; &nbsp; &nbsp; &nbsp; &nbsp; &nbsp; &nbsp; &nbsp; &nbsp; &nbsp; &nbsp; &nbsp; &nbsp; &nbsp; <span style=\"color: #ff0000;\">P\u00e1gina&nbsp; atualizada continuadamente.<\/span><\/h4>\n<h3><strong>Sinopse do Regulamento Geral&nbsp;<em> .&nbsp; <\/em><\/strong><\/h3>\n<p><strong>&nbsp;&nbsp; &nbsp; Assuntos&nbsp; por ordem alfab\u00e9tica e aleatorio .<\/strong><\/p>\n<p><strong><em>&nbsp;&nbsp;&nbsp;&nbsp;&nbsp;&nbsp;&nbsp;&nbsp;&nbsp;&nbsp;&nbsp;&nbsp;&nbsp;&nbsp;&nbsp;&nbsp;&nbsp;&nbsp;&nbsp;&nbsp;&nbsp;&nbsp;&nbsp;&nbsp;&nbsp;&nbsp;&nbsp;&nbsp;&nbsp;&nbsp;&nbsp;&nbsp;&nbsp;&nbsp;&nbsp;&nbsp;&nbsp;&nbsp;&nbsp; Leia&nbsp; sempre&nbsp; !&nbsp;&nbsp;&nbsp;&nbsp;&nbsp;&nbsp;&nbsp;&nbsp;&nbsp;&nbsp;&nbsp;&nbsp; &nbsp;&nbsp;<\/em><\/strong><\/p>\n<h3><strong>&nbsp; &nbsp; &nbsp; &nbsp; &nbsp; &nbsp; &nbsp; &nbsp; &nbsp; &nbsp; &nbsp; &nbsp; &nbsp; &nbsp; &nbsp; &nbsp; &nbsp; &nbsp; &nbsp; &nbsp; &nbsp; &nbsp; &nbsp;<span style=\"color: #0000ff;\">&nbsp; SE NA\u00d5 SABIA, SAIBA&nbsp; &nbsp;ENTA\u00d5&nbsp; QUE ..<\/span><\/strong><\/h3>\n<p><strong><span style=\"color: #ff0000;\">A&nbsp; &nbsp;equipe&nbsp; de jiu-Jitsu ou qualquer esporte, para funcionar com seguran\u00e7a&nbsp; &nbsp;,alem do Alvar\u00e1 da sua federa\u00e7\u00e3o&nbsp; (reconhecida e autorizada)&nbsp; deve providenciar&nbsp; a licen\u00e7a da Prefeitura<\/span> .&nbsp;<\/strong><\/p>\n<p><strong>&nbsp;<\/strong><b>A equipe de jiu-jitsu&nbsp; ,ao se registrar&nbsp; na F.M.J-J&nbsp; recebe&nbsp; junto ao Alvara&nbsp; de funcionamento &nbsp; uma bandeirinha da Federa\u00e7\u00e3o &nbsp;tamanho 25 x 3o ,&nbsp; para&nbsp; exibi\u00e7\u00e3o a vista do p\u00fablica onde&nbsp; esta funcionando .&nbsp;<\/b><\/p>\n<p><b>A Equipe&nbsp; de jiu-jitsu&nbsp; em Minas Gerais&nbsp; somente&nbsp; &nbsp; poder\u00e1&nbsp; participar do oficializado &#8220;Campeonato Estadual&nbsp; Mineiro de Jiu-Jitsu&#8221;&nbsp; ( TA\u00c7A MINAS GERAIS ) se estiver nela registrada e com o alvar\u00e1 em dia . Se for convidada&nbsp; a participar poder\u00e1&nbsp; receber premia\u00e7\u00e3o ,mas na\u00f5 o titulo do estadual em disputa,<\/b><\/p>\n<p><strong>A equipe&nbsp; de jiu-jitsu que&nbsp; j\u00e1 completou mais de 15 meses sem&nbsp; renovar o alvar\u00e1 da FMJ-J perde alguns direitos adquiridos .<\/strong><\/p>\n<p><b>A equipe federada&nbsp; ao graduar seu aluno (da amarela a marrom)&nbsp; deve estar com&nbsp; alvar\u00e1 em dia,ou poder\u00e1 na\u00f5 ter o reconhecimento desta&nbsp; gradua\u00e7\u00e3o .&nbsp;<\/b><\/p>\n<p><strong>A filial da equipe&nbsp; o ALVAR\u00c1 DE DEPEND\u00caNCIA do ano em curso&nbsp; tem de estar a vista do publico, para atestar&nbsp; &nbsp; sua condi\u00e7\u00e3o de&nbsp; legalidade junto <\/strong><strong>a F.M.J-J. e por ela amparada.<\/strong><\/p>\n<p><span style=\"color: #ff0000;\"><b style=\"color: #ff0000;\">As obriga\u00e7\u00f5es de equipe&nbsp; de jiu-jitsu&nbsp; federada somente terminam junto a F.M.J-J&nbsp; &nbsp;quando o presidente da&nbsp; equipe&nbsp; registrar em <\/b><span style=\"color: #ff0000;\"><b>cart\u00f3rio<\/b><\/span><b style=\"color: #ff0000;\"> de pessoas jur\u00eddicas, onde registrou a equipe , que a equipe&nbsp; n\u00e3o mais funciona nem esta&nbsp; mais ministrando aulas de jiu-jitsu no Estado de Minas Gerais, e requerer a&nbsp; &#8221; Tranca do Registro&nbsp; da Equipe &#8221;&nbsp; e&nbsp; apresentar&nbsp; &nbsp;este documento do <\/b><span style=\"color: #ff0000;\"><b>cart\u00f3rio<\/b><\/span><b style=\"color: #ff0000;\"> a <\/b><span style=\"color: #ff0000;\"><b>Federa\u00e7\u00e3o<\/b><\/span><b style=\"color: #ff0000;\"> .<\/b><\/span><\/p>\n<p><strong>ARBITRO<\/strong><br \/>\n<strong>Somente poder\u00e1 receber o certificado de \u00e1rbitro Central ou Lateral aquele que tiver o curso&nbsp; e&nbsp; prestado servi\u00e7o&nbsp; em pelo&nbsp; menos&nbsp; dois eventos.<\/strong><\/p>\n<p><strong>ARBITRAGEM &#8211; REGRAS<\/strong><br \/>\n<strong>Uma&nbsp; regra de arbitragem,&nbsp; mesmo se&nbsp; determinada&nbsp; pela&nbsp; Confedera\u00e7\u00e3o,a Federa\u00e7\u00e3o pode aguardar&nbsp; &nbsp;por um per\u00edodo&nbsp; m\u00ednimo de seis (06) meses antes de&nbsp; ser modificada, devido o andamento do campeonato estadual mineiro.<\/strong><\/p>\n<p><strong>B<\/strong><\/p>\n<p><strong>C&nbsp;&nbsp;&nbsp;&nbsp;&nbsp;&nbsp;<\/strong><\/p>\n<p><strong>CARGO ELEITO&nbsp; E&nbsp; &nbsp;DE&nbsp; CONFIAN\u00c7A&nbsp;&#8211; PERDA <\/strong><\/p>\n<p><strong>Os&nbsp; portadores de cargo eletivo&nbsp;&nbsp; ( &nbsp;Presidencia ,Conselho Fiscal e&nbsp; TJ D ) na 3\u00aa advert\u00eancia&nbsp; por irregularidade cometida pode sofrer &nbsp; perda do cargo atrav\u00e9s da Assembleia Geral.&nbsp; Da mesma&nbsp; forma os&nbsp; cargos de confian\u00e7a da presid\u00eancia na segunda advert\u00eancia pode ser dispensado, sem consulta a&nbsp; outros poderes.<\/strong><\/p>\n<p><strong><u>C\u00d3DIGO DE \u00c9TICA E DISCIPLINA<br \/>\n<\/u>N\u00e3o somente os professores e instrutores devem&nbsp; ter conhecimento do&nbsp; conte\u00fado do C\u00f3digo de \u00c9tica e Disciplina da FMJ-J, mas&nbsp; tamb\u00e9m seus competidores, independente da&nbsp; faixa ou grau.<\/strong><\/p>\n<p><strong><u>CURSOS<br \/>\n<\/u>Para&nbsp; participar dos cursos, semin\u00e1rios, reciclagens da Federa\u00e7\u00e3o&nbsp; o&nbsp; participante deve estar portando a carteira do ano.<\/strong><\/p>\n<p><strong>&nbsp;CONSELHO&nbsp; REGIONAL DE ESPORTES&nbsp; . Desde que o Conselho Regional de Esportes&nbsp; foi desativo na d\u00e9cada de 80, nunca mais o esporte&nbsp; especializado&nbsp; teve a mesma aten\u00e7\u00e3o das autoridades, M enos ainda amparo&nbsp; para se manter realmente organizado como era, e permitindo&nbsp; que&nbsp; a clandestinidade esportiva continua&nbsp; prejudicando e desorganizando&nbsp; as&nbsp; &nbsp;entidades regionais de administra\u00e7\u00e3o de desporto.<\/strong><\/p>\n<p><strong>CONIV\u00caNCIA&nbsp;&nbsp;&nbsp; DE&nbsp;&nbsp; ENTIDADE&nbsp; SUPERIOR&nbsp;<\/strong><br \/>\n<strong>A entidade superior, seja de qual&nbsp; for o n\u00edvel ou regi\u00e3o, Federa\u00e7a\u00f5, Confedera\u00e7\u00e3o, Liga &#8211;<\/strong><strong>que&nbsp; conhecedora&nbsp; de atitude irregular por parte&nbsp; de equipe ou competidor, mesmo assim&nbsp; aceita&nbsp; nos seus eventos: registrar, documentar&nbsp; competidores aliciados por outra equipe&nbsp; ou&nbsp; que estejam cumprindo pena&nbsp;&nbsp; imposta por&nbsp;&nbsp; federa\u00e7\u00f5es.Mesmo assim&nbsp; lhe da cobertura. Alem da&nbsp;&nbsp; falta de&nbsp; \u00e9tica demonstrada, poder\u00e1 ser levada as barras do&nbsp; Tribunal de Justi\u00e7a Desportivo, e denunciada&nbsp; ao Minist\u00e9rio dos Esportes e a pr\u00f3pria justi\u00e7a comum, pelo desrespeito a&nbsp; entidade&nbsp; de administra\u00e7\u00e3o do esporte no estado, e pela deplor\u00e1vel&nbsp; coniv\u00eancia com a infra\u00e7\u00e3o&nbsp; cometida.<\/strong><\/p>\n<p><strong>D<\/strong><\/p>\n<p><strong>A elei\u00e7\u00e3o&nbsp; para presidente nas Federa\u00e7\u00f5es,Ligas,Confedera\u00e7\u00e3o, devem ser feitas a cada 4 anos ,&nbsp; permitindo apenas&nbsp; uma reelei\u00e7\u00e3o consecutiva .<\/strong><strong>&nbsp; &nbsp;<\/strong><\/p>\n<p><strong> &nbsp;&nbsp;<\/strong><br \/>\n<strong> EQUIPE&nbsp; ALICIADORA&nbsp; DE&nbsp; ALUNOS&nbsp; DE&nbsp; OUTRAS&nbsp; EQUIPES<\/strong><br \/>\n<strong> A equipe&nbsp; federada&nbsp; que aceita&nbsp; aluno&nbsp;&nbsp; federado de outra equipe federada, sem a necess\u00e1ria&nbsp; transfer\u00eancia legal, esta cometendo&nbsp;&nbsp; aliciamento.<\/strong><\/p>\n<p><strong>Mesmo&nbsp; convite indireto&nbsp; ao aluno para&nbsp; participar de aulas ,gratuitas ou n\u00e3o,&nbsp; verbalmente, ou por outros meios, sem conhecimento do professor dele, \u00e9 uma falta de \u00e9tica que poder\u00e1&nbsp; se configurar como aliciamento&nbsp; e&nbsp; indiciar o&nbsp; seu autor juto ao Tribunal de Justi\u00e7a&nbsp; Desportiva .<\/strong><\/p>\n<p><span style=\"color: #3366ff;\"><strong><u>EVENTOS&nbsp; PARALELOS<\/u><\/strong><\/span><\/p>\n<p><span style=\"color: #ff0000;\"><strong> Que a federa\u00e7\u00e3o n\u00e3o concede apoio a eventos similares, mesmo aos de interesse de equipe federada, se realizados menos de&nbsp; 07 dias antes ou depois, de um evento da FMJ-J, ao contrario, pode sofrer interfer\u00eancia e seu titular ser penalizado pelas vias permitidas a&nbsp; federa\u00e7\u00e3o.<\/strong><\/span><\/p>\n<p><strong>F&nbsp;&nbsp;&nbsp;&nbsp; FAIXAS&nbsp; BRANCA&nbsp;&nbsp;<\/strong><\/p>\n<p><strong>A&nbsp; &nbsp; &nbsp; FAIXA BRANCA&nbsp; \u00e9 a faixa inicial em qualquer idade.<\/strong><\/p>\n<p><strong>&nbsp;Que o faixa branca ,&nbsp; por&nbsp; traduzir o inicio do aprendizado.nas academias e nas&nbsp;&nbsp; competi\u00e7\u00f5es da&nbsp; FMJ-J , pode ter&nbsp; regras diferenciadas dos coloridos.<\/strong><\/p>\n<p><strong>T\u00e9cnicas como as chaves Kimura,&nbsp; o triangulo , os&nbsp; estrangulamentos avan\u00e7ados laterais e por traz n\u00e3o&nbsp; devem fazer parte do aprendizado dos brancas , s\u00e3o pr\u00f3prias das faixas coloridas.Demonstra desconheimento&nbsp; da metodologa de ensino e prendizado.<\/strong><\/p>\n<p><strong> FAIXA COLORIDA A FRENTE DE EQUIPE<\/strong><\/p>\n<p><strong>* Somente&nbsp; faixa marrom e preta&nbsp; pode&nbsp;&nbsp; ser indicado&nbsp; pelo professor como seu auxiliar&nbsp; de instru\u00e7\u00e3o. Que um&nbsp; faixa roxa pode ser designado como monitor (&nbsp; auxiliar do professor ) mas com a&nbsp; presen\u00e7a do&nbsp; professor&nbsp; na escola&nbsp; e maneira que ele a possa ser&nbsp; localizado e confirmada.<\/strong><\/p>\n<p><strong>FAIXAS&nbsp; &#8211; TROCAS COLORIDAS&nbsp; &nbsp; A&nbsp; mudan\u00e7a de faixa ainda \u00e9 um privil\u00e9gio do professor titular da equipe, e desde que observado o tempo de car\u00eancia n\u00e3o tem obje\u00e7\u00e3o junto a Federa\u00e7a\u00f5.<\/strong><\/p>\n<p><strong>FAIXA&nbsp; AMARELA &#8211;&nbsp; &nbsp; &nbsp; &nbsp; &nbsp; &nbsp;E m&nbsp; 1984&nbsp; o presidente Adair, apoiado pela Assembl\u00e9ia Geral da FMJ-J&nbsp; determinou o uso da faixa&nbsp; amarela&nbsp; como a 2\u00aa&nbsp; faixa tamb\u00e9m para os adultos ,por julgar injusto um adulto&nbsp; com um ano de&nbsp; treinamento ser elevado da faixa branca a azul,&nbsp; enquanto um menor,&nbsp; somente aos 16 poder\u00e1 receber&nbsp; esta&nbsp; faixa azul .<\/strong><\/p>\n<p><b>A cria\u00e7\u00e3o da&nbsp; faixa amarela permitiu aumento de competidores..<\/b><\/p>\n<p><strong>-A&nbsp; &nbsp; FAIXA AMARELA&nbsp; foi&nbsp; adotada&nbsp; pela Liga Brasileira (LBJJ) em&nbsp; 1991.<\/strong><\/p>\n<ul>\n<li><b>A&nbsp; filia\u00e7\u00e3o direta na FAIXA AZUL na Federa\u00e7\u00e3o&nbsp; &nbsp; pode ser feita sem folha curricular, bastando&nbsp; declara\u00e7\u00e3o oficializada&nbsp; professor titular&nbsp; federado e seu supervisor, atestando o tempo de milit\u00e2ncia e a car\u00eancia minima de vinte (20) meses&nbsp; de pr\u00e1tica continuada do jiu-jitsu&nbsp;<\/b><\/li>\n<\/ul>\n<p><strong>FILIA\u00c7\u00c3O DIRETA NA&nbsp; AZUL&nbsp;&nbsp; Implica na perman\u00eancia&nbsp; nela de um m\u00ednimo de&nbsp; 18 meses&nbsp; antes de ser admitido o registro como roxa, e o mesmo para o aspirante a marrom&nbsp; que tenha se registrado diretamente&nbsp; na roxa.&nbsp;<\/strong><\/p>\n<p><span style=\"color: #ff0000;\"><strong>FAIXA ROXA&nbsp; &nbsp; &nbsp; &nbsp; &nbsp; &nbsp; &nbsp; &nbsp; &nbsp;Continua as exig\u00eancias para a filia\u00e7\u00e3o direta da&nbsp; roxa em diante: folha curricular emitida&nbsp;&nbsp; por entidade superior&nbsp; (ou pela eqipe)atestando tempo de&nbsp; milit\u00e2ncia&nbsp; compat\u00edvel ou superior ao exigido pela FMJ-J .<\/strong><\/span><\/p>\n<p><strong> FAIXA MARROM&nbsp; &nbsp; &nbsp; &nbsp; &nbsp; &nbsp; &nbsp;A FMJ-J permite ao&nbsp; faixa marrom criar sua pr\u00f3pria equipe, desde que diretor tecnico seja no minimo faixa preta lisa&nbsp; assistido&nbsp;&nbsp;por&nbsp; supervisor -4\u00ba grau em dinte.<\/strong><\/p>\n<p><strong>FAIXA PRETA&nbsp; &nbsp; &nbsp;competidor e&nbsp; prestador de servi\u00e7os ao corpo auxiliar,&nbsp; tem&nbsp;&nbsp; mais facilidades&nbsp; junto a&nbsp;&nbsp; Federa\u00e7\u00e3o para&nbsp; futuras conquistas.<\/strong><\/p>\n<p><strong>A&nbsp; falta de um maior entrosamento&nbsp; em n\u00edvel nacional neste sentido, \u00e9&nbsp; que a FMJ-J&nbsp; segue com o&nbsp; seu m\u00e9todo&nbsp; para a troca das&nbsp; faixas e seu registro obedecem a seguinte ordem para os adultos&nbsp; masculino e feminino? Confira !<span style=\"font-family: Tahoma; font-size: small;\"> !<\/span><\/strong><\/p>\n<table border=\"1\" width=\"506\">\n<tbody>\n<tr>\n<td class=\"style1392\" width=\"206\" height=\"30\">\n<h4><strong><span style=\"color: #0000ff; font-family: Tahoma; font-size: xx-small;\">FAIXAS P\/ ADULTO MASCULINO E FEMININO<\/span><\/strong><\/h4>\n<\/td>\n<td class=\"style1392\" width=\"98\" height=\"30\">\n<h4><strong><span style=\"color: #0000ff; font-family: Tahoma; font-size: xx-small;\">&nbsp;PERMAN\u00caNCIA M\u00cdNIMA&nbsp;&nbsp; NELA<\/span><\/strong><\/h4>\n<\/td>\n<td class=\"style1392\" width=\"100\" height=\"30\">\n<h4><strong><span style=\"color: #0000ff; font-family: Tahoma; font-size: xx-small;\">&nbsp;TEMPO&nbsp; M\u00cdNIMO DE MILIT\u00c2NCIA FEDERADA&nbsp; PARA A FAIXA SEGUINTE<\/span><\/strong><\/h4>\n<\/td>\n<td class=\"style1392\" width=\"74\" height=\"30\">\n<h4><strong><span style=\"color: #0000ff; font-family: Tahoma; font-size: xx-small;\">FAIXA SEGUINTE\/TEMPO POR IDADE <\/span><\/strong><\/h4>\n<\/td>\n<\/tr>\n<tr>\n<td class=\"style1392\" width=\"206\" height=\"13\">\n<h4><strong><span style=\"color: #ff0000; font-family: Tahoma; font-size: xx-small;\">BRANCA <\/span><\/strong><\/h4>\n<\/td>\n<td class=\"style1392\" width=\"98\" height=\"13\">\n<h4><strong><span style=\"font-family: Tahoma; font-size: xx-small;\">&nbsp; 4&nbsp; MESES<\/span><\/strong><\/h4>\n<\/td>\n<td class=\"style1392\" width=\"100\" height=\"13\">\n<h4><strong><span style=\"font-family: Tahoma; font-size: xx-small;\">&nbsp;AP\u00d3S 4 MESES&nbsp;<\/span><\/strong><\/h4>\n<\/td>\n<td class=\"style1392\" width=\"74\" height=\"13\">\n<h4><strong><span style=\"font-family: Tahoma; font-size: xx-small;\">&nbsp;AMARELA<\/span><\/strong><\/h4>\n<\/td>\n<\/tr>\n<tr>\n<td class=\"style1392\" width=\"206\" height=\"19\">\n<h4><strong><span style=\"color: #ff0000; font-family: Tahoma; font-size: xx-small;\">AMARELA **<\/span><\/strong><\/h4>\n<\/td>\n<td class=\"style1392\" width=\"98\" height=\"19\">\n<h4><strong><span style=\"font-family: Tahoma; font-size: xx-small;\">12 MESES &#8211; 1 ANO<\/span><\/strong><\/h4>\n<\/td>\n<td class=\"style1392\" width=\"100\" height=\"19\">\n<h4><strong><span style=\"font-family: Tahoma; font-size: xx-small;\">&nbsp;APOS 16&nbsp; MESES&nbsp;<\/span><\/strong><\/h4>\n<\/td>\n<td class=\"style1392\" width=\"74\" height=\"19\">\n<h4><strong><span style=\"font-family: Tahoma; font-size: xx-small;\">AZUL<\/span><\/strong><\/h4>\n<\/td>\n<\/tr>\n<tr>\n<td class=\"style1392\" width=\"206\" height=\"19\">\n<h4><strong><span style=\"color: #ff0000; font-family: Tahoma; font-size: xx-small;\">AZUL<\/span><\/strong><\/h4>\n<\/td>\n<td class=\"style1392\" width=\"98\" height=\"19\">\n<h4><strong><span style=\"font-family: Tahoma; font-size: xx-small;\">12 MESES- 1 ANO<\/span><\/strong><\/h4>\n<\/td>\n<td class=\"style1392\" width=\"100\" height=\"19\">\n<h4><strong><span style=\"font-family: Tahoma; font-size: xx-small;\">APOS 28&nbsp; MESES&nbsp;<\/span><\/strong><\/h4>\n<\/td>\n<td class=\"style1392\" width=\"74\" height=\"19\">\n<h4><strong><span style=\"font-family: Tahoma; font-size: xx-small;\">ROXA&nbsp;&nbsp;&nbsp;&nbsp;<\/span><\/strong><\/h4>\n<\/td>\n<\/tr>\n<tr>\n<td class=\"style1392\" width=\"206\" height=\"19\">\n<h4><strong><span style=\"color: #ff0000; font-family: Tahoma; font-size: xx-small;\">ROXA&nbsp; (1<\/span><\/strong><\/h4>\n<\/td>\n<td class=\"style1392\" width=\"98\" height=\"19\">\n<h4><strong><span style=\"font-family: Tahoma; font-size: xx-small;\">12 MESES&nbsp; -1 ANO<\/span><\/strong><\/h4>\n<\/td>\n<td class=\"style1392\" width=\"100\" height=\"19\">\n<h4><strong><span style=\"font-family: Tahoma; font-size: xx-small;\">APOS&nbsp; 40&nbsp; MESES<\/span><\/strong><\/h4>\n<\/td>\n<td class=\"style1392\" width=\"74\" height=\"19\">\n<h4><strong><span style=\"font-family: Tahoma; font-size: xx-small;\">MARROM&nbsp;&nbsp;&nbsp;<\/span><\/strong><\/h4>\n<\/td>\n<\/tr>\n<tr>\n<td class=\"style1392\" width=\"206\" height=\"19\">\n<h4><strong><span style=\"color: #ff0000; font-family: Tahoma; font-size: xx-small;\">MARROM ( 18 ANOS )INSTRUTOR&nbsp; (1)<\/span><\/strong><\/h4>\n<\/td>\n<td class=\"style1392\" width=\"98\" height=\"19\">\n<h4><strong><span style=\"font-family: Tahoma; font-size: xx-small;\">24 MESES&nbsp;&#8211; 2 ANOS<\/span><\/strong><\/h4>\n<\/td>\n<td class=\"style1392\" width=\"100\" height=\"19\">\n<h4><strong><span style=\"font-family: Tahoma; font-size: xx-small;\">&nbsp;=&nbsp; 5 ANOS &nbsp;DE JIU-JITSU DIRETO<\/span><\/strong><\/h4>\n<\/td>\n<td class=\"style1392\" width=\"74\" height=\"19\">\n<h4><strong><span style=\"font-family: Tahoma; font-size: xx-small;\">PRETA LISA&nbsp;&nbsp;&nbsp;<\/span><\/strong><\/h4>\n<\/td>\n<\/tr>\n<\/tbody>\n<\/table>\n<table id=\"table1\" border=\"1\" width=\"101%\">\n<tbody>\n<tr>\n<td class=\"style1392\" width=\"200\" height=\"19\">\n<h4><strong><span style=\"color: #ff0000; font-family: Tahoma; font-size: xx-small;\">PRETA&nbsp; LISA &#8211;&nbsp;&nbsp;&nbsp;&nbsp;&nbsp;&nbsp;&nbsp;&nbsp; (2)<\/span><\/strong><\/h4>\n<\/td>\n<td class=\"style1392\" width=\"140\" height=\"19\">\n<h4><strong><span style=\"font-family: Tahoma; font-size: xx-small;\">&nbsp;2&nbsp; ANOS&nbsp; NELE<\/span><\/strong><\/h4>\n<\/td>\n<td class=\"style1392\" width=\"150\" height=\"19\">\n<h4><strong><span style=\"font-family: Tahoma; font-size: xx-small;\">&nbsp;07 ANOS &nbsp;DE JIU-JITSU<\/span><\/strong><\/h4>\n<\/td>\n<td class=\"style1392\" width=\"105\" height=\"19\">\n<h4><strong>21 IDADE<\/strong><\/h4>\n<\/td>\n<\/tr>\n<tr>\n<td class=\"style1392\" width=\"200\" height=\"19\">\n<h4><strong><span style=\"color: #ff0000; font-family: Tahoma; font-size: xx-small;\">PRETA&nbsp; 1\u00ba GRAU- ESTAGIARIO&nbsp; (3 )<\/span><\/strong><\/h4>\n<\/td>\n<td class=\"style1392\" width=\"140\" height=\"19\">\n<h4><strong><span style=\"font-family: Tahoma; font-size: xx-small;\">&nbsp;2 ANOS NELE = 4<\/span><\/strong><\/h4>\n<\/td>\n<td class=\"style1392\" width=\"150\" height=\"19\">\n<h4><strong><span style=\"font-family: Tahoma; font-size: xx-small;\">&nbsp;09 ANOS&nbsp; DE JIU-JITSU&nbsp;<\/span><\/strong><\/h4>\n<\/td>\n<td class=\"style1392\" width=\"105\" height=\"19\">\n<h4><strong>23<\/strong><\/h4>\n<\/td>\n<\/tr>\n<tr>\n<td class=\"style1392\" width=\"200\" height=\"19\">\n<h4><strong><span style=\"font-family: Tahoma; font-size: xx-small;\">&nbsp;&nbsp;2\u00ba GRAU -ESTAGI\u00c1RIO&nbsp;&nbsp;&nbsp;&nbsp;&nbsp;&nbsp;&nbsp;&nbsp;&nbsp;&nbsp;&nbsp; (3 )<\/span><\/strong><\/h4>\n<\/td>\n<td class=\"style1392\" width=\"140\" height=\"19\">\n<h4><strong><span style=\"font-family: Tahoma; font-size: xx-small;\">&nbsp;3&nbsp; ANOS&nbsp;NELE = 7<\/span><\/strong><\/h4>\n<\/td>\n<td class=\"style1392\" width=\"150\" height=\"19\">\n<h4><strong><span style=\"font-family: Tahoma; font-size: xx-small;\">&nbsp;12&nbsp; ANOS DE JIU-JITSU<\/span><\/strong><\/h4>\n<\/td>\n<td class=\"style1392\" width=\"105\" height=\"19\">\n<h4><strong>26<\/strong><\/h4>\n<\/td>\n<\/tr>\n<tr>\n<td class=\"style1392\" width=\"200\" height=\"19\">\n<h4><strong><span style=\"font-family: Tahoma; font-size: xx-small;\">&nbsp;3\u00ba&nbsp; GRAU &#8211; PROFESSOR ( 4) <\/span><\/strong><\/h4>\n<\/td>\n<td class=\"style1392\" width=\"140\" height=\"19\">\n<h4><strong><span style=\"font-family: Tahoma; font-size: xx-small;\">&nbsp; 4 ANOS NELE&nbsp;=11 <\/span><\/strong><\/h4>\n<\/td>\n<td class=\"style1392\" width=\"150\" height=\"19\">\n<h4><strong><span style=\"font-family: Tahoma; font-size: xx-small;\">16 ANOS&nbsp; DE JIU-JITSU&nbsp; <\/span><\/strong><\/h4>\n<\/td>\n<td class=\"style1392\" width=\"105\" height=\"19\">\n<h4><strong>30<\/strong><\/h4>\n<\/td>\n<\/tr>\n<tr>\n<td width=\"200\">\n<h4><strong><span style=\"font-size: xx-small;\">&nbsp;4\u00ba GRAU- PROFESSOR SUPERVISOR (5)<\/span><\/strong><\/h4>\n<\/td>\n<td>\n<h4><strong><span style=\"font-size: xx-small;\">&nbsp;5 ANOS NELE = 16<\/span><\/strong><\/h4>\n<\/td>\n<td>\n<h4><strong><span style=\"font-size: xx-small;\">21 ANOS DE JIU-JITSU <\/span><\/strong><\/h4>\n<\/td>\n<td>\n<h4><strong><span style=\"font-size: xx-small;\">35<\/span><\/strong><\/h4>\n<\/td>\n<\/tr>\n<tr>\n<td width=\"200\">\n<h4><strong><span style=\"font-size: xx-small;\">5\u00ba GRAU- PROFESSOR&nbsp; SUPERVISOR (5)<\/span><\/strong><\/h4>\n<\/td>\n<td>\n<h4><strong><span style=\"font-size: xx-small;\">6 ANOS NELE = 22 <\/span><\/strong><\/h4>\n<\/td>\n<td>\n<h4><strong><span style=\"font-size: xx-small;\">27 ANOS DE JIU-JITSU<\/span><\/strong><\/h4>\n<\/td>\n<td>\n<h4><strong><span style=\"font-size: xx-small;\">41<\/span><\/strong><\/h4>\n<\/td>\n<\/tr>\n<tr>\n<td width=\"200\">\n<h4><strong><span style=\"font-size: xx-small;\">6\u00ba GRAU-PROFESSOR SUPERVISOR (5)<\/span><\/strong><\/h4>\n<\/td>\n<td>\n<h4><strong><span style=\"font-size: xx-small;\">7&nbsp; ANOS NELE<\/span><\/strong><\/h4>\n<\/td>\n<td>\n<h4><strong><span style=\"font-size: xx-small;\">34 ANOS&nbsp; DE JIU-JITSU <\/span><\/strong><\/h4>\n<\/td>\n<td>\n<h4><strong><span style=\"font-size: xx-small;\">48<\/span><\/strong><\/h4>\n<\/td>\n<\/tr>\n<tr>\n<td width=\"200\">\n<h4><strong><span style=\"font-size: xx-small;\">7\u00ba GRAU&nbsp;&nbsp; MESTRE&nbsp; -CORAL <\/span><\/strong><\/h4>\n<\/td>\n<td>\n<h4><strong><span style=\"font-size: xx-small;\">7 ANOS NELA<\/span><\/strong><\/h4>\n<\/td>\n<td>\n<h4><strong><span style=\"font-size: xx-small;\">41 ANOS&nbsp; DE JIU-JITSU <\/span><\/strong><\/h4>\n<\/td>\n<td>\n<h4><strong><span style=\"font-size: xx-small;\">55<\/span><\/strong><\/h4>\n<\/td>\n<\/tr>\n<tr>\n<td width=\"200\">\n<h4><strong><span style=\"font-size: xx-small;\">8\u00ba GRAU MESTRE &#8211; CORAL<\/span><\/strong><\/h4>\n<\/td>\n<td>\n<h4><strong><span style=\"font-size: xx-small;\">8 ANOS NELA<\/span><\/strong><\/h4>\n<\/td>\n<td>\n<h4><strong><span style=\"font-size: xx-small;\">49 ANOS&nbsp; DE JIU-JITSU <\/span><\/strong><\/h4>\n<\/td>\n<td>\n<h4><strong><span style=\"font-size: xx-small;\">66 ANOS <\/span><\/strong><\/h4>\n<\/td>\n<\/tr>\n<tr>\n<td width=\"200\">\n<h4><strong><span style=\"font-size: xx-small;\">9\u00ba GRAU GRANDE MESTRE-VERMELHA<\/span><\/strong><\/h4>\n<\/td>\n<td>&nbsp;<\/td>\n<td>&nbsp;<\/td>\n<td>&nbsp;<\/td>\n<\/tr>\n<tr>\n<td width=\"200\">\n<h4><strong><span style=\"font-size: xx-small;\">10\u00baGRAU-&nbsp; GRANDIOSO&nbsp; MESTRE <\/span><\/strong><\/h4>\n<\/td>\n<td>&nbsp;<\/td>\n<td>&nbsp;<\/td>\n<td>&nbsp;<\/td>\n<\/tr>\n<tr>\n<td colspan=\"4\">\n<h4><strong>&nbsp;&nbsp;<span style=\"font-size: xx-small;\">NA QUEST\u00c3O TEMPO&nbsp; H\u00c1 QUE&nbsp; CONSIDERAR OS&nbsp; VALIOSOS SERVI\u00c7OS PRESTADOS AO JIU-JITSU <\/span><\/strong><\/h4>\n<\/td>\n<\/tr>\n<\/tbody>\n<\/table>\n<p><strong><span style=\"font-family: Tahoma; font-size: small;\">&nbsp;&nbsp;&nbsp;<span style=\"color: #ff00ff;\">OBSERVA\u00c7\u00d5ES&nbsp;&nbsp;&nbsp;&nbsp;<\/span><\/span> <span style=\"color: #000000; font-family: Tahoma; font-size: small;\">Pode ser designado como:&nbsp; 1-monitor; 2-preta lutador; 3-estagiario; 4-professor; 5- em diante&nbsp;&nbsp; Professor&nbsp; supervisor &nbsp;&nbsp;&nbsp;&nbsp;&nbsp;&nbsp;&nbsp;&nbsp;&nbsp; <\/span><\/strong><\/p>\n<p><strong><span style=\"color: #0000ff; font-family: Tahoma; font-size: small;\"> &nbsp;&nbsp;&nbsp;&nbsp;&nbsp;&nbsp; FAIXA&nbsp; P \/&nbsp; MENORES&nbsp; &#8211; MASCULINO E FEMININO<\/span><\/strong><\/p>\n<p><strong><span style=\"color: #0000ff; font-family: Tahoma; font-size: small;\">FAIXA&nbsp; P \/&nbsp; MENORES&nbsp; &#8211; MASCULINO E FEMININO<\/span><\/strong><\/p>\n<table border=\"1\" width=\"496\">\n<tbody>\n<tr>\n<td class=\"style1392\" width=\"96\" height=\"1\"><strong><span style=\"color: #ff0000; font-family: Tahoma; font-size: xx-small;\">&nbsp; IDADE<\/span><\/strong><\/td>\n<td class=\"style1392\" width=\"203\" height=\"1\"><strong><span style=\"color: #ff0000; font-family: Tahoma; font-size: xx-small;\">FAIXA&nbsp;<\/span><\/strong><\/td>\n<td class=\"style1392\" rowspan=\"6\" width=\"194\" height=\"93\"><strong><span style=\"color: #ff0000; font-family: Tahoma; font-size: xx-small;\">PERMAN\u00caNCIA<\/span><\/strong><\/p>\n<p><strong><span style=\"color: #000000; font-family: Tahoma; font-size: xx-small;\">&nbsp;A TROCA&nbsp; DE&nbsp;FAIXA DEVE&nbsp;<\/span><\/strong><\/p>\n<p><strong><span style=\"color: #000000; font-family: Tahoma; font-size: xx-small;\">&nbsp;SER&nbsp; DE CONFORMIDADE&nbsp;&nbsp;<\/span><\/strong><\/p>\n<p><strong><span style=\"color: #000000; font-family: Tahoma; font-size: xx-small;\">&nbsp;COMO O TEMPO DE&nbsp;<\/span><\/strong><\/p>\n<p><strong><span style=\"color: #000000; font-family: Tahoma; font-size: xx-small;\">CAR\u00caNCIA M\u00cdNIMA&nbsp;<\/span><\/strong><\/p>\n<p><strong><span style=\"color: #000000; font-family: Tahoma; font-size: xx-small;\">ESTABELECIDA PARA AS<\/span><\/strong><\/p>\n<p><strong><span style=\"color: #000000; font-family: Tahoma; font-size: xx-small;\">&nbsp;IDADES<\/span><\/strong><\/td>\n<\/tr>\n<tr>\n<td class=\"style1392\" width=\"96\" height=\"19\"><strong><span style=\"font-family: Tahoma; font-size: xx-small;\"> 6 E 7 ANOS<\/span><\/strong><\/p>\n<p><strong><span style=\"font-family: Tahoma; font-size: xx-small;\">&nbsp;<\/span><\/strong><\/td>\n<td class=\"style1392\" width=\"203\" height=\"19\"><strong><span style=\"font-family: Tahoma; font-size: xx-small;\">&nbsp;BRANCA \/AZUL CLARA<\/span><\/strong><\/td>\n<\/tr>\n<tr>\n<td class=\"style1392\" width=\"96\" height=\"19\"><strong><span style=\"font-family: Tahoma; font-size: xx-small;\"> 08\/09\/10&nbsp;<\/span><\/strong><\/td>\n<td class=\"style1392\" width=\"203\" height=\"19\"><strong><span style=\"font-family: Tahoma; font-size: xx-small;\">BRANCA \/AMARELA<\/span><\/strong><\/td>\n<\/tr>\n<tr>\n<td class=\"style1392\" width=\"96\" height=\"16\"><strong><span style=\"font-family: Tahoma; font-size: xx-small;\">&nbsp;11\/12<\/span><\/strong><\/td>\n<td class=\"style1392\" width=\"203\" height=\"16\"><strong><span style=\"font-family: Tahoma; font-size: xx-small;\">BRANCA\/AMARELA\/LARANJA<\/span><\/strong><\/td>\n<\/tr>\n<tr>\n<td class=\"style1392\" width=\"96\" height=\"19\"><strong><span style=\"font-family: Tahoma; font-size: xx-small;\">13\/14\/15<\/span><\/strong><\/td>\n<td class=\"style1392\" width=\"203\" height=\"19\"><strong><span style=\"font-family: Tahoma; font-size: xx-small;\">BRANCA\/AMARELA\/ LARANJA\/ VERDE<\/span><\/strong><\/td>\n<\/tr>\n<tr>\n<td class=\"style1392\" width=\"96\" height=\"19\"><strong><span style=\"font-family: Tahoma; font-size: xx-small;\">16\/17<\/span><\/strong><\/td>\n<td class=\"style1392\" width=\"203\" height=\"19\"><strong><span style=\"font-family: Tahoma; font-size: xx-small;\">BRANCA\/ AMARELA\/ AZUL\/ROXA<\/span><\/strong><\/td>\n<\/tr>\n<\/tbody>\n<\/table>\n<p>&nbsp;<\/p>\n<p><strong>&nbsp;LARGURA CORRETA DA FAIXA<\/strong><br \/>\n<strong>Que a largura da faixa do jiu-jitsu \u00e9 de 04 cent\u00edmetros, da branca a marrom 4\u00ba grau; a faixa estar\u00e1 correta quando: a) &#8211; apresentar a tarja preta de 10 cent\u00edmetros de comprimento (caracter\u00edstica do jiu-jitsu) costurada em distanciada de 02 cmts de uma das pontas; b)- quando na faixa amarrada a tarja preta tiver voltada para a esquerda do corpo; c)_ quando os graus estiverem fixados sobre a tarja preta; d)-quando na faixa amarrada o n\u00f3 lembrar um triangulo.<\/strong><\/p>\n<p><strong>FAIXA PRETA<\/strong><br \/>\n<strong>Que a faixa preta tem largura m\u00e1xima de 05 ctms; ainda \u00e9 permitida a partir dos 21 anos e o tempo de car\u00eancia para cada grau vai se alongando a medida que ele se eleva ?<\/strong><\/p>\n<p><strong><span style=\"color: #ff0000;\">Que a FMJJ, desde 1980 n\u00e3o mais reconheceu faixa preta, ou grau , autorgada por professor individualmente ou academi<\/span>a.<\/strong><\/p>\n<p><strong>Que o portador da faixa preta lisa \u00e9 faixa preta lutador, o 1\u00ba e o 2\u00ba grau professores estagi\u00e1rios, 3\u00bagrau professor de fato, do 4\u00ba em diante alem de professor \u00e9 supervisor de equipe ?<\/strong><\/p>\n<p><strong>-Que a exig\u00eancia da FMJ-J na escolaridade para obter a faixa preta vem contribuindo de maneira substancial para que tantos jiutsuk\u00e1s completem um curso superior e tantos empenharam em estudar?<\/strong><\/p>\n<p><strong>Que a FMJ-J pode indeferir o pedido para eleva\u00e7\u00e3o de graus ao faixa preta, de at\u00e9 35 anos de idade, que n\u00e3o estiver competindo nem apresentando motivos para a aus\u00eancia em torneios da federa\u00e7\u00e3o?<\/strong><\/p>\n<p><strong>Que para a contagem do tempo para exame a preta os anos de aus\u00eancia da FMJ-J s\u00e3o descontados ?<\/strong><\/p>\n<p><strong>Que portadores da faixa preta cedido por confedera\u00e7\u00e3o ou federa\u00e7\u00e3o c\u00f3-irm\u00e3, desde que portadores de comprovante podem se registrar como faixa pretas lutador?<\/strong><\/p>\n<p><strong>Que certificado de faixa preta de outra entidade cong\u00eanere poder\u00e1 ser averbado pela FMJ-J, porem o diploma da FMJ-J somente pode ser concedido a quem se submeter a sua BANCA EXAMINADORA ?<\/strong><\/p>\n<p><strong>COMPETIDORES DE OUTROS ESTADOS<\/strong><\/p>\n<p><strong>Que uma federa\u00e7\u00e3o estadual, quando abre espa\u00e7o para a filia\u00e7\u00e3o de equipes e competidores de outro estado, esta ferindo a legisla\u00e7\u00e3o esportiva ?<\/strong><\/p>\n<p><strong>REGISTRO EM DUAS FEDERA\u00c7\u00d5ES<\/strong><br \/>\n<strong>Que o competidor esportivo n\u00e3o pode se registrar em duas federa\u00e7\u00f5es cong\u00eaneres (da mesma modalidade) no mesmo territ\u00f3rio de atua\u00e7\u00e3o, e somente uma pode ter legitimidade para representar seu estado .<\/strong><\/p>\n<p><strong>Que 50% do valor estipulado para a troca da faixa&nbsp; da branca a marrom \u00e9 repassado ao supervisor, e que o supervisor tem autonomia: para permitir,se assim desejar, que o seu supervisionado efetue o exame da branca p\/amarela sem a sua presen\u00e7a, ou ainda abrir m\u00e3o da sua parte no exame em prol do aluno ou do professor supervisionado ?<\/strong><\/p>\n<p><strong>JULGAMENTO PELO TRIBUNAL DE JUSTI\u00c7A DESPORTIVO&nbsp; &nbsp; Que o competidor, uma vez julgado pelo TJD, a pena imposta por ele vai se tornar de conhecida p\u00fablico, at\u00e9 em n\u00edvel nacional.<\/strong><\/p>\n<p><strong>PERDA DE PONTOS DE COMPETIDOR E EQUIPE <\/strong><\/p>\n<p><strong>Que o competidor ao se apresentar para a pesagem, havendo irregularidades no seu kimono, no seu procedimento, na sua documenta\u00e7\u00e3o, se lhe for permitido lutar j\u00e1 entra perdendo 04 pontos (medalha de prata) e a equipe perde igualmente 02 pontos; o 2\u00ba aluno da mesma equipe com irregularidades perde 04 pontos e a equipe 04 pontos (medalha de prata); o 3\u00ba aluno da mesma equipe com irregularidades perde 04 pontos e a equipe perde 09 pontos (medalha de ouro) e dai a equipe passa a perder 09 pontos nas irregularidades dos seus competidores ?<\/strong><\/p>\n<p><strong>Que esta medida atinge tamb\u00e9m a equipe caso algu\u00e9m dela esteja torcendo para seu competidor na \u00e1rea de combates, ou ainda ao federado em flagrante desrespeito, mesmo junto a torcida ?<\/strong><\/p>\n<p><strong>Nenhuma credencial ou identifica\u00e7\u00e3o pode substituir a carteira da FMJJ do competidor federado na \u00e1rea da competi\u00e7\u00e3o.Se houver permissa\u00f5 pelo coordenador geral ele entra j\u00e1 perdendo 4 pontos<\/strong><\/p>\n<p><strong>Que a perda de pontos acumulados por equipe, devido irregularidades dos seus alunos competidores, atingem t\u00e3o fortemente que j\u00e1 causou a derrota de equipe<\/strong><\/p>\n<p><strong>Que o competidor deve estar preparado tamb\u00e9m para perder ,pois ningu\u00e9m \u00e9 imbat\u00edvel, e quando a derrota acontecer deve ser encarada com esp\u00edrito esportivo, n\u00e3o com revolta ou pretensa humilha\u00e7\u00e3o ?<\/strong><\/p>\n<p><strong>Que \u00e9 obriga\u00e7\u00e3o do professor instruir seus alunos que v\u00e3o competir quanto ao regulamento e as normas da competi\u00e7\u00e3o , que adv\u00e9m da Federa\u00e7\u00e3o&nbsp;<\/strong><\/p>\n<p><strong>Que o \u00e1rbitro central ou lateral igualmente poder\u00e1 sofrer impedimento, se estiver estiver prestando servi\u00e7o que prejudique o competidor, consequentemente ao quadro arbitral ?<\/strong><\/p>\n<p><strong>SUSPENS\u00c3O DE ALUNO Que a Equipe federada tem autonomia para suspender seu aluno at\u00e9 120 dias, e oficialmente solicitar da federa\u00e7\u00e3o anota\u00e7\u00e3o na ficha curricular. Neste per\u00edodo de suspens\u00e3o n\u00e3o poder\u00e1 participar de eventos da FMJ-J. Se o Conselho Disciplinar julgar que a suspens\u00e3o deva ser superior a 120 dias o infrator ter\u00e1 de ser julgado pelo Tribunal de Justi\u00e7a Desportiva !<\/strong><\/p>\n<p><strong>TRANSFER\u00caNCIA DE ALUNO PARA OUTRA EQUIPE Que o titular de uma equipe tem at\u00e9 90 dias para liberar um aluno de faixa de qualquer cor, que pretende ir para outra equipe. E que o impedimento maior \u00e9 quando o aluno estiver em debito para com a equipe ?<\/strong><\/p>\n<p><strong>TAXAS PARA MUDAN\u00c7A DE FAIXAS NAS ACADEMIAS Que o Artigo C.3 &amp; 16 do Manual de Instru\u00e7\u00f5es da FMJ-J diz que o exame de gradua\u00e7\u00e3o at\u00e9 a faixa marrom poder\u00e1 ser feita sob taxa, se o professor desejar mas tomando por referencia: faixa branca p\/ amarela 10% do valor do SM (sal\u00e1rio m\u00ednimo vigente); amarela p\/laranja 15%; laranja p\/ verde 20%; verde p\/azul 20 % ; amarela p\/azul 20%; azul p\/roxa 30% ; roxa p\/marrom 40% ?<\/strong><\/p>\n<p><strong>TAXA DE TRANSFER\u00caNCIA Que a Federa\u00e7\u00e3o Mineira n\u00e3o determina cobran\u00e7a de taxa de transfer\u00eancia de aluno , e quando isto ocorre o crit\u00e9rio \u00e9 da equipe . E que complica mais se a e1uipe cobrar taxa e exigir o tempo de car\u00eancia para transferir ?<\/strong><\/p>\n<p><strong>TRIBUNAL DE JUSTI\u00c7A DESPORTIVA Que um portador da faixa preta se julgado pelo TJD com a perda da faixa (cassa\u00e7\u00e3o) mesmo assim continue a us\u00e1-la , inevitavelmente ser\u00e1 processado por Tribunal Superior ,por uso indevido de t\u00edtulo, falsa ideologia, configurada pelo n\u00e3o cumprimento de determina\u00e7\u00e3o de TJD ?<\/strong><\/p>\n<p><strong>O PRIMEIRO CAMPEONATO BRASILEIRO DE JIU-JITSU<\/strong><br \/>\n<strong>Que de 1984 a 1988 o campeonato de n\u00edvel nacional foi o anual MINAS X RIO , realizado pelas Federa\u00e7\u00e3o Mineira e Liga Niteroiense , entre sele\u00e7\u00f5es de Minas e do Rio, intercalando Belo Horizonte e Niter\u00f3i Nos demais estados n\u00e3o havia federa\u00e7\u00f5es de jiu-jitsu E destes Minas x Rio sempre participavam competidores na \u00e9poca j\u00e1 famosos ,inclusive Rickson Gracie e outros .Tudo gra\u00e7as ao entendimento entre o Presidente Adair (FMJJ) e Silvio Pereira ( LNJJ) ?.<\/strong><\/p>\n<p><strong>SOBRE A FMJ-J Que a Federa\u00e7\u00e3o Mineira de Jiu-Jitsu foi criada com a finalidade de dirigir,difundir, incrementar e fiscalizar o jiu-jitsu em Minas Gerais ,diretamente ou atrav\u00e9s das associa\u00e7\u00f5es , e que estas determina\u00e7\u00f5es do seu estatuto foram garantidas com a aprova\u00e7\u00e3o em 1975 ,sob decreto , pelo Minist\u00e9rio da Educa\u00e7\u00e3o e pelo Conselho Nacional de Desportos , publicado no Di\u00e1rio Oficial da Uni\u00e3o em 21.1.76 ?<\/strong><\/p>\n<p><strong>Que 19 pessoas subscreveram ,em 1975, o documento para a cria\u00e7\u00e3o , funda\u00e7\u00e3o e reconhecimento da Federa\u00e7\u00e3o Mineira de Jiu-Jitsu -FMJ-J junto ao MEC e foram eles : Adair Alves de Almeida ,Alceb\u00edades Ferreira Filho ,Carlos Alberto das Neves , Carlos Antonio da Silva ,C\u00e9lio Mariano Batista Delvair Pinto de Aguiar ,Estev\u00e3o de Mesquita Gomes, Geraldo Ourivio Maia, Grego Aniceto Catambi , Hamilton Lagares Cortes ,Jonas os Santos Amalhio Jos\u00e9 Senador Rosa, Leonardo Dutra Vasconcelos ,Lucio Alves da Silva , Oldair W.Oianes Pinto , Paulo C\u00e9sar Lisboa ,Sel\u00eanio Oliveira Naves ,Takeo Yano , Vicente Gon\u00e7alves ?<\/strong><\/p>\n<p><strong>Com o falecimento dos Mestre Tadeu Yano , Jos\u00e9 Senador e Luiz Albuquerque ,pouco depois somente dois professores foram elevados a mestres pela FMJ-J e oficialmente reconhecidos como tal : Adair Alves de Almeida N\u00ba 002 e Hilton Le\u00e3o da Silva N\u00ba 003 . \u00fanicos autorizados pela FMJ-J a portarem oficialmente o 7\u00ba grau ( faixa coral ) no territ\u00f3rio mineiro .E que somente depois de sete (7) anos mais 4 professores foram elevados a a mestres ?<\/strong><\/p>\n<p><strong>Que portador de faixa coral ou vermelha , residente e domiciliado em outro estado, se tiver equipe ou supervis\u00e3o em Minas ,desde que registrado na FMJ-J como &#8221; honor\u00e1rio &#8221; poder\u00e1 participar das coisas da entidade ?<\/strong><\/p>\n<p><strong>Que o praticante de jiu-jitsu ,mesmo o n\u00e3o federado, participando como convidado de torneio da FMJ-J, conforme o seu comportamento poder\u00e1 ser enquadrado nas leis que emanam do seu regulamento ?<\/strong><\/p>\n<p><strong>Que os participantes dos torneios da FMJ-J obriga-se a disciplina ,o respeito \u00e0 hierarquia e a organiza\u00e7\u00e3o ,pois os atentados ao C\u00f3digo \u00c9tico e Disciplinar inevitavelmente levara o infrator a san\u00e7\u00f5es e at\u00e9 julgamento pelo Tribunal de Justi\u00e7a Desportivo ,e conforme o caso a justi\u00e7a comum ?<\/strong><\/p>\n<p><strong>FOTOS PUBLICADOS NO JIU-JITSU MINAS E NO SITE FMJ-J<\/strong><br \/>\n<strong>Que o lutador, por mais importante que tenha sido a sua conquista ,se no seu kimono n\u00e3o for visto o escudo da federa\u00e7\u00e3o a foto n\u00e3o ser\u00e1 publicada no site ,nem no jornal da entidade. Isto porque a falta do escudo revela falta de considera\u00e7\u00e3o para com a federa\u00e7\u00e3o mineira conseq\u00fcentemente por Minas Gerais ?<\/strong><\/p>\n<p><strong>JIUJITSUK\u00c1<\/strong><br \/>\n<strong>Que jiujitsuk\u00e1 \u00e9 a designa\u00e7\u00e3o correta para aquele que pratica o Jiu-Jitsu i?<\/strong><\/p>\n<p><strong>KIMONO OFICIAL<\/strong><br \/>\n<strong>Que o escudo da Federa\u00e7\u00e3o fica afixado no lado esquerdo do kimono , logo acima do cora\u00e7\u00e3o, e nele j\u00e1 esta inserido o n\u00ba do registro oficial do competidor ?.<\/strong><\/p>\n<p><strong>Que escudo da equipe pode ser colocado tamb\u00e9m nas costas do Kimono ?<\/strong><\/p>\n<p><strong>Que no kimono ,faixas , cartazes n\u00e3o se pode conter dizeres e propagandas induzindo ao uso de bebidas alco\u00f3licas ,ao fumo,a drogas , a quaisquer atividades proibidas e contrarias a Lei ?<\/strong><\/p>\n<p><strong>KI MONOS DE CORES VARIADAS Que nos torneios e campeonatos da Federa\u00e7\u00e3o Mineira \u00e9 permitido usar kimono inteiramente branco , inteiramente azul ou preto,desde que n\u00e3o estejam desbotados ou desfigurados .Outras cores n\u00e3o est\u00e3o liberadas ?.<\/strong><\/p>\n<p><span style=\"color: #ff0000;\"><strong>A LIGA BRASILEIRA E CONFEDERA\u00c7\u00c3O<\/strong><\/span><br \/>\n<span style=\"color: #ff0000;\"><strong>Que foi a recusa de professores do Rio a proposta do professor Adair em 1989 , para a cria\u00e7\u00e3o da Confedera\u00e7\u00e3o Brasileira de Jiu-Jitsu , que o levou a criar e fundar em 1990 a Liga Brasileira de Jiu-Jitsu ( LBJ-J ) com a participa\u00e7\u00e3o de titulares de equipes de 6 estados, participaram ativamente , colocando-a em funcionamento em 1991 com denomina\u00e7\u00e3o 1\u00ba Campeonato Brasileiro de Integra\u00e7\u00e3o Nacional do Jiu-Jitsu ,titulo sugerido na ocasi\u00e3o pelo falecido professor Beto Ferr\u00e3o ?<\/strong><\/span><\/p>\n<p><strong>LIGA BRASILEIRA II<\/strong><br \/>\n<strong>Que a Liga Brasileira foi criada com o intuito de realizar um campeonato anual ,de n\u00edvel nacional, entre equipes e competidores nela registradas , porem via federa\u00e7\u00f5es . A filia\u00e7\u00e3o direta de equipes e competidores na Liga somente seria poss\u00edvel no estado onde n\u00e3o houvesse federa\u00e7\u00e3o .E a cada ano o campeonato brasileiro seria realizado num estado ,at\u00e9 percorrer o Brasil . E assim foi enquanto administrada pelo Mestre Adair ?<\/strong><\/p>\n<p><b>M\u00cdDIA MINEIRA &#8211; Que as noticias da Federa\u00e7\u00e3o, mat\u00e9rias sobre torneio que ira acontecer, resultados de competi\u00e7\u00e3o ,s\u00e3o enviadas aos jornais ,emissoras de TV ,r\u00e1dios, a todos sem exce\u00e7\u00e3o ,n\u00e3o s\u00e3o mais divulgadas&nbsp; por todos&nbsp; estes&nbsp; meios de&nbsp; comunica\u00e7\u00e3o social , um ou outro as vezes&nbsp; permite dar&nbsp; uma pequena&nbsp; noticiada Federa\u00e7\u00e3o ?&nbsp; &nbsp;e que por isso&nbsp; &nbsp;os estor\u00e7as&nbsp; da Federa\u00e7\u00e3o &nbsp;tem se direcionado mais ao seu site e&nbsp; facebooks?&nbsp;&nbsp;<\/b><\/p>\n","protected":false},"excerpt":{"rendered":"<div class=\"mh-excerpt\"><p>&nbsp; &nbsp; &nbsp; &nbsp; &nbsp; &nbsp; &nbsp; &nbsp; &nbsp; &nbsp; &nbsp; &nbsp; &nbsp; &nbsp; &nbsp; &nbsp; &nbsp; &nbsp; &nbsp; &nbsp; &nbsp; &nbsp; &nbsp; &nbsp; &nbsp; <a class=\"mh-excerpt-more\" href=\"https:\/\/jiujitsuminas.com.br\/01\/voce-sabia\" title=\"SE N\u00c3O SABIA, SAIBA ENT\u00c3O  QUE &#8230;\">[&#8230;]<\/a><\/p>\n<\/div>","protected":false},"author":1,"featured_media":0,"parent":0,"menu_order":0,"comment_status":"closed","ping_status":"closed","template":"template-full.php","meta":{"ngg_post_thumbnail":0,"footnotes":""},"class_list":["post-229","page","type-page","status-publish","hentry"],"_links":{"self":[{"href":"https:\/\/jiujitsuminas.com.br\/01\/wp-json\/wp\/v2\/pages\/229","targetHints":{"allow":["GET"]}}],"collection":[{"href":"https:\/\/jiujitsuminas.com.br\/01\/wp-json\/wp\/v2\/pages"}],"about":[{"href":"https:\/\/jiujitsuminas.com.br\/01\/wp-json\/wp\/v2\/types\/page"}],"author":[{"embeddable":true,"href":"https:\/\/jiujitsuminas.com.br\/01\/wp-json\/wp\/v2\/users\/1"}],"replies":[{"embeddable":true,"href":"https:\/\/jiujitsuminas.com.br\/01\/wp-json\/wp\/v2\/comments?post=229"}],"version-history":[{"count":18,"href":"https:\/\/jiujitsuminas.com.br\/01\/wp-json\/wp\/v2\/pages\/229\/revisions"}],"predecessor-version":[{"id":12656,"href":"https:\/\/jiujitsuminas.com.br\/01\/wp-json\/wp\/v2\/pages\/229\/revisions\/12656"}],"wp:attachment":[{"href":"https:\/\/jiujitsuminas.com.br\/01\/wp-json\/wp\/v2\/media?parent=229"}],"curies":[{"name":"wp","href":"https:\/\/api.w.org\/{rel}","templated":true}]}}