{"id":22724,"date":"2024-11-12T14:22:04","date_gmt":"2024-11-12T17:22:04","guid":{"rendered":"https:\/\/jiujitsuminas.com.br\/01\/?page_id=22724"},"modified":"2026-04-29T17:59:41","modified_gmt":"2026-04-29T20:59:41","slug":"home","status":"publish","type":"page","link":"https:\/\/jiujitsuminas.com.br\/01\/","title":{"rendered":"FEDERA\u00c7AO MINEIRA DE JIU-JITSU ( F.M.J-J)"},"content":{"rendered":"<h1 style=\"text-align: center;\"><span style=\"color: #0000ff;\"><strong style=\"color: #0000ff;\">&nbsp; &nbsp; &nbsp; &nbsp; &nbsp; &nbsp; &nbsp; &nbsp; &nbsp; &nbsp; &nbsp; &nbsp; &nbsp; &nbsp;2026&nbsp; &nbsp; &nbsp; &nbsp; &nbsp; &nbsp; &nbsp; &nbsp; &nbsp;<\/strong><\/span><span style=\"color: #0000ff;\"><strong><img loading=\"lazy\" decoding=\"async\" class=\"wp-image-23028 alignright\" src=\"https:\/\/jiujitsuminas.com.br\/01\/wp-content\/uploads\/2025\/01\/a6dde21dcfc2cf023b5647074e231263-300x157.webp\" alt=\"\" width=\"194\" height=\"101\" srcset=\"https:\/\/jiujitsuminas.com.br\/01\/wp-content\/uploads\/2025\/01\/a6dde21dcfc2cf023b5647074e231263-300x157.webp 300w, https:\/\/jiujitsuminas.com.br\/01\/wp-content\/uploads\/2025\/01\/a6dde21dcfc2cf023b5647074e231263-140x73.webp 140w, https:\/\/jiujitsuminas.com.br\/01\/wp-content\/uploads\/2025\/01\/a6dde21dcfc2cf023b5647074e231263-768x401.webp 768w, https:\/\/jiujitsuminas.com.br\/01\/wp-content\/uploads\/2025\/01\/a6dde21dcfc2cf023b5647074e231263.webp 785w\" sizes=\"auto, (max-width: 194px) 100vw, 194px\" \/><\/strong><\/span><\/h1>\n<h1><span style=\"color: #0000ff;\"><strong style=\"color: #0000ff;\"><img loading=\"lazy\" decoding=\"async\" class=\"wp-image-23058 alignleft\" src=\"https:\/\/jiujitsuminas.com.br\/01\/wp-content\/uploads\/2025\/01\/BANDEIRA-FEDFERACAO-300x166-3.jpg\" alt=\"\" width=\"180\" height=\"100\" srcset=\"https:\/\/jiujitsuminas.com.br\/01\/wp-content\/uploads\/2025\/01\/BANDEIRA-FEDFERACAO-300x166-3.jpg 300w, https:\/\/jiujitsuminas.com.br\/01\/wp-content\/uploads\/2025\/01\/BANDEIRA-FEDFERACAO-300x166-3-140x77.jpg 140w\" sizes=\"auto, (max-width: 180px) 100vw, 180px\" \/><\/strong><\/span><\/h1>\n<h2><strong><span style=\"color: #0000ff;\"> FEDERA\u00c7\u00c3O&nbsp; &nbsp;MINEIRA&nbsp; &nbsp;DE&nbsp; &nbsp; &nbsp;JIU- JITSU<\/span>&nbsp; &nbsp; &nbsp; &nbsp; &nbsp; &nbsp; &nbsp; &nbsp; &nbsp; &nbsp; &nbsp; &nbsp; &nbsp; &nbsp; &nbsp; &nbsp; &nbsp; &nbsp; &nbsp; &nbsp; &nbsp; &nbsp;F.M.J-J<\/strong><strong style=\"font-size: 16px;\">&nbsp; &nbsp; &nbsp; &nbsp; &nbsp;&nbsp;<\/strong><\/h2>\n<h5><span style=\"color: #000000;\"><strong>&nbsp;<\/strong><\/span><span style=\"color: #ff0000;\"><span style=\"color: #000000;\">(&nbsp; A FEDERA\u00c7\u00c3O OFICIAL DO JIU- JITSU&nbsp; DO ESTADO DE&nbsp; MINAS&nbsp; GERAIS&nbsp; &nbsp; )&nbsp; &nbsp;<\/span> &nbsp; &nbsp; &nbsp; &nbsp; &nbsp; &nbsp; &nbsp; &nbsp; &nbsp; &nbsp; &nbsp; &nbsp; &nbsp; &nbsp; &nbsp; &nbsp; &nbsp; &nbsp;<\/span><span style=\"color: #ff0000;\">Fundada em 1975. Estatuto Reconhecido e Registrado no Ministerio de Educa\u00e7\u00e3o e Cultura (MEC) e Conselho Nacional de Desportos (CND) em&nbsp; 1976. Registro&nbsp; Etadual: Secretaria de Esportes do Estado de Minas Gerais,&nbsp; Secretaria Municipal de Esportes&nbsp; de BH.<span style=\"color: #0000ff;\">&nbsp; Utldade P\u00fabica Municipal (BH) Lei n\u00ba 3047\/79. Utilidade P\u00fablica Estadual (MG) Lei n\u00aa 24276\/2023.&nbsp; &nbsp; &nbsp; &nbsp; &nbsp; &nbsp; &nbsp; &nbsp; &nbsp; &nbsp; &nbsp; &nbsp; &nbsp; &nbsp; &nbsp; &nbsp; &nbsp; &nbsp; &nbsp; &nbsp; &nbsp; &nbsp; &nbsp; &nbsp; &nbsp; &nbsp; &nbsp; &nbsp; &nbsp; &nbsp; &nbsp; &nbsp; &nbsp; &nbsp; &nbsp; &nbsp; &nbsp; &nbsp; &nbsp; &nbsp; &nbsp; &nbsp; &nbsp; &nbsp; &nbsp; &nbsp; &nbsp; &nbsp; &nbsp; &nbsp; &nbsp; &nbsp; &nbsp; &nbsp; &nbsp; &nbsp; &nbsp; &nbsp; &nbsp; &nbsp; &nbsp; &nbsp; &nbsp; &nbsp; &nbsp; &nbsp; &nbsp; &nbsp; &nbsp; &nbsp; &nbsp; &nbsp; &nbsp; &nbsp; &nbsp; &nbsp; &nbsp; &nbsp; &nbsp; &nbsp; &nbsp; &nbsp; &nbsp; &nbsp; &nbsp; &nbsp; &nbsp; &nbsp; &nbsp; &nbsp; &nbsp; &nbsp; &nbsp; &nbsp; &nbsp; &nbsp; <\/span><\/span><strong style=\"font-size: 16px;\"><span style=\"color: #ff0000;\">SEDE DA F.M.J-J.<\/span>&nbsp; A<\/strong><strong style=\"font-size: 16px;\">tendimento . Avenida A<\/strong><strong style=\"font-size: 16px;\">mazonas 885, 3\u00baandar-conj. 348 &#8211; Centro de BH. CEP 30180 0001&nbsp; &nbsp; &nbsp; &nbsp; &nbsp; &nbsp; &nbsp; &nbsp; &nbsp; &nbsp; &nbsp; &nbsp; &nbsp; &nbsp; &nbsp; &nbsp; &nbsp; &nbsp; &nbsp; &nbsp; &nbsp; &nbsp; &nbsp; &nbsp; &nbsp;Tel. fixo&nbsp; &nbsp;(31) 3224 8979 e <\/strong><strong style=\"font-size: 16px;\">WhatsApp <\/strong><strong style=\"font-size: 16px;\">9 98385 9592.<\/strong><\/h5>\n<h5><strong style=\"font-size: 16px;\">&nbsp; &nbsp; &nbsp; &nbsp; &nbsp; &nbsp; &nbsp; &nbsp; &nbsp; &nbsp; &nbsp; &nbsp; &nbsp; &nbsp; &nbsp; &nbsp; &nbsp; &nbsp; &nbsp; &nbsp; <em>EXPEDINTE&nbsp; &nbsp;NORMAL&nbsp; 2\u00aa,4\u00aa,6\u00aa FEIRA&nbsp; DE 9,30 AS 17.30 HORAS .&nbsp; &nbsp; &nbsp; &nbsp; &nbsp; &nbsp; &nbsp; &nbsp; &nbsp; &nbsp; &nbsp; &nbsp; &nbsp; &nbsp; &nbsp; &nbsp; &nbsp; <\/em><\/strong><em><strong style=\"font-size: 16px;\">&nbsp; &nbsp; &nbsp; &nbsp; &nbsp; &nbsp; &nbsp; &nbsp; &nbsp; &nbsp; &nbsp; &nbsp; &nbsp; &nbsp; &nbsp; &nbsp; &nbsp; &nbsp; &nbsp; &nbsp; &nbsp; &nbsp; &nbsp; &nbsp; &nbsp; &nbsp; &nbsp; &nbsp; &nbsp; &nbsp;EM&nbsp; SEMANA DE&nbsp; EVENTO DE&nbsp; &nbsp;2\u00aa,3\u00aa.4\u00ba,5\u00aa.6\u00aa FEIRA&nbsp; 9.30 as 17,30 horas.<\/strong><\/em><\/h5>\n<h2>&nbsp;<span style=\"color: #ff0000;\">&nbsp; &nbsp; &nbsp; &nbsp; &nbsp; &nbsp; &nbsp; &nbsp; &nbsp; &nbsp; &nbsp; &nbsp; &nbsp; &nbsp; &nbsp; &nbsp; &nbsp; &nbsp; &nbsp;<\/span><\/h2>\n<h2><span style=\"color: #ff0000;\"><span style=\"color: #0000ff;\">&nbsp; &nbsp; &nbsp; &nbsp; &nbsp; &nbsp; &nbsp; &nbsp; &nbsp; &nbsp; &nbsp; &nbsp; &nbsp; &nbsp; &nbsp; &nbsp; &nbsp; &nbsp; &nbsp;<\/span><\/span>&nbsp; &nbsp; <span style=\"color: #ff0000;\">&nbsp; &nbsp; &nbsp; &nbsp; &nbsp; &nbsp; &nbsp;<a href=\"https:\/\/jiujitsuminas.com.br\/01\/inicio\/boletim-iformativo-2\" rel=\"attachment wp-att-17584\"><img loading=\"lazy\" decoding=\"async\" class=\"wp-image-17584 alignleft\" src=\"https:\/\/jiujitsuminas.com.br\/01\/wp-content\/uploads\/2022\/08\/BOLETIM-IFORMATIVO.gif\" alt=\"\" width=\"113\" height=\"132\"><\/a>&nbsp; &nbsp; &nbsp; &nbsp; &nbsp; &nbsp; &nbsp; &nbsp; &nbsp; &nbsp; &nbsp; &nbsp; &nbsp; &nbsp; &nbsp; &nbsp; &nbsp; &nbsp; &nbsp; &nbsp; &nbsp; &nbsp;<strong> &nbsp;<\/strong><\/span><strong style=\"font-size: 16px;\">D<\/strong><span style=\"font-size: 16px;\">IA&nbsp; 09&nbsp; &nbsp;DE&nbsp; &nbsp;M\u00c1IO&nbsp;&nbsp;<\/span><\/h2>\n<h3><a href=\"https:\/\/jiujitsuminas.com.br\/01\/2a-pagina-aconecmento-e-noticias-atuais\/f-preta-at-pre-18-fmjj-2\" rel=\"attachment wp-att-17412\">&nbsp;<\/a><img loading=\"lazy\" decoding=\"async\" class=\"size-medium wp-image-17412 aligncenter\" src=\"https:\/\/jiujitsuminas.com.br\/01\/wp-content\/uploads\/2022\/07\/F-PRETA-AT-PRE-18-FMJJ-300x240.png\" alt=\"\" width=\"300\" height=\"240\" srcset=\"https:\/\/jiujitsuminas.com.br\/01\/wp-content\/uploads\/2022\/07\/F-PRETA-AT-PRE-18-FMJJ-300x240.png 300w, https:\/\/jiujitsuminas.com.br\/01\/wp-content\/uploads\/2022\/07\/F-PRETA-AT-PRE-18-FMJJ-150x120.png 150w, https:\/\/jiujitsuminas.com.br\/01\/wp-content\/uploads\/2022\/07\/F-PRETA-AT-PRE-18-FMJJ.png 500w\" sizes=\"auto, (max-width: 300px) 100vw, 300px\" \/><\/h3>\n<h2>&nbsp; &nbsp; &nbsp; &nbsp; &nbsp; &nbsp; &nbsp; &nbsp; &nbsp; &nbsp; &nbsp; &nbsp; &nbsp; &nbsp; &nbsp; &nbsp; &nbsp; &nbsp; &nbsp; &nbsp; &nbsp; &nbsp; &nbsp; &nbsp; &nbsp; &nbsp; &nbsp; &nbsp; &nbsp; &nbsp; <span style=\"color: #ff0000;\"><strong>&nbsp; DIA&nbsp; 09&nbsp; DE&nbsp; MAIO&nbsp; &#8211; S\u00c1BADO<\/strong><\/span><\/h2>\n<h4><span style=\"color: #ff0000;\">&nbsp;<\/span>&nbsp; &nbsp; &nbsp; &nbsp; &nbsp; &nbsp; &nbsp; &nbsp; &nbsp; &nbsp; &nbsp; &nbsp;<strong><span style=\"font-size: 16px;\">EM&nbsp; 09&nbsp; DE&nbsp; MAIO -S\u00c1BADO , PARTIR DAS 09&nbsp; HORAS.<\/span><\/strong><em style=\"font-size: 16px;\"><strong> &nbsp;NO&nbsp; &nbsp; DOJO DA&nbsp; EQUIPE&nbsp; SANSHIO -CENTRO &#8211; AO&nbsp; LADO DA&nbsp; FEDERA\u00c7A\u00d5<\/strong><\/em><strong style=\"font-size: 16px;\">&nbsp; &nbsp;&gt;&nbsp; &nbsp; &nbsp; &nbsp; &nbsp; &nbsp; &nbsp; &nbsp; &nbsp; EXAMES DE FAIXAS&nbsp; MARRONS&nbsp; PARA&nbsp; FAIXA PRETA ( 2 ANOS DE MASRROS E FAIXA RETA LISA PARA 1\u00ba GAU , 1\u00ba&nbsp; PARA&nbsp; 2\u00aa , P\u00c1RA 3\u00ba ( PROFESSOR), PARA 4\u00aaGRAU , PARA&nbsp; 5\u00ba, PARA 6\u00ba GRAU. S<\/strong><em><span style=\"color: #ff0000;\"><strong>ir de&nbsp; Junho&nbsp; de 2026 o exame para faixa preta ou eleva\u00e7a\u00f5 de grau, o aspirante ,alem da carencia vencida&nbsp; na\u00f5&nbsp; dever\u00e1&nbsp; &nbsp;estar com&nbsp; nenhums&nbsp; anuidade em d\u00e9bto a&nbsp; partir de 06&nbsp; anos antes do exame ou&nbsp; poder\u00e1 ser&nbsp; descontad0 na carencia, e o exame&nbsp; ficar\u00e1 supenso at\u00e9 a possibilidade do&nbsp; &nbsp;acerto.&nbsp; &nbsp; &nbsp;O correto \u00e9 manter as&nbsp; anuiodades&nbsp; sempre quitadas.<\/strong><\/span><\/em><\/h4>\n<h3>&nbsp; &nbsp; &nbsp; &nbsp; &nbsp; &nbsp; &nbsp; &nbsp; &nbsp; &nbsp; &nbsp; &nbsp;<span style=\"color: #0000ff;\"><span style=\"color: #ff0000;\">&nbsp; &nbsp;CONSUTE ANTES&nbsp; !&nbsp;<\/span> &nbsp; &nbsp; &nbsp; INSCRI\u00c7\u00d5ES ABERTAS&nbsp; &nbsp;AT\u00c9&nbsp; 6&nbsp; DE MAIO<\/span><\/h3>\n<h3><span style=\"color: #0000ff;\">&nbsp; &nbsp;<\/span>&nbsp; &nbsp; &nbsp; &nbsp; &nbsp; &nbsp; &nbsp; &nbsp; &nbsp; &nbsp; &nbsp; &nbsp; &nbsp; &nbsp; &nbsp; &nbsp; &nbsp; &nbsp; &nbsp; &nbsp; &nbsp; &nbsp; &nbsp; &nbsp; &nbsp; &nbsp; &nbsp; &nbsp; &nbsp; &nbsp; &nbsp; &nbsp; &nbsp; &nbsp; &nbsp; &nbsp; &nbsp; &nbsp; &nbsp; &nbsp; &nbsp; &nbsp; &nbsp; &nbsp; &nbsp; <strong>FONE 31. 3224 8979&nbsp; &nbsp;e<\/strong><strong style=\"font-size: 16px;\"><span style=\"color: #ff0000;\">&nbsp; &nbsp;98385 9592<\/span><\/strong><\/h3>\n<p>&nbsp; &nbsp; &nbsp;===================================================================================&nbsp; &nbsp;<span style=\"color: #0000ff; font-size: 16px;\">&nbsp;<\/span><span style=\"font-size: 16px;\">&nbsp;<\/span>&nbsp; &nbsp; &nbsp; &nbsp; &nbsp; &nbsp; &nbsp; &nbsp; &nbsp; &nbsp; &nbsp; &nbsp; &nbsp; &nbsp; &nbsp; &nbsp; &nbsp; &nbsp; &nbsp; &nbsp; &nbsp; &nbsp; &nbsp; &nbsp;<span style=\"color: #0000ff; font-size: 16px;\">&nbsp; &nbsp; &nbsp; &nbsp;<strong>&nbsp; &nbsp;<\/strong><\/span><span style=\"color: #0000ff; font-size: 16px;\"><span style=\"color: #333333;\">&nbsp; &nbsp; &nbsp; &nbsp; &nbsp; &nbsp; &nbsp; &nbsp; &nbsp; &nbsp; &nbsp; &nbsp; &nbsp; &nbsp; &nbsp; &nbsp; &nbsp; &nbsp;<\/span><\/span><\/p>\n<h2><strong style=\"font-size: 16px;\">&nbsp; &nbsp; &nbsp; &nbsp; &nbsp; &nbsp; &nbsp; &nbsp; &nbsp; &nbsp;<\/strong><span style=\"font-size: 16px;\">&nbsp; &nbsp; &nbsp; &nbsp; &nbsp; &nbsp; &nbsp; &nbsp; &nbsp; &nbsp; &nbsp; &nbsp; &nbsp; &nbsp; &nbsp; &nbsp; &nbsp; &nbsp; &nbsp; &nbsp; &nbsp; &nbsp; &nbsp; &nbsp; &nbsp; &nbsp; &nbsp; &nbsp; &nbsp; &nbsp; &nbsp; &nbsp; &nbsp; &nbsp; &nbsp;19&nbsp; DE&nbsp; MAIO&nbsp; <strong>&nbsp;&#8211; ULTIMO&nbsp; &nbsp;PRAZO<\/strong><\/span><\/h2>\n<h2><span style=\"font-size: 16px;\"><a href=\"https:\/\/jiujitsuminas.com.br\/01\/home\/cartaz-prata-da-casa\" rel=\"attachment wp-att-23893\"><img loading=\"lazy\" decoding=\"async\" class=\"wp-image-23893 aligncenter\" src=\"https:\/\/jiujitsuminas.com.br\/01\/wp-content\/uploads\/2026\/04\/CARTAZ-PRATA-DA-CASA-212x300.jpg\" alt=\"\" width=\"460\" height=\"651\" srcset=\"https:\/\/jiujitsuminas.com.br\/01\/wp-content\/uploads\/2026\/04\/CARTAZ-PRATA-DA-CASA-212x300.jpg 212w, https:\/\/jiujitsuminas.com.br\/01\/wp-content\/uploads\/2026\/04\/CARTAZ-PRATA-DA-CASA-724x1024.jpg 724w, https:\/\/jiujitsuminas.com.br\/01\/wp-content\/uploads\/2026\/04\/CARTAZ-PRATA-DA-CASA-106x150.jpg 106w, https:\/\/jiujitsuminas.com.br\/01\/wp-content\/uploads\/2026\/04\/CARTAZ-PRATA-DA-CASA-768x1086.jpg 768w, https:\/\/jiujitsuminas.com.br\/01\/wp-content\/uploads\/2026\/04\/CARTAZ-PRATA-DA-CASA-1086x1536.jpg 1086w, https:\/\/jiujitsuminas.com.br\/01\/wp-content\/uploads\/2026\/04\/CARTAZ-PRATA-DA-CASA-1448x2048.jpg 1448w, https:\/\/jiujitsuminas.com.br\/01\/wp-content\/uploads\/2026\/04\/CARTAZ-PRATA-DA-CASA-scaled.jpg 1810w\" sizes=\"auto, (max-width: 460px) 100vw, 460px\" \/><\/a><\/span><\/h2>\n<h2><span style=\"color: #ff0000;\">&nbsp; &nbsp; &nbsp; &nbsp; &nbsp; &nbsp; &nbsp; &nbsp; &nbsp; &nbsp; &nbsp; &nbsp; &nbsp; &nbsp; &nbsp; &nbsp; &nbsp; &nbsp; &nbsp; &nbsp; &nbsp; &nbsp; &nbsp; &nbsp; &nbsp; &nbsp; &nbsp; &nbsp; &nbsp; &nbsp; &nbsp; &nbsp; &nbsp; &nbsp; &nbsp; &nbsp; 2026<\/span><\/h2>\n<h2><strong>&nbsp; &nbsp; &nbsp; &nbsp; &nbsp; &nbsp; &nbsp; &nbsp; &nbsp; &nbsp; &nbsp; &nbsp; &nbsp; &nbsp; &nbsp; <span style=\"font-size: 16px;\">&nbsp;<\/span><\/strong><span style=\"color: #ff0000;\">&nbsp; &nbsp; &nbsp;<\/span><span style=\"color: #0000ff;\">&nbsp; &nbsp;EM&nbsp; 24 DE&nbsp; MAIO <\/span><span style=\"color: #ff0000;\">&nbsp;<\/span><span style=\"color: #ff0000;\">&nbsp;<\/span><span style=\"color: #0000ff;\">NO SESC&nbsp; SANTA LUZIA&nbsp;<\/span><\/h2>\n<h2>&nbsp; &nbsp; &nbsp; &nbsp; &nbsp; &nbsp; &nbsp; &nbsp; &nbsp; &nbsp; &nbsp; &nbsp; &nbsp; &nbsp; &nbsp; &nbsp; &nbsp; &nbsp; &nbsp; &nbsp; &nbsp; 2\u00aa ETAPA&nbsp; DO&nbsp; ESTADUAL&nbsp; 2026<\/h2>\n<h3><span style=\"color: #ff0000;\">&nbsp; 52\u00ba&nbsp; &nbsp;CAMPEONATO&nbsp; ESTADUAL&nbsp; OFICIAL&nbsp; DE&nbsp; JIU- JITSU&nbsp; &nbsp;DO&nbsp; ESTADO DE&nbsp; MINAS&nbsp; GERAIS&nbsp; &nbsp; &nbsp; <\/span><span style=\"color: #ff0000; font-size: 16px;\">&nbsp; &nbsp; &nbsp; &nbsp; &nbsp; &nbsp; &nbsp; &nbsp; &nbsp; &nbsp; &nbsp; &nbsp; &nbsp; &nbsp; &nbsp; &nbsp; &nbsp; &nbsp; &nbsp; &nbsp; &nbsp; &nbsp; &nbsp; &nbsp; &nbsp; &nbsp; &nbsp; &nbsp; &nbsp; &nbsp; &nbsp; &nbsp; &nbsp; &nbsp; &nbsp; &nbsp; &nbsp; &nbsp; &nbsp; &nbsp; &nbsp; &nbsp; &nbsp; &nbsp; &nbsp; &nbsp; &nbsp; &nbsp; &nbsp; &nbsp; &nbsp; &nbsp; &nbsp; &nbsp; &nbsp; &nbsp; &nbsp; &nbsp; <\/span><span style=\"color: #ff0000;\">ENTRADA&nbsp; 01&nbsp; LITRO DE LEITE<\/span><\/h3>\n<h3>&nbsp; &nbsp; &nbsp; &nbsp; &nbsp; &nbsp; &nbsp; &nbsp; &nbsp; &nbsp; &nbsp; &nbsp; &nbsp; &nbsp; &nbsp; &nbsp; &nbsp; &nbsp; &nbsp; &nbsp; &nbsp; &nbsp; &nbsp; &nbsp; &nbsp; &nbsp; <span style=\"color: #0000ff;\">CERIMONIA DE&nbsp; DIPLOMA\u00c7A\u00d5 AS 9 HORAS<\/span><\/h3>\n<h3><span style=\"color: #ff0000;\">&nbsp;&nbsp;<\/span><span style=\"color: #ff0000;\"><span style=\"color: #0000ff;\">&nbsp; &nbsp; &nbsp; &nbsp; &nbsp; &nbsp; &nbsp; &nbsp; &nbsp; &nbsp; &nbsp; &nbsp; &nbsp; &nbsp; &nbsp; &nbsp; &nbsp; &nbsp; &nbsp; &nbsp; &nbsp; &nbsp; &nbsp; &nbsp; &nbsp; &nbsp; &nbsp; &nbsp;<span style=\"color: #ff0000;\">&nbsp;<\/span>I<span style=\"color: #ff0000;\">NICIO DA COMPETI\u00c7\u00c3O&#8230; 09.30&nbsp; HS&nbsp;<\/span> &nbsp; &nbsp; &nbsp; &nbsp; &nbsp; &nbsp; &nbsp; &nbsp; &nbsp; &nbsp; &nbsp; &nbsp; &nbsp; &nbsp; &nbsp; &nbsp; &nbsp; <\/span><\/span><\/h3>\n<h3><strong style=\"color: #ff0000; font-size: 16px;\">&nbsp; &nbsp; &nbsp; &nbsp; &nbsp; &nbsp; &nbsp; &nbsp; &nbsp; &nbsp; &nbsp; &nbsp; &nbsp; &nbsp; &nbsp; &nbsp; &nbsp; &nbsp; &nbsp; &nbsp; &nbsp; &nbsp; &nbsp; &nbsp; &nbsp; &nbsp; &nbsp; &nbsp; &nbsp; &nbsp; &nbsp; &nbsp; &nbsp; &nbsp; &nbsp; &nbsp; &nbsp; &nbsp; &nbsp; &nbsp; &nbsp; &nbsp; &nbsp; -________________________<a href=\"https:\/\/jiujitsuminas.com.br\/01\/home\/territorio-mineiro\" rel=\"attachment wp-att-23544\"><img loading=\"lazy\" decoding=\"async\" class=\"wp-image-23544 alignright\" src=\"https:\/\/jiujitsuminas.com.br\/01\/wp-content\/uploads\/2025\/08\/TERRITORIO-MINEIRO.png\" alt=\"\" width=\"287\" height=\"270\" srcset=\"https:\/\/jiujitsuminas.com.br\/01\/wp-content\/uploads\/2025\/08\/TERRITORIO-MINEIRO.png 204w, https:\/\/jiujitsuminas.com.br\/01\/wp-content\/uploads\/2025\/08\/TERRITORIO-MINEIRO-140x132.png 140w\" sizes=\"auto, (max-width: 287px) 100vw, 287px\" \/><\/a><\/strong><\/h3>\n<h3>&nbsp;&nbsp; &nbsp; &nbsp; EQUIPES MASCULINO E&nbsp; &nbsp; &nbsp;FEMININO<\/h3>\n<h3>&nbsp; &nbsp; &nbsp; &nbsp; &nbsp;MENORES &#8211; TODAS AS FAIXAS,PESOS E GRADUA\u00c7OES.<\/h3>\n<h3><span style=\"color: #ff0000;\">PRE MIRIM<\/span>-4,5,6 ANOS- <span style=\"color: #ff0000;\">FAIXAS BRANCA E AZUL&nbsp; CLARO&nbsp; &nbsp; &nbsp; &nbsp; &nbsp; &nbsp; &nbsp; &nbsp; &nbsp;MIRIM<\/span>..7,8, 9 ANOS &#8211;&nbsp; FAIXAS BRANCA,AZUL CLARO E&nbsp; &nbsp;AMARELA&nbsp; &nbsp; &nbsp; &nbsp; &nbsp; &nbsp; &nbsp; <span style=\"color: #ff0000;\">&nbsp;INFANTIL<\/span>..10,11,12 ANOS &#8211; FAIXAS&nbsp; BRANCA ,&nbsp; &nbsp; &nbsp; &nbsp;AMARELA ,LARANJA&nbsp; &nbsp; &nbsp; &nbsp; <span style=\"color: #ff0000;\">&nbsp;INFANTO JUVENIL<\/span>.13,14,15 ANOS.&nbsp; &nbsp; &nbsp; &nbsp; &nbsp;FAIXAS&nbsp; BRANCA, AMARELA .LARANJA&nbsp; ,VERDE.&nbsp; &nbsp; &nbsp; &nbsp; &nbsp; &nbsp; &nbsp; &nbsp;<span style=\"color: #ff0000;\">&nbsp;jUVENIL<\/span> &#8211; 16 E 17 ANOS&#8230;FAIXAS BRANCA,AMARELA,AZUL,ROXA.<\/h3>\n<h3>&nbsp; <span style=\"color: #ff0000;\">&nbsp;ADULTOS<\/span>&nbsp; &#8211;&nbsp; &nbsp; &nbsp; &nbsp; &nbsp; &nbsp; &nbsp; &nbsp; &nbsp; &nbsp; &nbsp; &nbsp; &nbsp; &nbsp; &nbsp; &nbsp; &nbsp; &nbsp; &nbsp; &nbsp; &nbsp; &nbsp; &nbsp; &nbsp; &nbsp; &nbsp; &nbsp; &nbsp; &nbsp; &nbsp; &nbsp; &nbsp; &nbsp; &nbsp; &nbsp; &nbsp; &nbsp; &nbsp; &nbsp; &nbsp; &nbsp; &nbsp; &nbsp; &nbsp; &nbsp; &nbsp; &nbsp; &nbsp; &nbsp; &nbsp; &nbsp; &nbsp; &nbsp; &nbsp; &nbsp; &nbsp; &nbsp; &nbsp; &nbsp; &nbsp; &nbsp; &nbsp; &nbsp; &nbsp; &nbsp; &nbsp; &nbsp; &nbsp; &nbsp; &nbsp; &nbsp; &nbsp; &nbsp; &nbsp; &nbsp; &nbsp; &nbsp; &nbsp; &nbsp; &nbsp; &nbsp; &nbsp; &nbsp; &nbsp; &nbsp; &nbsp; &nbsp; &nbsp; &nbsp; TODAS AS FAIXAS, PESOS&nbsp; E GRACUA\u00c7\u00d5ES:&nbsp; &nbsp; <span style=\"color: #ff0000;\">&nbsp;ESTREANTES&nbsp;<\/span> &#8211;&nbsp; FAIXAS BRANCA E AMARELAS;&nbsp; &nbsp; <span style=\"color: #ff0000;\">&nbsp; JUNIOR<\/span>&#8211; FAIXA AZUL,ROXA ,MARRON&nbsp; &nbsp;E&nbsp; PRETA.&nbsp; &nbsp; &nbsp; &nbsp;<span style=\"color: #ff0000;\">MASTER<\/span>&nbsp; 1\/6&nbsp; &nbsp; &#8211; A PARTIR DOS 30 ANOS&nbsp; -AZUL ,ROXA, MARON , PRETA;<\/h3>\n<h3><em><span style=\"color: #ff0000;\">EM CASO DE D\u00daVIDAS&nbsp; &nbsp;CONSULTE A&nbsp; &nbsp;FEDERA\u00c7\u00c3O&nbsp; 34427832<\/span><\/em><\/h3>\n<p><span style=\"color: #ff0000;\">&nbsp;<\/span> &nbsp; &nbsp; &nbsp; &nbsp; &nbsp; &nbsp; &nbsp; &nbsp; &nbsp; &nbsp; &nbsp; &nbsp; &nbsp; &nbsp; &nbsp;&nbsp;<\/p>\n<h4><span style=\"color: #0000ff; font-size: 16px;\"><img loading=\"lazy\" decoding=\"async\" class=\"alignleft\" src=\"https:\/\/jiujitsuminas.com.br\/01\/wp-content\/uploads\/2024\/05\/BANDEIRA-FEDFERACAO100x50-1.jpg\" alt=\"inerir na p\u00e1gina\" width=\"183\" height=\"101\"><\/span><\/h4>\n<h3>52\u00aa TA\u00c7A MINAS GERAIS 2026&nbsp; DE JIU-JITSU &#8211;&nbsp; &nbsp;SESC&nbsp; SANTA lUZIA.<\/h3>\n<h3><span style=\"color: #0000ff; font-size: 16px;\"><a href=\"https:\/\/jiujitsuminas.com.br\/01\/inicio\/taca-110x1501\" rel=\"attachment wp-att-15601\"><img loading=\"lazy\" decoding=\"async\" class=\"alignnone wp-image-15601\" src=\"https:\/\/jiujitsuminas.com.br\/01\/wp-content\/uploads\/2021\/11\/Taca-110x1501-1.jpg\" alt=\"\" width=\"183\" height=\"250\"><\/a><a href=\"https:\/\/jiujitsuminas.com.br\/01\/inicio\/novo-logo-governo-de-minas-3\" rel=\"attachment wp-att-15778\"><img loading=\"lazy\" decoding=\"async\" class=\"alignnone wp-image-15778\" src=\"https:\/\/jiujitsuminas.com.br\/01\/wp-content\/uploads\/2021\/11\/NOVO-LOGO-GOVERNO-DE-MINAS-300x166.jpg\" alt=\"\" width=\"195\" height=\"108\" srcset=\"https:\/\/jiujitsuminas.com.br\/01\/wp-content\/uploads\/2021\/11\/NOVO-LOGO-GOVERNO-DE-MINAS-300x166.jpg 300w, https:\/\/jiujitsuminas.com.br\/01\/wp-content\/uploads\/2021\/11\/NOVO-LOGO-GOVERNO-DE-MINAS-150x83.jpg 150w, https:\/\/jiujitsuminas.com.br\/01\/wp-content\/uploads\/2021\/11\/NOVO-LOGO-GOVERNO-DE-MINAS.jpg 349w\" sizes=\"auto, (max-width: 195px) 100vw, 195px\" \/><\/a><a href=\"https:\/\/jiujitsuminas.com.br\/01\/home\/sesc\" rel=\"attachment wp-att-23219\"><img loading=\"lazy\" decoding=\"async\" class=\"alignnone size-full wp-image-23219\" src=\"https:\/\/jiujitsuminas.com.br\/01\/wp-content\/uploads\/2025\/03\/SESC.jpg\" alt=\"\" width=\"148\" height=\"148\" srcset=\"https:\/\/jiujitsuminas.com.br\/01\/wp-content\/uploads\/2025\/03\/SESC.jpg 148w, https:\/\/jiujitsuminas.com.br\/01\/wp-content\/uploads\/2025\/03\/SESC-140x140.jpg 140w\" sizes=\"auto, (max-width: 148px) 100vw, 148px\" \/> &nbsp;&nbsp;&nbsp;&nbsp;<\/a><\/span><\/h3>\n<p>&nbsp; &nbsp; &nbsp; &nbsp; &nbsp; &nbsp; &nbsp; &nbsp; &#8212;&#8212;&#8212;&#8212;&#8212;&#8212;&#8212;&#8212;&#8212;&#8212;&#8212;&#8212;&#8212;&#8212;&#8212;&#8212;&#8212;&#8212;&#8212;&#8212;&#8212;&#8212;&#8212;&#8212;&#8212;&#8212;&#8212;&#8212;&#8212;&#8212;&#8212;&#8212;&#8212;&#8212;&#8212;&#8212;&#8212;&#8212;&#8212;&#8212;&#8212;&nbsp; &nbsp; &nbsp; &nbsp;&nbsp;<span style=\"color: #0000ff;\"> &nbsp; &nbsp; &nbsp; &nbsp;&nbsp;<\/span><\/p>\n<h2><span style=\"color: #0000ff; font-size: 16px;\">&nbsp;<\/span><span style=\"color: #0000ff; font-size: 16px;\">&nbsp; &nbsp; &nbsp; &nbsp; &nbsp; &nbsp; TAXAS&nbsp; &nbsp;DA&nbsp; 2\u00aa&nbsp; ETAPA DO&nbsp; &nbsp;ESTADUAL&nbsp; EM 24&nbsp; DE MAIO\/2026<\/span><\/h2>\n<h3><span style=\"color: #0000ff;\">&nbsp; &nbsp; &nbsp; &nbsp; &nbsp; <\/span>&nbsp; &#8211;<strong>LOTE &#8211;&nbsp;<\/strong> PERIODO &#8211; MENORES &#8211; ADULTOS&nbsp; \/&nbsp; &nbsp; &nbsp;MENORES &#8211;&nbsp; ADULTOS <span style=\"font-size: 16px;\">&nbsp;<\/span><\/h3>\n<h3><span style=\"font-size: 16px;\">&nbsp; &nbsp; &nbsp; &nbsp; &nbsp; &nbsp; &nbsp; &nbsp; &nbsp; &nbsp; &nbsp; &nbsp; &nbsp; &nbsp; &nbsp; &nbsp; &nbsp; &nbsp; &nbsp; &nbsp; &nbsp; &nbsp; &nbsp; &nbsp; &nbsp; FEDERADOS<\/span><span style=\"font-size: 16px;\">&nbsp; &nbsp; &nbsp; &nbsp; &nbsp; &nbsp; &nbsp; &nbsp; &nbsp; &nbsp; &nbsp; &nbsp; &nbsp; &nbsp; &nbsp; &nbsp; &nbsp; &nbsp; &nbsp;.&nbsp; &nbsp; &nbsp; N\u00c3O&nbsp; &nbsp;FEDER ADOS&nbsp; &nbsp; &nbsp; &nbsp; &nbsp; &nbsp; &nbsp; &nbsp; &nbsp; &nbsp; &nbsp; &nbsp; &nbsp; &nbsp; &nbsp; &nbsp; &nbsp; &nbsp; &nbsp; &nbsp; &nbsp; &nbsp; &nbsp; &nbsp; &nbsp; &nbsp; &nbsp; &nbsp; &nbsp; &nbsp; &nbsp; &nbsp; &nbsp; &nbsp; &nbsp; &nbsp; &nbsp; &nbsp; &nbsp; &nbsp; &nbsp; &nbsp; &nbsp; &nbsp; &nbsp; &nbsp; &nbsp; &nbsp; &nbsp; &nbsp; &nbsp; &nbsp; &nbsp; &nbsp;ores&nbsp; &nbsp; &nbsp; &nbsp; &nbsp;maiores&nbsp; &nbsp; &#8211;&nbsp; &nbsp; &nbsp; &nbsp; &nbsp; &nbsp; &nbsp; &nbsp; &nbsp; &nbsp; &nbsp; &nbsp; &nbsp; &nbsp; &nbsp; &nbsp; &nbsp;menores&nbsp; &nbsp; maiores&nbsp; &nbsp; &nbsp; &nbsp; &nbsp; &nbsp; &nbsp; &nbsp; &nbsp; &nbsp; &nbsp; &nbsp; &nbsp; &nbsp; &nbsp; &nbsp; &nbsp; &nbsp; &nbsp; &nbsp; &nbsp; &nbsp; &nbsp; &nbsp; &nbsp; &nbsp; &nbsp; &nbsp; &nbsp; &nbsp; &nbsp; &nbsp; &nbsp; &nbsp; &nbsp; &nbsp; &nbsp; &nbsp; &nbsp; &nbsp; &nbsp; &nbsp; &nbsp; &nbsp; &nbsp; 1&nbsp; &nbsp; &nbsp; &nbsp; &nbsp; &nbsp;27\/4 a&nbsp; 1\/5 &#8211;&nbsp; 100,00&nbsp; &nbsp;\/&nbsp; &nbsp; 110,00&nbsp; &nbsp; &nbsp; &nbsp; &nbsp; &nbsp; &nbsp; &nbsp; &nbsp; 110,00&nbsp; &nbsp;\/&nbsp; &nbsp; 120,0o<\/span><span style=\"font-size: 16px; font-weight: 400;\">&nbsp;<\/span><span style=\"font-size: 16px; font-weight: 400;\">&nbsp; &nbsp; &nbsp; &nbsp; &nbsp; &nbsp; &nbsp; &nbsp; &nbsp; &nbsp; &nbsp; &nbsp; &nbsp; &nbsp; &nbsp; &nbsp; &nbsp; &nbsp; &nbsp; &nbsp; &nbsp; &nbsp; &nbsp; &nbsp; &nbsp; &nbsp; &nbsp; &nbsp; &nbsp; &nbsp; &nbsp; &nbsp; &nbsp; &nbsp; &nbsp; &nbsp; &nbsp; &nbsp; &nbsp; &nbsp; &nbsp; &nbsp; &nbsp; &nbsp; &nbsp; &nbsp; &nbsp; &nbsp;<\/span><strong style=\"font-size: 16px;\">2&nbsp; &nbsp; &nbsp; &nbsp; &nbsp; 04\/05 a-8\/5 -110,00&nbsp; \/&nbsp; &nbsp;130.00&nbsp; &#8230;.&nbsp; &nbsp; &nbsp; &nbsp; &nbsp; &nbsp; &nbsp;130.00&nbsp; \/ &nbsp; &nbsp; 150.00&nbsp; &nbsp; &nbsp; &nbsp; &nbsp; &nbsp; &nbsp; &nbsp; &nbsp; &nbsp; &nbsp; &nbsp; &nbsp; &nbsp; &nbsp; &nbsp; &nbsp; &nbsp; &nbsp; &nbsp; &nbsp; &nbsp; &nbsp; &nbsp; &nbsp; &nbsp; &nbsp; &nbsp; &nbsp; &nbsp; &nbsp; &nbsp; &nbsp; &nbsp; &nbsp; &nbsp; &nbsp; &nbsp; &nbsp; &nbsp; &nbsp; &nbsp; <\/strong><strong style=\"font-size: 16px;\">&nbsp; &nbsp; &nbsp;3&nbsp; &nbsp; &nbsp; &nbsp; &nbsp;011\/5&nbsp; a 15\/05&nbsp; &nbsp; &nbsp;120,00&nbsp; \/ 150.00&nbsp; &nbsp; &nbsp; &nbsp; &nbsp; &nbsp; &nbsp; &nbsp; &nbsp; &nbsp;1 50.00&nbsp; \/&nbsp; &nbsp; 170.00<\/strong><\/h3>\n<h3><span style=\"font-size: 16px;\">&nbsp; &nbsp; &nbsp; &nbsp; &nbsp; &nbsp; &nbsp;&#8212;&#8212;&#8212;&#8212;&#8212;&#8212;&#8212;&#8212;&#8212;&#8212;&#8212;&#8212;&#8212;&#8212;&#8212;&#8212;&#8212;&#8212;&#8212;&#8212;&#8212;&#8212;&#8212;&#8212;&#8212;&#8212;&#8212;&#8212;&#8212;&#8212;&#8212;&#8212;&#8212;&#8212;&#8212;&#8212;&#8212;&#8212;&#8212;&#8212;&#8212;-<\/span><span style=\"font-weight: 400;\">&nbsp; &nbsp; &nbsp; &nbsp; &nbsp;<strong>&nbsp; &nbsp; &nbsp; &nbsp; &nbsp; &nbsp; &nbsp; &nbsp;&nbsp;<\/strong><\/span><strong style=\"font-size: 16px;\">&nbsp; &nbsp; &nbsp; &nbsp; &nbsp; &nbsp; &nbsp; &nbsp; &nbsp; &nbsp; &nbsp; &nbsp; &nbsp; &nbsp; &nbsp; &nbsp; &nbsp; &nbsp; &nbsp; &nbsp; &nbsp; &nbsp; &nbsp; &nbsp; &nbsp; &nbsp; &nbsp; &nbsp; &nbsp; &nbsp; &nbsp; &nbsp; &nbsp; &nbsp; &nbsp; &nbsp;&nbsp;<\/strong><\/h3>\n<p>&nbsp; &nbsp; &nbsp; &nbsp; &nbsp; &nbsp; &nbsp; &nbsp; &nbsp; &nbsp; &nbsp; &nbsp; &nbsp; &nbsp; &nbsp; &nbsp; &nbsp; &nbsp; &nbsp; &nbsp; &nbsp;&nbsp;<\/p>\n<h3><span style=\"color: #0000ff; font-size: 16px;\"><a href=\"https:\/\/jiujitsuminas.com.br\/01\/home\/sesc\" rel=\"attachment wp-att-23219\">&nbsp; &nbsp;<\/a><\/span><\/h3>\n<ul>\n<li style=\"list-style-type: none;\">\n<ul>\n<li style=\"list-style-type: none;\">\n<ul>\n<li style=\"list-style-type: none;\">\n<ul>\n<li style=\"list-style-type: none;\">\n<ul>\n<li style=\"list-style-type: none;\">\n<ul>\n<li>\n<h2><a href=\"https:\/\/jiujitsuminas.com.br\/01\/inicio\/boletim-iformativo-2\" rel=\"attachment wp-att-17584\"><img loading=\"lazy\" decoding=\"async\" class=\"alignnone size-full wp-image-17584\" src=\"https:\/\/jiujitsuminas.com.br\/01\/wp-content\/uploads\/2022\/08\/BOLETIM-IFORMATIVO.gif\" alt=\"\" width=\"116\" height=\"136\"><\/a><span style=\"color: #ff0000;\">CI<em>RCULAR&nbsp; DE&nbsp; CONVITE&nbsp; PARA A 2\u00aa ETAPA&nbsp; &nbsp;DO&nbsp; &nbsp;52\u00ba&nbsp; &nbsp; &nbsp;CAMPEONATO&nbsp; ESTADUAL DE JIU-JITSU &#8211;&nbsp; EM 24\/MAIO\/2026<\/em><\/span><\/h2>\n<h3>&nbsp; &nbsp; &nbsp; &nbsp; &nbsp;&nbsp;<strong>FAIXAS E PESOS-&nbsp;<em>MENORES&nbsp; Masculino e Feminio:&nbsp;<\/em>Pr\u00e9 Mirim<em> 4,5,6 anos -faixas branca e&nbsp; azul claro .&nbsp; &nbsp; &nbsp; &nbsp; &nbsp; &nbsp; MIRIM<\/em><em>&nbsp;7,8 e 9 anos &#8211; faixas branca,azul claro,amarela.&nbsp;<\/em>INFANTIL-<em>&nbsp; 10,11,12 anos. Faixas branca,amarela,laranja. INFANTO JUVENIL&nbsp; &#8211;<\/em>&nbsp;&nbsp;<em>13,14,15 anos&nbsp; Faixas branca,amarela,laranja,verde.<\/em>&nbsp; &nbsp; JUVENIL-l&nbsp; <em>16 e 17 anos ,&nbsp;<\/em>Faixas<em>&nbsp; branca,amarela,azul e roxa .&nbsp; &nbsp; &nbsp; &nbsp; &nbsp; &nbsp; &nbsp; &nbsp; &nbsp; &nbsp; &nbsp; &nbsp; &nbsp; &nbsp;<\/em>ADULTOS : MASCULINO E FEMININO-&nbsp; &nbsp; &nbsp; &nbsp; &nbsp; &nbsp; &nbsp; &nbsp; &nbsp; &nbsp; &nbsp; &nbsp; &nbsp; &nbsp; &nbsp; &nbsp; &nbsp; &nbsp; &nbsp; &nbsp; &nbsp; &nbsp; &nbsp; &nbsp; &nbsp; &nbsp; &nbsp; &nbsp; &nbsp; &nbsp; &nbsp; &nbsp; &nbsp; &nbsp; &nbsp; &nbsp; &nbsp; &nbsp; &nbsp; &nbsp; &nbsp; &nbsp; &nbsp; Estreantes: <em>faixa&nbsp; branca e amarela ,&nbsp; &nbsp; &nbsp; &nbsp; &nbsp; &nbsp; &nbsp; &nbsp; &nbsp; &nbsp; &nbsp; JUNIOR<\/em>J&nbsp; &nbsp;&#8211;<em>azul,roxa,marrom, preta.&nbsp; &nbsp; &nbsp; &nbsp; &nbsp; &nbsp; &nbsp; PRETA <\/em>MASTER &#8211;&nbsp; 1 a 6 (30 anos em&nbsp; diante)- Todas as categorias de idade ,faixa,peso e gradua\u00e7\u00e2o.&nbsp;&nbsp;<\/strong><\/h3>\n<h3 class=\"western\"><b><span style=\"color: #0000ff;\">. PREMIA\u00c7\u00c3O OLIMPICA E PADRONIZADA DA F.M.J-J<\/span>: TROFEUS ouro, prata e bronze; MEDALHAS ouro, prata e bronze.&nbsp; ABSOLUTO- Chave com um m\u00ednimo de 08(oito) competidores.o<\/b><b style=\"font-size: 16px;\">brigat\u00f3rio a participa\u00e7\u00e3o no esportivo.<\/b><\/h3>\n<h3 class=\"western\"><span style=\"font-size: large;\"><b>Inscri\u00e7\u00f5es, filia\u00e7\u00f5es, renova\u00e7\u00f5es, reintegra\u00e7\u00f5es <\/b><\/span><b> <\/b><\/h3>\n<p class=\"western\"><b>TODOS OS FEDERADOS-Dever\u00e3o estar de posse da credencial 2026&nbsp; e o escudo da sua equipe no lado direito do quimono.&nbsp; &nbsp; &nbsp; &nbsp; &nbsp;DEVER -obriga-se a portar a carteira 2026 e o escudo da F.M.J-J.;&nbsp; &nbsp; &nbsp;O CONVIDADO9 por at\u00e9 \u00b43 veses &#8211; depois somente se federado&nbsp; . O&nbsp; CONVIDADOO &#8211; obriga-se a portar o escudo (nome) da sua equipe para evitar n\u00e3o confundir a <\/b>arbitragem<b>&nbsp;na pontua\u00e7\u00e3o. No kimono deve constar somente o nome da sua equipe.&nbsp;<\/b><\/p>\n<p class=\"western\"><b>PESO E DESCLASSIFICA\u00c7\u00c3O: O competidor&nbsp; deve ser pesado de kimono&nbsp; antes&nbsp; de entrar do dojo&nbsp; para lutar. Ser\u00e1 desclassificado&nbsp; se estiver&nbsp; &nbsp;acima do peso&nbsp; e&nbsp; categoria&nbsp; que foi inscrito.&nbsp; &nbsp;<\/b><\/p>\n<p class=\"western\"><b>KIMONO E AS FAIXAS. O kimomo do jiu-jitsu \u00e9 inteiramente&nbsp; branco, azul ou preta e n\u00e3o comporta nada que o modifique.&nbsp;<\/b><\/p>\n<p class=\"western\"><b>AS FAIXAS&nbsp; s\u00e3o de cor pura e conforme a idade do&nbsp; competidor e n\u00e3o comporta outras&nbsp; cores; MENORES: faixa&nbsp; inteiramente branca, cinza,, azul claro, amarela, laranja, verde, azul e roxa. ADULTOS &#8211; branca, amarela, azul, roxa, marrom, preta. Nenhuma&nbsp; faixa suporta&nbsp; uma tarja de fora a fora. Em caso&nbsp; de esquivoco&nbsp; ou desconhecimento&nbsp; confira no&nbsp; site da Federa\u00e7\u00e3o, que segue&nbsp; a norma correta sem nenhuma modifica\u00e7\u00e3o. A faixa errada pode retirar pontos ou desclassificar.<\/b><\/p>\n<p class=\"western\"><span style=\"font-size: large;\"><b>Todos os que est\u00e3o competindo sob&nbsp; a&nbsp; Bandeira da F.M.J-J&nbsp; devem seguir as determina\u00e7\u00f5es dela.&nbsp;<\/b><\/span><\/p>\n<p class=\"western\"><b>DEPOSITOS:&nbsp; Na Conta da Federa\u00e7\u00e3o Mineira de Jiu-J\u00edtsu &#8211; Banco Ita\u00fa \u2013 conta n\u00ba 00519-3, agencia 3158- <\/b><i><b>PIX<\/b><\/i><b>\/CNPJ: 18.799.635.0001-66. &nbsp;Enviar comprovante&nbsp; do dep\u00f3sito feito na boca do caixa para Federa\u00e7\u00e3o. Evitar&nbsp; pequenos dep\u00f3sitos, separados e constantes. M\u00e1ximo de cinco(05) dep\u00f3sitos por equipe.<\/b> <b>Ao quitar sua inscri\u00e7\u00e3o o competidor poder\u00e1 se considerar&nbsp; de fato inscrito<\/b><i><b>. Inscreva&nbsp; os nomes dos participantes da sua equipe com anteced\u00eancia&nbsp; e&nbsp; n\u00e3o&nbsp; escreva em qualquer peda\u00e7o de papel, mas somente&nbsp; no impresso da Federa\u00e7\u00e3o e sem rasuras. Se n\u00e3o tiver&nbsp; papel pr\u00f3prio, pe\u00e7a a Federa\u00e7\u00e3o. Tudo fica&nbsp; arquivado. Em caso de d\u00favidas informe-se.<\/b><\/i><\/p>\n<p class=\"western\"><b>CHAVE DE CONSENSO \u00e9 importante para facilitar a montagem de chave sem advers\u00e1rio. Permitido&nbsp; um &nbsp;peso acima ou abaixo; idade, faixa ou &nbsp;categoria. Lutar na chave de consenso agora&nbsp; concede&nbsp; medalhas de ouro, prata&nbsp; breonze e marca pontos para lutadores. O que n\u00e3o aceitar a chave de consenso seu competidor pode&nbsp; ficar sem lutar, recebe a medalha mas n\u00e3o&nbsp; ganha&nbsp; pontos.<\/b><\/p>\n<p class=\"western\"><b>ROTEIRO:&nbsp; Quando h\u00e1 diploma\u00e7\u00f5es&nbsp; inicia as&nbsp; 09horas, com&nbsp; Hino de Minas Gerais, seguindo&nbsp; a diploma\u00e7\u00e3o oficial dos novos&nbsp; faixas pretas lisas e graduados;&nbsp; As 10hs&nbsp; Hino Nacional e inicio das competi\u00e7\u00f5es. Quando n\u00e3o ha diploma\u00e7\u00e3o e nada antes da competi\u00e7\u00e3o&nbsp; deve iniciar as 09h30.&nbsp; &nbsp; &nbsp; &nbsp; &nbsp; &nbsp; &nbsp; &nbsp; &nbsp; Os&nbsp; hinos&nbsp; &nbsp;s\u00e3o&nbsp; obrigat\u00f3rios .<\/b><\/p>\n<p class=\"western\"><i><b><span style=\"color: #000000;\">A Federa\u00e7\u00e3o antecipa os agradecimentos pela presen\u00e7a&nbsp; das&nbsp;&nbsp;equipes e seus competidores, do corpo arbitral, dos&nbsp;&nbsp;auxiliares, dos fieis acompanhantes da entidade onde quer que ela realize&nbsp; as etapas do estadual&nbsp; mineiro de jiu-jits<\/span>u<\/b><\/i><b>.&nbsp;<\/b><\/p>\n<p class=\"western\"><b>Atendimento e esclarecimentos. Avenida Amazonas 885, 3\u00baandar conj. 348 &#8211; Centro. CEP 30180-000. Tel\/WhatsApp&nbsp; (31) 3224 8979.<\/b><\/p>\n<p class=\"western\"><b>Antecipados agradecimentos pela presen\u00e7a e participa\u00e7\u00e3o<\/b><\/p>\n<\/li>\n<\/ul>\n<\/li>\n<li>&nbsp;<\/li>\n<li>\n<h3><em><strong style=\"font-size: 16px;\">TE, EM VENDA NOVA &#8211; RUA LUIS&nbsp; &nbsp; FERREIRA DE ARAU,98&nbsp; &nbsp; &nbsp; &nbsp; &nbsp; &nbsp; &nbsp; &nbsp; &nbsp; &nbsp; &nbsp; &nbsp; TITULAR&nbsp; &nbsp; DE&nbsp; EQUIP\u00c9 ISENTO&nbsp; DA TAXA.<\/strong><\/em><\/h3>\n<h4><span style=\"color: #ff0000;\">\u00c9&nbsp; IMPORTANTE&nbsp; PARA O FAIXA PRETA SER \u00c1RBITRO&nbsp; &nbsp;E&nbsp; &nbsp; &nbsp; &nbsp; &nbsp; &nbsp; &nbsp; &nbsp; &nbsp; &nbsp; &nbsp; &nbsp; &nbsp; &nbsp; &nbsp; &nbsp;<\/span><span style=\"color: #ff0000;\">&nbsp; &nbsp; &nbsp; &nbsp; &nbsp; &nbsp; &nbsp; &nbsp; &nbsp; &nbsp; &nbsp; ACOMPANHAR&nbsp; OS CURSOS DE ATUALIZA\u00c7\u00d4ES&nbsp; DA FEDERA\u00c7A\u00d5.&nbsp;<\/span><\/h4>\n<h2><span style=\"color: #ff0000;\">&nbsp; &nbsp; &nbsp; &nbsp; &nbsp; &nbsp;&nbsp; &nbsp; &nbsp; &nbsp; &nbsp; &nbsp; &nbsp; &nbsp; &nbsp; &nbsp; &nbsp; &nbsp; &nbsp; &nbsp; &nbsp; &nbsp; &nbsp; &nbsp; &nbsp; &nbsp; &nbsp; &nbsp;<\/span><\/h2>\n<\/li>\n<\/ul>\n<\/li>\n<\/ul>\n<\/li>\n<li>\n<ul>\n<li>\n<h2><span style=\"color: #ff0000;\"><span style=\"color: #0000ff;\">CURSO ARBITRAL&nbsp; &nbsp; &nbsp; &nbsp; &nbsp; &nbsp; &nbsp; &nbsp; &nbsp; &nbsp; &nbsp; &nbsp; &nbsp; &nbsp; &nbsp; &nbsp; &nbsp; &nbsp; &nbsp; &nbsp; &nbsp; &nbsp; &nbsp; &nbsp; &nbsp; &nbsp; &nbsp; &nbsp; &nbsp; &nbsp; &nbsp; &nbsp; &nbsp; &nbsp; &nbsp; &nbsp; &nbsp; <span style=\"color: #000000;\">&nbsp; de<\/span><\/span><\/span><span style=\"color: #ff0000;\"><span style=\"color: #000000;\">&nbsp; Abril&nbsp; transferido para 20 de&nbsp; Junho<\/span><\/span><\/h2>\n<p>&nbsp;<\/p>\n<h2><img decoding=\"async\" class=\"aligncenter\" src=\"https:\/\/jiujitsuminas.com.br\/01\/wp-content\/uploads\/2025\/01\/JVN9L-FEMININO-2012-300x200.jpg\"><\/h2>\n<h3><strong style=\"font-size: 16px;\">&nbsp;CURSO&nbsp; ARBITRAL PARA FAIXAS MARRONS ,PRETAS&nbsp; E GRADUADOS &#8211;&nbsp; &nbsp; &nbsp;R$100,00&nbsp; &nbsp; &nbsp; &nbsp; &nbsp; &nbsp; &nbsp; &nbsp; NO&nbsp; DOJO&nbsp; DA&nbsp; EQUIPE<\/strong><em><strong style=\"font-size: 16px;\">&nbsp; ESTRELA&nbsp; DO ORIENTE, EM VENDA NOVA &#8211; RUA LUIS&nbsp; &nbsp; FERREIRA DE ARAU,98&nbsp; &nbsp; &nbsp; &nbsp; &nbsp; &nbsp; &nbsp; &nbsp; &nbsp; &nbsp; &nbsp; &nbsp; TITULAR&nbsp; &nbsp; DE&nbsp; EQUIP\u00c9 ISENTO&nbsp; DA TAXA.<\/strong><\/em><\/h3>\n<h4><span style=\"color: #ff0000;\">\u00c9&nbsp; IMPORTANTE&nbsp; PARA O FAIXA PRETA SER \u00c1RBITRO&nbsp; &nbsp;E&nbsp; ACOMPANHAR OS CURSOS<\/span><\/h4>\n<h3>&nbsp;<\/h3>\n<h4><span style=\"color: #ff0000;\">&#8212;&#8212;&#8212;&#8212;&#8212;&#8212;&#8212;&#8212;&#8212;&#8212;&#8212;&#8212;&#8212;&#8212;&#8212;&#8212;&#8212;&#8212;&#8212;&#8212;&#8212;&#8212;&#8212;&#8212;&#8212;&#8212;&#8212;&#8211;&nbsp; &nbsp; &nbsp; &nbsp; &nbsp; &nbsp; &nbsp; &nbsp; &nbsp; &nbsp; &nbsp; &nbsp; &nbsp; <\/span><span style=\"color: #ff0000;\">&nbsp; &nbsp; &nbsp; &nbsp; &nbsp; &nbsp; &nbsp; <\/span><\/h4>\n<\/li>\n<li style=\"list-style-type: none;\">&nbsp; &nbsp; &nbsp; &nbsp; &nbsp; &nbsp; &nbsp; &nbsp; &nbsp; &nbsp; &nbsp; &nbsp; &nbsp; &nbsp; &nbsp; &nbsp; &nbsp; &nbsp; &nbsp; &nbsp; &nbsp; &nbsp;&nbsp; &nbsp; &nbsp; &nbsp;&nbsp;<strong>&nbsp; &nbsp; &nbsp; <\/strong><strong>&nbsp;&nbsp;<\/strong><span style=\"color: #0000ff; font-size: 16px;\">&nbsp; &nbsp; &nbsp; &nbsp; &nbsp; &nbsp; &nbsp; &nbsp; &nbsp; &nbsp;&nbsp;<\/span><span style=\"color: #0000ff; font-size: 16px;\"> &nbsp; &nbsp;<\/span>&nbsp; &nbsp; &nbsp; &nbsp; &nbsp; &nbsp; &nbsp; &nbsp; &nbsp; &nbsp; &nbsp;<span style=\"color: #0000ff; font-size: 16px;\">&nbsp; &nbsp; <\/span><span style=\"color: #0000ff; font-size: 16px;\">&nbsp; &nbsp; &nbsp; &nbsp; &nbsp; &nbsp; &nbsp;&nbsp;<\/span>&nbsp; &nbsp; &nbsp; &nbsp; &nbsp; &nbsp; &nbsp; &nbsp; &nbsp; &nbsp; &nbsp; &nbsp; &nbsp; &nbsp; &nbsp; &nbsp; &nbsp; &nbsp; &nbsp; &nbsp; &nbsp; &nbsp; &nbsp; &nbsp; &nbsp; &nbsp; &nbsp;<\/li>\n<\/ul>\n<\/li>\n<\/ul>\n<\/li>\n<\/ul>\n<\/li>\n<\/ul>\n<h2><span style=\"color: #0000ff; font-size: 16px;\"><img loading=\"lazy\" decoding=\"async\" class=\"alignleft\" src=\"https:\/\/jiujitsuminas.com.br\/01\/wp-content\/uploads\/2024\/05\/BANDEIRA-FEDFERACAO100x50-1.jpg\" alt=\"inerir na p\u00e1gina\" width=\"160\" height=\"88\"><\/span><\/h2>\n<h3>&nbsp; &nbsp; &nbsp; &nbsp; &nbsp; &nbsp; &nbsp; &nbsp; &nbsp;<span style=\"font-size: medium;\"><span style=\"font-family: Arial Black, sans-serif;\"><span style=\"font-size: x-large;\"><b>FEDERA\u00c7\u00c3O MINEIRA DE JIU-JITSU \u2013&nbsp; &nbsp; &nbsp; &nbsp; &nbsp; &nbsp; &nbsp; &nbsp; &nbsp; &nbsp; &nbsp; &nbsp; &nbsp; &nbsp; &nbsp; &nbsp; &nbsp; &nbsp; &nbsp; &nbsp; &nbsp; &nbsp; &nbsp; &nbsp; &nbsp; &nbsp; &nbsp; &nbsp; &nbsp; &nbsp; &nbsp; &nbsp; &nbsp; &nbsp; F.M.J-J&nbsp; &nbsp; &nbsp;<\/b><\/span><\/span><\/span><\/h3>\n<h3><span style=\"font-size: medium;\"><span style=\"font-family: Arial, sans-serif;\"><i><b>ENTIDADE REGIONAL DE ADMINISTRA\u00c7\u00c3O DE DESPORTO. REPRESENTATIVA DO JIU-JITSU EM MINAS GERAIS.&nbsp; &nbsp; &nbsp; &nbsp; &nbsp; &nbsp; &nbsp; &nbsp; &nbsp; &nbsp; &nbsp; <\/b><\/i><\/span><\/span><span style=\"font-family: Arial, sans-serif;\"><b>Reconhecida pelo Minist\u00e9rio de Educa\u00e7\u00e3o e Cultura (MEC)) em 1976- Entidade Esportiva de Utilidade P\u00fablica Estaduall sob Lei 24276\/2023 e Municipa (BH) Lei&nbsp; 3094\/1979.<\/b><\/span><span style=\"font-family: Arial, sans-serif;\"><span style=\"font-size: small;\"><b>&nbsp; &nbsp;<\/b><\/span><\/span><span style=\"font-family: Arial Black, sans-serif;\"><b> BELO HORIZONTE \u2013 MINAS GERAIS<\/b><\/span><\/h3>\n<h2 class=\"western\" align=\"center\"><span style=\"font-size: medium;\"><span style=\"font-family: Georgia, serif;\"><span style=\"font-size: large;\"><b>52\u00aa TA\u00c7A MINAS GERAIS .&nbsp; &nbsp;&nbsp;<\/b><\/span><\/span><span style=\"color: #002060;\"><span style=\"font-family: Georgia, serif;\"><b> 52\u00ba <\/b><\/span><\/span><span style=\"font-family: Georgia, serif;\"><b>CAMPEONATO ESTADUAL MINEIRO DE JIU-JITSU <\/b><\/span><span style=\"font-family: Georgia, serif;\"><span style=\"font-size: large;\"><b> &#8211; <\/b><\/span><\/span><\/span><\/h2>\n<h2 class=\"western\" align=\"center\"><span style=\"color: #002060;\"><span style=\"font-family: Georgia, serif;\"><span style=\"font-size: large;\"><b>CALENDARIO&nbsp; &nbsp; &nbsp;ESPORTIVO&nbsp; &nbsp; OFICIAL&nbsp; &nbsp; ANO 2026<\/b><\/span><\/span><\/span><\/h2>\n<table width=\"926\" cellspacing=\"0\" cellpadding=\"5\">\n<tbody>\n<tr valign=\"top\">\n<td bgcolor=\"#333399\" width=\"112\" height=\"19\">\n<h2 class=\"western\" lang=\"es-ES-u-co-trad\"><span style=\"font-size: large;\">MES<\/span><\/h2>\n<\/td>\n<td bgcolor=\"#ccffcc\" width=\"56\">\n<p class=\"western\"><span style=\"font-size: large;\"><b>DATA<\/b><\/span><\/p>\n<\/td>\n<td width=\"85\">\n<p class=\"western\"><span style=\"font-size: medium;\"><span style=\"font-size: large;\"><b>DIA <\/b><\/span><\/span><\/p>\n<\/td>\n<td width=\"292\">\n<p class=\"western\"><span style=\"font-size: medium;\"><span style=\"font-size: large;\"><b>EVENTO 52\u00aa TA\u00c7A MG4<\/b><\/span><\/span><\/p>\n<\/td>\n<td bgcolor=\"#ccffcc\" width=\"152\">\n<p class=\"western\"><span style=\"font-size: large;\"><b>TITULADO<\/b><\/span><\/p>\n<\/td>\n<td width=\"167\">\n<p class=\"western\"><span style=\"font-size: medium;\"><span style=\"font-size: large;\"><b>LOCAL \/ CIDADE<\/b><\/span><\/span><\/p>\n<\/td>\n<\/tr>\n<tr valign=\"top\">\n<td bgcolor=\"#333399\" width=\"112\" height=\"13\">\n<h2 class=\"western\"><span style=\"font-size: large; color: #ffff00;\"><span lang=\"es-ES-u-co-trad\"><b>MAR\u00c7O<\/b><\/span><\/span><\/h2>\n<\/td>\n<td bgcolor=\"#ccffcc\" width=\"56\">\n<p class=\"western\" lang=\"es-ES-u-co-trad\"><span style=\"font-size: large;\"><b>8&nbsp; OK<\/b><\/span><\/p>\n<\/td>\n<td width=\"85\">\n<p class=\"western\" lang=\"es-ES-u-co-trad\"><span style=\"font-size: large;\"><b>Domingo<\/b><\/span><\/p>\n<\/td>\n<td width=\"292\">\n<p class=\"western\"><span style=\"font-size: large;\"><b>1\u00aa Etapa do Estadual 2026<\/b><\/span><\/p>\n<\/td>\n<td bgcolor=\"#ccffcc\" width=\"152\">\n<p class=\"western\"><span style=\"font-size: medium;\"><span style=\"font-size: large;\"><b>Trof\u00e9u In\u00edcio<\/b><\/span><\/span><\/p>\n<\/td>\n<td width=\"167\">\n<p class=\"western\"><span style=\"font-size: large;\"><b>SESC Santa Luzia<\/b><\/span><\/p>\n<\/td>\n<\/tr>\n<tr valign=\"top\">\n<td bgcolor=\"#002060\" width=\"112\" height=\"24\">\n<p class=\"western\"><span style=\"color: #ffff00;\"> <span style=\"font-size: medium;\"><span style=\"font-size: large;\"><b>MAIO<\/b><\/span><\/span><\/span><\/p>\n<\/td>\n<td bgcolor=\"#ccffcc\" width=\"56\">\n<p class=\"western\"><span style=\"font-size: large;\"><b>24<\/b><\/span><\/p>\n<\/td>\n<td width=\"85\">\n<h3 class=\"western\"><span style=\"color: #002060;\"><span style=\"font-size: large;\"><b>Domingo<\/b><\/span><\/span><\/h3>\n<\/td>\n<td width=\"292\">\n<p class=\"western\"><span style=\"font-size: medium;\"><span style=\"font-size: large;\"><b>2\u00aa Etapa do estadual de 2026<\/b><\/span><\/span><\/p>\n<\/td>\n<td bgcolor=\"#ccffcc\" width=\"152\">\n<p class=\"western\"><span style=\"font-size: large;\"><b>Prata da Casa <\/b><\/span><\/p>\n<\/td>\n<td width=\"167\">\n<p class=\"western\"><span style=\"font-size: large;\"><b>SESC-Santa Luzia<\/b><\/span><\/p>\n<\/td>\n<\/tr>\n<tr valign=\"top\">\n<td bgcolor=\"#002060\" width=\"112\" height=\"24\">\n<p class=\"western\"><span style=\"color: #ffff00;\"><span style=\"font-size: large;\"><b>JULHO<\/b><\/span><\/span><\/p>\n<\/td>\n<td bgcolor=\"#ccffcc\" width=\"56\">\n<p class=\"western\"><span style=\"font-size: large;\"><b>12<\/b><\/span><\/p>\n<\/td>\n<td width=\"85\">\n<h3 class=\"western\"><span style=\"color: #002060;\"><span style=\"font-size: large;\"><b>Domingo<\/b><\/span><\/span><\/h3>\n<\/td>\n<td width=\"292\">\n<p class=\"western\"><span style=\"font-size: large;\"><b>3\u00aa Etapa do estadual 2026<\/b><\/span><\/p>\n<\/td>\n<td bgcolor=\"#ccffcc\" width=\"152\">\n<p class=\"western\"><span style=\"font-size: large;\"><b>Trofeu Lutadores<\/b><\/span><\/p>\n<\/td>\n<td width=\"167\">\n<p class=\"western\"><span style=\"font-size: large;\"><b>SESC-Santa Luzia<\/b><\/span><\/p>\n<\/td>\n<\/tr>\n<tr valign=\"top\">\n<td bgcolor=\"#002060\" width=\"112\" height=\"24\">\n<p class=\"western\"><span style=\"font-size: medium;\"><span style=\"color: #ffffff;\"><span style=\"font-size: large;\"><b>S<\/b><\/span><\/span><span style=\"color: #ffff00;\"><span style=\"font-size: large;\"><b>ETEMBRO<\/b><\/span><\/span><\/span><\/p>\n<\/td>\n<td bgcolor=\"#ccffcc\" width=\"56\">\n<p class=\"western\"><span style=\"font-size: large;\"><b>20<\/b><\/span><\/p>\n<\/td>\n<td width=\"85\">\n<p class=\"western\"><span style=\"color: #002060;\"><span style=\"font-size: large;\"><b>Domingo<\/b><\/span><\/span><\/p>\n<\/td>\n<td width=\"292\">\n<p class=\"western\"><span style=\"font-size: large;\"><b>4\u00aa Etapa do Estadual de 2026<\/b><\/span><\/p>\n<\/td>\n<td bgcolor=\"#ccffcc\" width=\"152\">\n<p class=\"western\"><span style=\"font-size: large;\"><b>Trofeu Campe\u00f5es<\/b><\/span><\/p>\n<\/td>\n<td width=\"167\">\n<p class=\"western\"><span style=\"font-size: large;\"><b>SESC-Santa Luzia<\/b><\/span><\/p>\n<\/td>\n<\/tr>\n<tr valign=\"top\">\n<td bgcolor=\"#002060\" width=\"112\" height=\"17\">\n<p class=\"western\"><span style=\"color: #ffff00;\"><span style=\"font-size: large;\"><b>NOVEMBRO<\/b><\/span><\/span><\/p>\n<\/td>\n<td bgcolor=\"#ccffcc\" width=\"56\">\n<p class=\"western\"><span style=\"font-size: large;\"><b>22<\/b><\/span><\/p>\n<\/td>\n<td width=\"85\">\n<p class=\"western\"><span style=\"color: #002060;\"><span style=\"font-size: large;\"><b>Domingo<\/b><\/span><\/span><\/p>\n<\/td>\n<td width=\"292\">\n<p class=\"western\"><span style=\"font-size: large;\"><b>5\u00aa Etapa- Final do Estadual 2026<\/b><\/span><\/p>\n<p class=\"western\"><span style=\"font-size: large;\"><b>Entrega da 52\u00aa Ta\u00e7a Minas Gerais &#8211; vers\u00e3o 2026<\/b><\/span><\/p>\n<\/td>\n<td bgcolor=\"#ccffcc\" width=\"152\">\n<p class=\"western\"><span style=\"font-size: large;\"><b>Trofeu Invictos<\/b><\/span><\/p>\n<\/td>\n<td width=\"167\">\n<h4 class=\"western\"><span style=\"font-size: medium;\"><b>SESC Santa Luzia<\/b><\/span><\/h4>\n<\/td>\n<\/tr>\n<\/tbody>\n<\/table>\n<p class=\"western\">&nbsp;<\/p>\n<h3 class=\"western\"><span style=\"font-size: medium;\"><span style=\"font-family: Arial, sans-serif;\">Horarios ; Com cerimonial inicio as 09.HS . Sem cerimonial &#8211;&nbsp; inicia as&nbsp; 9.30HS.<\/span><\/span><\/h3>\n<h3 class=\"western\"><span style=\"font-size: medium;\"><span style=\"font-family: Arial, sans-serif;\">Site jiujitsuminas.com.br &#8211; Nos eventos da Federa\u00e7\u00e3o n\u00e3o se cobra <\/span><span style=\"font-family: Arial, sans-serif;\"><b> ingresso. <\/b><\/span><\/span><\/h3>\n<h3 class=\"western\"><span style=\"font-size: medium;\"><span style=\"font-family: Arial, sans-serif;\"><span style=\"font-size: large;\"><b>Sorteia-se coisas e objetos quando h\u00e1 doa\u00e7o\u00eas<\/b><\/span><\/span><\/span><\/h3>\n<p>&nbsp;<\/p>\n<ul>\n<li style=\"text-align: left;\">\n<p style=\"text-align: center;\"><strong>&nbsp; &nbsp; &nbsp; &nbsp; &nbsp; &nbsp; &nbsp;&nbsp;<\/strong><\/p>\n<h3><span style=\"color: #0000ff;\">SISTEMA DE FAIXAS NA FEDERA\u00c7A\u00d5 MINEIRA DE JIU\u00b4JITSU&nbsp; F.M.J-J<\/span><strong>&nbsp;<\/strong><\/h3>\n<\/li>\n<\/ul>\n<p><strong>&nbsp; &nbsp; &nbsp; &nbsp; &nbsp; &nbsp; &nbsp; &nbsp; &nbsp; &nbsp; &nbsp; &nbsp; &nbsp; &nbsp; &nbsp; &nbsp; &nbsp; &nbsp; &nbsp; &nbsp;SISTEMA DE FAIXAS&nbsp; NA&nbsp; F.M.J-J REVISTO&nbsp; EM 2923&nbsp; &nbsp;<\/strong><\/p>\n<h2 class=\"western\" align=\"center\"><span style=\"color: #ff0000;\"><span style=\"font-family: Verdana, sans-serif;\"><span style=\"font-size: x-large;\"><b><span style=\"font-family: Arial, sans-serif;\"><span style=\"font-size: large;\"><a href=\"https:\/\/jiujitsuminas.com.br\/01\/2a-pagina-aconecmento-e-noticias-atuais\/f-preta-at-pre-18-fmjj-2\" rel=\"attachment wp-att-17412\"><img loading=\"lazy\" decoding=\"async\" class=\"wp-image-17412 aligncenter\" src=\"https:\/\/jiujitsuminas.com.br\/01\/wp-content\/uploads\/2022\/07\/F-PRETA-AT-PRE-18-FMJJ-300x240.png\" alt=\"\" width=\"188\" height=\"150\" srcset=\"https:\/\/jiujitsuminas.com.br\/01\/wp-content\/uploads\/2022\/07\/F-PRETA-AT-PRE-18-FMJJ-300x240.png 300w, https:\/\/jiujitsuminas.com.br\/01\/wp-content\/uploads\/2022\/07\/F-PRETA-AT-PRE-18-FMJJ-150x120.png 150w, https:\/\/jiujitsuminas.com.br\/01\/wp-content\/uploads\/2022\/07\/F-PRETA-AT-PRE-18-FMJJ.png 500w\" sizes=\"auto, (max-width: 188px) 100vw, 188px\" \/><\/a><\/span><\/span><\/b><\/span><\/span><\/span><\/h2>\n<table style=\"height: 1550px;\" width=\"675\">\n<tbody>\n<tr>\n<td colspan=\"4\" width=\"699\"><strong>O tempo de car\u00eancia m\u00ednima na &nbsp;F.M.J-J&nbsp; <\/strong><strong>&nbsp;<\/strong><\/td>\n<\/tr>\n<tr>\n<td width=\"193\"><span style=\"color: #ff0000;\"><strong>FAIXAS COLORIDAS<\/strong><\/span><\/td>\n<td width=\"156\"><span style=\"color: #ff0000;\"><strong>PERMANENCIA MINIMA NELA<\/strong><\/span><\/td>\n<td width=\"218\"><span style=\"color: #ff0000;\"><strong>TEMPO &nbsp;MINIMO DE MILITANCIA &nbsp;NELA<\/strong><\/span><\/td>\n<td width=\"132\"><span style=\"color: #ff0000;\"><strong>FAIXA SEGUINTE<\/strong><\/span><\/td>\n<\/tr>\n<tr>\n<td width=\"193\"><strong>BRANCA (INICIAL)<\/strong><\/td>\n<td width=\"156\"><strong>06 MESES<\/strong><\/td>\n<td width=\"218\"><strong>AP\u00d3S 6 MESE<\/strong><\/td>\n<td width=\"132\"><strong>AMARELA<\/strong><\/td>\n<\/tr>\n<tr>\n<td width=\"193\"><strong>AMARELA<\/strong><\/td>\n<td width=\"156\"><strong>08 MESES NELA<\/strong><\/td>\n<td width=\"218\"><strong>8 MESES = 14 MESES<\/strong><\/td>\n<td width=\"132\"><strong>AZUL<\/strong><\/td>\n<\/tr>\n<tr>\n<td width=\"193\"><strong>AZUL<\/strong><\/td>\n<td width=\"156\"><strong>12 MESES<\/strong><\/td>\n<td width=\"218\"><strong>&nbsp;= 2 ANOS E 2 MESES<\/strong><\/td>\n<td width=\"132\"><strong>ROXA<\/strong><\/td>\n<\/tr>\n<tr>\n<td width=\"193\"><strong>ROXA<\/strong><\/td>\n<td width=\"156\"><strong>12&nbsp; MESES<\/strong><\/td>\n<td width=\"218\"><strong>=&nbsp; 3 ANOS E 2 MESES<\/strong><\/td>\n<td width=\"132\"><strong>MARROM<\/strong><\/td>\n<\/tr>\n<tr>\n<td width=\"193\"><strong>MARROM- 18 ANOS<\/strong><\/td>\n<td width=\"156\"><strong>30 MESES<\/strong><\/td>\n<td width=\"218\"><strong>=&nbsp; 5 ANOS E 6 MESES MAIS OU&nbsp; MENOS&nbsp; CON-FORME O CURRICULAR<\/strong><\/td>\n<td width=\"132\"><strong>PRETA&nbsp; LISA<\/strong><\/td>\n<\/tr>\n<tr>\n<td colspan=\"4\" width=\"699\">\n<h3><strong>&nbsp;&nbsp;&nbsp;&nbsp;&nbsp;&nbsp;&nbsp;&nbsp;&nbsp;&nbsp;&nbsp;&nbsp;&nbsp;&nbsp;&nbsp;&nbsp;<span style=\"color: #ff0000;\"> CARENCIA&nbsp;&nbsp;&nbsp;&nbsp; PARA &nbsp;&nbsp;GRADUA\u00c7\u00c3O &nbsp;DE &nbsp;FAIXA &nbsp;PRETA<\/span><\/strong><\/h3>\n<\/td>\n<\/tr>\n<tr>\n<td colspan=\"4\" width=\"699\"><strong>&nbsp;&nbsp;&nbsp;&nbsp;&nbsp;&nbsp;&nbsp;&nbsp;&nbsp;&nbsp;&nbsp;&nbsp;&nbsp;&nbsp;&nbsp;&nbsp; <\/strong><strong><em>AS&nbsp; AUSENCIAS&nbsp; S\u00c3O&nbsp; DESCONTADOS&nbsp; DA&nbsp; CARENCIA&nbsp;&nbsp;&nbsp;&nbsp;&nbsp;&nbsp;&nbsp;&nbsp;&nbsp;&nbsp;&nbsp;&nbsp;&nbsp; <\/em><\/strong><\/td>\n<\/tr>\n<tr>\n<td width=\"193\"><strong>LISA &#8211; LUTADOR<\/strong><\/td>\n<td width=\"156\"><strong>2 ANOS NELA <\/strong><\/td>\n<td width=\"218\"><strong>7 ANOS DE PRESEN\u00c7A no jiu-jitsu.<\/strong><\/td>\n<td width=\"132\"><strong>1\u00ba GRAU<\/strong><\/td>\n<\/tr>\n<tr>\n<td width=\"193\"><strong>1\u00ba GRAU <\/strong><\/td>\n<td width=\"156\"><strong>2 ANOS NELA<\/strong><\/td>\n<td width=\"218\"><strong>9 ANOS DE PRESEN\u00c7A<\/strong><\/td>\n<td width=\"132\"><strong>2\u00ba GRAU<\/strong><\/td>\n<\/tr>\n<tr>\n<td width=\"193\"><strong>&nbsp;2\u00ba GRAU- &nbsp;ASPIRANTE<\/strong><\/td>\n<td width=\"156\"><strong>2 ANOS NELA<\/strong><\/td>\n<td width=\"218\"><strong>11 DE PRESEN\u00c7A<\/strong><\/td>\n<td width=\"132\"><strong>3\u00ba&nbsp; GRAU<\/strong><\/td>\n<\/tr>\n<tr>\n<td width=\"193\"><strong>3\u00ba GRAU- PROFESSOR<\/strong><\/td>\n<td width=\"156\"><strong>4 ANOS NELA<\/strong><\/td>\n<td width=\"218\"><strong>15 DE PRESEN\u00c7A<\/strong><\/td>\n<td width=\"132\"><strong>4\u00ba GRAU<\/strong><\/td>\n<\/tr>\n<tr>\n<td width=\"193\"><strong>4\u00ba GRAU- \u201c SUPERVIS.<\/strong><\/td>\n<td width=\"156\"><strong>5 ANOS NELA<\/strong><\/td>\n<td width=\"218\"><strong>20 DE PRESEN\u00c7A<\/strong><\/td>\n<td width=\"132\"><strong>5\u00ba GRAU<\/strong><\/td>\n<\/tr>\n<tr>\n<td width=\"193\"><strong>5\u00ba GRAU \u2013 \u201cSUPERVIS <\/strong><\/td>\n<td width=\"156\"><strong>6 ANOS NELA <\/strong><\/td>\n<td width=\"218\"><strong>26 DE PRESEN\u00c7A<\/strong><\/td>\n<td width=\"132\"><strong>6\u00aa GRAU<\/strong><\/td>\n<\/tr>\n<tr>\n<td width=\"193\"><strong>6\u00ba GRAU &#8211; &nbsp;SUPERVIS<\/strong><\/td>\n<td width=\"156\"><strong>7 ANOS NELA<\/strong><\/td>\n<td width=\"218\"><strong>33 ANOS PRESENTE<\/strong><\/td>\n<td width=\"132\"><strong>7\u00ba GRAU<\/strong><\/td>\n<\/tr>\n<tr>\n<td colspan=\"4\" width=\"699\"><strong>&nbsp;&nbsp;&nbsp;&nbsp;&nbsp;&nbsp;&nbsp;&nbsp;&nbsp;&nbsp;&nbsp;&nbsp;&nbsp;&nbsp;&nbsp;&nbsp;&nbsp;&nbsp;&nbsp; <\/strong><strong>MESTRES &nbsp;DE&nbsp; JIU-JITSU E SUAS FAIXAS <\/strong><\/td>\n<\/tr>\n<tr>\n<td width=\"193\"><strong>7\u00ba GRAU-&nbsp; &nbsp;CORAL<\/strong><\/td>\n<td width=\"156\"><strong>8 ANOS NELA<\/strong><\/td>\n<td width=\"218\"><strong>41 ANOS&nbsp; PRESENTES<\/strong><\/td>\n<td width=\"132\"><strong>8\u00ba GRAU<\/strong><\/td>\n<\/tr>\n<tr>\n<td width=\"193\"><strong>8\u00ba GRAU-&nbsp;&nbsp; RAJADA<\/strong><\/td>\n<td width=\"156\"><strong>10 ANOS NELA<\/strong><\/td>\n<td width=\"218\"><strong>51 ANOS PRESENTES&nbsp; <\/strong><\/td>\n<td width=\"132\"><strong>9\u00ba GRAU<\/strong><\/td>\n<\/tr>\n<tr>\n<td width=\"193\"><strong>9\u00ba\u00ba GRAU-VERMELHA LISA<\/strong><\/p>\n<p><strong style=\"color: #ff0000;\">10\u00ba GRAU- VERMELHA 1<\/strong><\/td>\n<td width=\"156\"><strong>20 ANOS NELA<span style=\"color: #ff0000;\">&nbsp; <\/span><\/strong><\/p>\n<p>&nbsp;<\/p>\n<p><strong><span style=\"color: #ff0000;\">RESTRIRA&nbsp; &nbsp;<\/span><\/strong><\/td>\n<td width=\"218\"><strong>71 ANOS PRESENTES<\/strong><\/p>\n<p>&nbsp;<\/p>\n<p><strong>SOMENTE A CONFEDERA\u00c7A\u00d5 PODE CONCEDE-LA<\/strong><\/td>\n<td width=\"132\">&nbsp;<\/td>\n<\/tr>\n<tr>\n<td colspan=\"4\" width=\"699\">&nbsp;<\/td>\n<\/tr>\n<\/tbody>\n<\/table>\n<p class=\"western\"><span style=\"font-family: Arial Black, sans-serif;\"><span style=\"font-size: x-large;\">&nbsp; &nbsp; &nbsp; &nbsp; &nbsp; &nbsp; &nbsp; &nbsp; &nbsp; &nbsp; &nbsp; &nbsp; &nbsp; &nbsp; &nbsp; &nbsp; &nbsp;<\/span><\/span>&nbsp; &nbsp; &nbsp; &nbsp; &nbsp; &nbsp; &nbsp; &nbsp; &nbsp; &nbsp; &nbsp; &nbsp; &nbsp; &nbsp; &nbsp; &nbsp; &nbsp;<\/p>\n<blockquote>\n<ul>\n<li>F<strong>EDERA\u00c7\u00c3O&nbsp; MINEIRA&nbsp; DE&nbsp; JIU-JITSU -F.M.J (<\/strong>&nbsp;<strong>A Federa\u00e7\u00e3o Oficial do jiu-jitsu do Estado de Minas Gerais<\/strong>) . Av.Amazonas,885 -3\u00ba and\/ 348- Centro. Cep 3018\u00ba.001 &#8211;&nbsp; &nbsp;Atendimento as 2\u00aa.4\u00aae 6\u00ba feira. &nbsp;&nbsp;&nbsp;&nbsp;&nbsp;&nbsp;Em semana de evento aberta &nbsp;em atendimentos de &nbsp;2\u00aa as 6\u00aa feira.&nbsp; FONE: 31.3224 8979 \/ 98385 9592&nbsp; .www.fmjitsu@terra.com.br. &nbsp;Site jiujitsuminas.com.br. Nos Eventos da Federa\u00e7\u00e3o&nbsp; n\u00e3o se pa<strong>ga&nbsp; ingresso<\/strong><strong>a-se coisas e objetos quando h\u00e1 doa\u00e7\u00f5es<\/strong><strong>.<\/strong><span style=\"color: #ff0000;\"><b>&nbsp;&nbsp;<\/b><\/span><\/li>\n<\/ul>\n<\/blockquote>\n<ul>\n<li style=\"list-style-type: none;\">\n<ul>\n<li>&nbsp;<\/li>\n<\/ul>\n<\/li>\n<\/ul>\n<h4><span style=\"color: #0000ff;\"><strong>======================================================================&nbsp;&nbsp;<\/strong><\/span><\/h4>\n<h4><strong>&nbsp; &nbsp; <\/strong><span style=\"color: #0000ff;\"><strong>&nbsp; &nbsp; &nbsp; &nbsp; &nbsp; &nbsp; &nbsp;&nbsp;<\/strong><\/span><\/h4>\n<h3><span style=\"color: #0000ff;\"><strong>&nbsp; &nbsp; &nbsp; <\/strong><\/span><span style=\"font-size: 16px;\">HADASSA EDUARDA&nbsp; BATISTA&nbsp; BRUM&nbsp; &nbsp; &nbsp; &nbsp; &nbsp; &nbsp; &nbsp; &nbsp; &nbsp; &nbsp; &nbsp; &nbsp; &nbsp; &nbsp; &nbsp;A GAROTA JIU-JITSU&nbsp; 2025\/ 2026<\/span><\/h3>\n<p><img loading=\"lazy\" decoding=\"async\" class=\"aligncenter\" src=\"https:\/\/jiujitsuminas.com.br\/01\/wp-content\/uploads\/2025\/09\/hadassa0003-225x300.jpg\" width=\"302\" height=\"403\"><\/p>\n<h3 style=\"text-align: center;\">Faixa amarela-&nbsp; Equipe Lobo&nbsp; a Garota Jiu-Jitsu 2025\/2026<\/h3>\n<h4><em>No dia 25&nbsp; &nbsp;maio, na 2\u00aa etapa do estadual na SESC&nbsp; Santa Luzia, recebeu a faixa. Seu dever como Garota Jiu-Jitsu consiste em desfilar nos evento<\/em><em>s da Federa\u00e7\u00e3o exibindo a faixa~. <\/em><strong><span style=\"color: #0000ff;\">A Garota JiuJisu<\/span> enquanto usar o t\u00edtulo n\u00e3o ter\u00e1 nenhuma despesa&nbsp; nas competi\u00e7\u00f5es na&nbsp; Federa\u00e7\u00e3o.&nbsp; &nbsp;<\/strong><strong> Boa sorte e sucesso!<\/strong><\/h4>\n<h4><strong>&nbsp; &nbsp; &nbsp; &nbsp; &nbsp; &nbsp;&nbsp;<\/strong>No site na p\u00e1gina &#8220;Garotas&nbsp; Jiu-Jitsu&nbsp; est\u00e3o as fotos das&nbsp; &nbsp;que&nbsp; tamb\u00e9m foram eleitas nos anos anteriores<strong>&nbsp; .&nbsp; &nbsp; &nbsp; &nbsp; &nbsp; &nbsp; &nbsp; &nbsp; &nbsp; &nbsp; &nbsp;<\/strong><\/h4>\n<p>&#8212;&#8212;&#8212;&#8212;&#8212;&#8212;&#8212;&#8212;&#8212;&#8212;&#8212;&#8212;&#8212;&#8212;&#8212;&#8212;&#8212;&#8212;&#8212;&#8212;&#8212;&#8212;&#8212;&#8212;&#8212;&#8212;&#8212;&#8212;&#8212;&#8212;&#8212;&#8212;&#8212;&#8212;&#8212;&#8212;&#8212;&#8211;<\/p>\n<p>&nbsp;<\/p>\n<h2><strong>&nbsp; &nbsp; &nbsp; &nbsp; &nbsp; &nbsp; &nbsp; &nbsp; &nbsp; &nbsp; &nbsp; &nbsp; &nbsp; &nbsp; &nbsp; &nbsp; &nbsp; &nbsp; &nbsp; &nbsp; &nbsp; &nbsp; &nbsp; &nbsp; &nbsp; &nbsp; &nbsp; &nbsp;<\/strong><span style=\"font-size: 16px;\"><strong>AVISO IMPORATN<\/strong>TE<\/span><span style=\"font-size: 16px;\">&nbsp;<\/span><strong style=\"font-size: 16px;\">&nbsp; !&nbsp; &nbsp; &nbsp; &nbsp; &nbsp; &nbsp; &nbsp; &nbsp; &nbsp; &nbsp; &nbsp; &nbsp; &nbsp; &nbsp; &nbsp; &nbsp; &nbsp; &nbsp; &nbsp; &nbsp; &nbsp; &nbsp; &nbsp; &nbsp; &nbsp; &nbsp; &nbsp; &nbsp; &nbsp; &nbsp;<\/strong><\/h2>\n<h3><span style=\"color: #0000ff;\">&nbsp; &nbsp; &nbsp; &nbsp; &nbsp; &nbsp; &nbsp; &nbsp; &nbsp; &nbsp; &nbsp; &nbsp; &nbsp; COMPETI\u00c7\u00c3O PARALELA DE JIU-JITSU&nbsp; &nbsp;J\u00c1&nbsp; &nbsp;SOFRE&nbsp; &nbsp; SAN\u00c7\u00d5ES&nbsp; <\/span><\/h3>\n<h4><strong style=\"text-align: right; font-size: 16px;\"><span style=\"text-align: center;\">DESDE&nbsp; &nbsp;MAIO &nbsp;DE 2025 <\/span><span style=\"text-align: center;\">&nbsp;<\/span><span style=\"font-size: 16px;\"><em><span style=\"color: #000000;\">UMA&nbsp; COMPETI\u00c7\u00c3O&nbsp; PARALELA&nbsp;&nbsp;<\/span><\/em><\/span><em style=\"text-align: center;\"><span style=\"color: #000000;\">DE JIU-JITSU&nbsp; &nbsp;EM TERRITORIO MINEIRO ,&nbsp; SE&nbsp; REALIZADA A MENOS DE&nbsp; 15 DIAS&nbsp; ANTES DE ETAPA OFICAL DO&nbsp; CAMPEONATO&nbsp; &nbsp;ESTADUAL&nbsp; DO JIU-JITSU DO ESTADO DE MINAS GERAIS&nbsp; &nbsp;PASSOU A SOFRER&nbsp; SAN\u00c7\u00d5ES.&nbsp; &nbsp;E&nbsp; SE FOR&nbsp; RELIZADO&nbsp; NO MESMO DIA DA ETAPA&nbsp; OFICIAL, ALEM DE MULTA MAIS&nbsp; ELEVADA A POLICIA MILITAR PODER\u00c1 INTERVIR PARA&nbsp; IMPEDIR&nbsp; O EVENTO&nbsp; &nbsp;IRREGULAR NA MESMA DATA.&nbsp;<\/span><\/em><\/strong><\/h4>\n<h3 style=\"text-align: right;\"><strong style=\"text-align: right; font-size: 16px;\"><em style=\"text-align: center;\"><span style=\"color: #000000;\"> &nbsp; &nbsp; &nbsp; &nbsp; &nbsp; &nbsp; &nbsp; &nbsp; &nbsp; &nbsp; &nbsp; &nbsp; &nbsp;RELEMBREM QUE A F.M.J-J&nbsp; TEM&nbsp; ESTA PRERROGATIVA&nbsp; !&nbsp; &nbsp;<\/span><\/em><span style=\"color: #ff0000;\">&nbsp; &nbsp; <\/span>&nbsp; &nbsp; &nbsp; &nbsp; &nbsp; &nbsp; &nbsp; &nbsp; &nbsp; &nbsp; &nbsp; &nbsp; &nbsp; &nbsp; &nbsp;&nbsp;<\/strong><strong><em>&nbsp; &nbsp; &nbsp; &nbsp;<\/em><\/strong><\/h3>\n<p><strong>&nbsp; &#8212;&#8212;&#8212;&#8212;&#8212;&#8212;&#8212;&#8212;&#8212;&#8212;&#8212;&#8212;&#8212;&#8212;&#8212;&#8212;&#8212;&#8212;&#8212;&#8212;&#8212;&#8212;&#8212;&#8212;&#8212;&#8212;&#8212;&#8212;&#8212;&#8212;&#8212;&#8212;&#8212;&#8212;&#8212;&#8212;&#8212;&#8212;&#8212;&#8212;&#8212;&#8212;&nbsp; &nbsp; &nbsp; &nbsp; &nbsp;<\/strong><\/p>\n<p><strong> &nbsp; &nbsp; &nbsp; &nbsp; &nbsp; &nbsp; &nbsp; &nbsp; &nbsp; <\/strong>&nbsp;<span style=\"color: #000000;\"><strong style=\"font-size: 16px;\">&nbsp;<\/strong><\/span><span style=\"color: #ff0000;\">&nbsp; <strong>&nbsp; FA\u00c7A PARTE&nbsp; DO CORPO ARBITRAL&nbsp; DA F.M.J-J<\/strong><\/span><\/p>\n<ul>\n<li>\n<h3 style=\"text-align: left;\"><span style=\"color: #ff0000;\">&nbsp;<\/span><\/h3>\n<h4 style=\"text-align: center;\"><span style=\"color: #ff0000;\"><img decoding=\"async\" src=\"https:\/\/jiujitsuminas.com.br\/01\/wp-content\/uploads\/2022\/06\/MG_9247-scaled.jpg\">MEMBROS&nbsp; &nbsp;DO&nbsp; &nbsp; CORPO ARBITRAL DA&nbsp; F.M.J-J&nbsp;&nbsp;<\/span><\/h4>\n<\/li>\n<\/ul>\n<p>&nbsp; &nbsp; &nbsp; &nbsp; &nbsp; &nbsp; \u00c9RIC&nbsp; LAGARES (BUDOKAN),&nbsp; MAURI JORGE (AUSENTE) ,jUVENIL PEREIRA -(GARRA ), ANTONO CARLOS( KOINONIA ), VILSON A. SILVA-DIRETOR-(IRMA\u00d5S fELIX ) , AUCEMI&nbsp; DA&nbsp; COSTA ( VILLA REAL) , DIGO PAULO ( TIGRE SANSHIRO),<\/p>\n<p>&nbsp;<\/p>\n<hr>\n<p>&nbsp;<\/p>\n<h3>Artigo&nbsp;<\/h3>\n<h3>&#8220;<span style=\"color: #3366ff;\"> <em>A PAIX\u00c3O DOS FORTES<\/em> &#8220;<\/span><\/h3>\n<h4><span style=\"color: #ff0000;\">A FEDERA\u00c7\u00c3O CONTINUA&nbsp; SUA&nbsp; INCANS\u00c1VEL&nbsp; BUSCA DE APOIADORES E PATROCINADORES !<\/span><\/h4>\n<h4>A&nbsp; federa\u00e7\u00e3o mineira de jiu-jitsu \u00e9 utilidade p\u00fablica. N\u00e3o tem finalidade lucrativa, n\u00e3o cobra ingressos, n\u00e3o remuneras sua diretoria.&nbsp; &nbsp; &nbsp; &nbsp;Foi reconhecida&nbsp; como&nbsp; entidade&nbsp; de Utilidade Publica pelo munic\u00edpio de Belo Horizonte em 1979 sob Lei n\u00aa 3094, e Utilidade&nbsp; P\u00fablica Estadual em 2023&nbsp; sob lei 24276\/23 .&nbsp; Nem por isso foi ainda contemplada&nbsp; &nbsp;com apoio financeiro, quer do Munic\u00edpio&nbsp; ou Estado .<\/h4>\n<p><strong>Desde a funda\u00e7\u00e3o da F.M.J-J (1975) at\u00e9 a &#8220;pandemia&#8221;( 1919 a 2021)&nbsp; a Federa\u00e7\u00e3o&nbsp; &nbsp;n\u00e3o tinha&nbsp; preocupa\u00e7\u00e3o financeira.<\/strong><\/p>\n<div id=\"post-body\" class=\"metabox-holder columns-1\">\n<div id=\"post-body-content\">&nbsp;<\/div>\n<\/div>\n<p><strong>u em&nbsp; 1975&nbsp; &nbsp;com o &#8221; Mestre Jos\u00e9 Senador&#8221;&nbsp; continua , mesmo com parcos recursos ela continua, incans\u00e1vel, procurando&nbsp; manter o&nbsp; jiu-jitsu oficial&nbsp; do Estado de Minas Gerais em plena atividade. Chegou at\u00e9 agora 2026&nbsp; para promover a 52\u00aa TA\u00c7A MINAS GEAIS DE JIU-JITSU.<\/strong><\/p>\n<p><strong>Cidades&nbsp; como&nbsp; &nbsp; <span style=\"color: #000000;\">BRUMADINHO,&nbsp; &nbsp;CONTAGEM ,&nbsp; &nbsp;RIBEIR\u00c3O&nbsp; DAS NEVES, SANTA LUZIA\/SESC,&nbsp; VESPASIANO, e outras&nbsp; tantas nos deram amparo, apoio e parceria, para nelas&nbsp; realizar etapas do campeonato&nbsp; estadual em cada ano.&nbsp;<\/span><\/strong><\/p>\n<h4>E assim a F.M.J-J&nbsp; com seus parcos recursos vai avan\u00e7ado no tempo, independente do n\u00famero de competidores&nbsp; nas etapas do estadual, mas com a abnega\u00e7\u00e3o dos fieis&nbsp; professores federados&nbsp; &nbsp;e seus alunos, os&nbsp; destemidos que&nbsp; abra\u00e7aram&nbsp; a&nbsp; Federa\u00e7\u00e3o Mineira de Jiu-Jitsu ( a Federa\u00e7\u00e3o do jiu-jtsu ofical do Estado de Minas Gerais )&nbsp; <span style=\"color: #ff0000;\">que&nbsp; \u00e9 a paix\u00e3o dos fortes<\/span> !<\/h4>\n<h3><em><strong><span style=\"color: #ff0000;\">&nbsp;<\/span><\/strong><\/em><\/h3>\n<h4><span style=\"color: #0000ff;\"><img decoding=\"async\" class=\"alignleft\" src=\"https:\/\/jiujitsuminas.com.br\/01\/wp-content\/uploads\/2022\/08\/BOLETIM-IFORMATIVO.gif\"><\/span><\/h4>\n<h3><em><strong><span style=\"color: #ff0000;\">&nbsp;&#8211;&nbsp; &nbsp; &nbsp; &nbsp; &nbsp; &nbsp; &nbsp; &nbsp;&nbsp;<\/span><\/strong><\/em><\/h3>\n<h2 style=\"text-align: center;\"><span style=\"color: #000000;\"><strong><img loading=\"lazy\" decoding=\"async\" class=\"\" src=\"https:\/\/jiujitsuminas.com.br\/01\/wp-content\/uploads\/2021\/07\/faixa-preta-imagem-150x100-1.jpg\" width=\"110\" height=\"73\"><\/strong><\/span><\/h2>\n<h3><em><strong><span style=\"color: #ff0000;\">&nbsp; &nbsp;<\/span><\/strong><\/em><em><strong><span style=\"color: #ff0000;\">&nbsp; &nbsp; &nbsp; &nbsp; &nbsp; &nbsp; &nbsp; &nbsp; &nbsp; &nbsp; &nbsp; &nbsp; &nbsp; &nbsp; &nbsp; &nbsp; &nbsp; &nbsp;<\/span><\/strong><\/em><\/h3>\n<h3 style=\"text-align: center;\"><span style=\"color: #000000;\"><strong><span style=\"color: #ff00ff;\"><span style=\"color: #ff0000;\">RELA\u00c7\u00c3O&nbsp; DOS&nbsp; FAIXAS PRETAS COM CREDENCIAIS&nbsp; 2026<\/span><\/span><\/strong><span style=\"color: #ff0000;\">.<\/span><\/span><\/h3>\n<h3 style=\"text-align: center;\"><span style=\"color: #ff0000;\">&nbsp; &nbsp; E&nbsp; OS&nbsp; GRADUADOS&nbsp; &nbsp;DESTE 1975&nbsp; &nbsp; &nbsp; &nbsp;&nbsp;<\/span><\/h3>\n<h4 style=\"text-align: center;\">RENOVANDO.&nbsp;<\/h4>\n<hr>\n<h3>&nbsp; &nbsp; &nbsp; &nbsp; &nbsp; &nbsp; &nbsp; &nbsp; &nbsp; &nbsp; &nbsp; &nbsp; &nbsp; &nbsp; &nbsp; &nbsp; &nbsp; &nbsp; &nbsp; &nbsp; &nbsp; &nbsp; &nbsp; &nbsp; &nbsp; &nbsp; &nbsp; &nbsp; &nbsp; &nbsp; &nbsp; &nbsp; &nbsp; &nbsp; &nbsp; &nbsp; &nbsp; &nbsp; &nbsp; &nbsp; &nbsp; &nbsp; &nbsp;<\/h3>\n<h3>&nbsp; &nbsp; &nbsp; &nbsp; &nbsp; &nbsp;<span style=\"font-size: 16px;\">&nbsp;&nbsp;<\/span>&nbsp;&nbsp;<strong style=\"font-size: 16px;\">&nbsp; &nbsp; &nbsp;<\/strong><strong style=\"font-size: 16px;\">&nbsp; &nbsp; &nbsp; &nbsp; &nbsp; &nbsp; &nbsp; &nbsp; &nbsp; &nbsp; &nbsp; &nbsp;<\/strong><strong style=\"font-size: 16px;\">&nbsp; &nbsp; &nbsp; &nbsp; &nbsp; &nbsp; &nbsp;<\/strong><span style=\"color: #0000ff;\"><span style=\"font-size: 16px;\">&nbsp;<\/span><b style=\"font-size: 16px;\">IMPORTA&nbsp; AO&nbsp; FEDERADOS&nbsp; &nbsp; SABER&nbsp; !&nbsp;<\/b><\/span><\/h3>\n<h3>&nbsp; &nbsp; &nbsp; &nbsp; &nbsp; &nbsp; &nbsp; &nbsp; &nbsp; <span style=\"color: #ff0000;\">A FEDERA\u00c7A\u00d5&nbsp; NA\u00d5&nbsp; RECEBE&nbsp; APOIO&nbsp; FINANCEIRO. PORQUE&nbsp; !&nbsp; &nbsp; &nbsp; &nbsp; &nbsp; &nbsp; &nbsp; &nbsp; &nbsp; &nbsp; &nbsp; &nbsp; &nbsp; &nbsp; &nbsp; &nbsp; &nbsp; &nbsp; &nbsp;r EMBORA&nbsp; <\/span><span style=\"color: #ff0000;\">a Federa\u00e7\u00e3o Mineira de Jiu-Jitsu-F.M.J-J ( a&nbsp; Federa\u00e7\u00e3o oficial do jiu-jitsu do Estado de Minas Gerais) seja uma&nbsp; <\/span><span style=\"color: #ff0000;\">entidade esportiva de&nbsp; utilidade p\u00fablica&nbsp; municipal e estadual, at\u00e9 o presente ela ainda&nbsp; n\u00e3o&nbsp; recebeu nenhum apoio financeiro p\u00fablico.&nbsp; Ela continua aguardando que lhes concedam o que for do seu direito.&nbsp; Quando&nbsp; a Federa\u00e7\u00e3o receber&nbsp; esta&nbsp; doa\u00e7\u00e3o financeira, venha ela de qualquer&nbsp; for, todas as taxas da Federa\u00e7\u00e3o&nbsp; v\u00e3o diminuir de valor, em beneficio das equipes e seus&nbsp; atletas competidores&nbsp; do Campeonato Estadual&nbsp; oficial do de Jiu-Jitsu do Estado de Minas Gerais ( F.M.J-J)&nbsp; &nbsp; &nbsp; &nbsp; &nbsp; &nbsp; &nbsp; &nbsp; &nbsp; &nbsp; &nbsp; &nbsp; &nbsp; &nbsp; &nbsp; &nbsp; .&nbsp; &nbsp;PS. T\u00edtulos, documentos,&nbsp; recebidos nos&nbsp; torneios paralelos e clandestinos&nbsp; n\u00e3o&nbsp; &nbsp;tem validade&nbsp; p\u00fablica!.&nbsp;<\/span><\/h3>\n<hr>\n<h3><span style=\"color: #ff0000;\"><b style=\"font-size: 16px;\">&nbsp; &nbsp; &nbsp; &nbsp; &nbsp; &nbsp; &nbsp; &nbsp; &nbsp; &nbsp; &nbsp; &nbsp; &nbsp; &nbsp;<\/b><\/span>&nbsp;&nbsp;<strong>&nbsp; &nbsp; &nbsp; &nbsp; &nbsp; &nbsp; &nbsp; &nbsp; &nbsp; &nbsp; &nbsp; &nbsp;<\/strong><strong>&nbsp; &nbsp; &nbsp; &nbsp; &nbsp; &nbsp; &nbsp; &nbsp; &nbsp; &nbsp; &nbsp; &nbsp; &nbsp; &nbsp; &nbsp;<\/strong><\/h3>\n<h3><strong style=\"font-size: 16px;\">.<\/strong><span style=\"font-size: 16px;\">&nbsp; &nbsp; &nbsp; &nbsp; &nbsp; &nbsp; &nbsp; &nbsp; &nbsp; &nbsp; &nbsp; &nbsp; &nbsp; &nbsp; &nbsp; &nbsp; &nbsp; &nbsp; &nbsp; &nbsp;<\/span><span style=\"font-size: 16px;\">&nbsp;<\/span><strong style=\"font-size: 16px;\">&nbsp; &nbsp;<\/strong> <em><strong><span style=\"color: #ff0000;\">&nbsp; &nbsp; &nbsp; &nbsp; &nbsp; &nbsp; &nbsp; &nbsp; &nbsp; &nbsp; &nbsp; &nbsp; &nbsp; &nbsp; &nbsp; &nbsp; &nbsp; &nbsp; &nbsp; &nbsp; &nbsp; &nbsp;&nbsp;<\/span><\/strong><\/em><\/h3>\n<h3 style=\"text-align: center;\"><span style=\"color: #0000ff; text-align: center; font-size: 16px;\"><em>&nbsp; &nbsp; &nbsp; &nbsp; &nbsp; &nbsp; &nbsp;&nbsp;<\/em><\/span><\/h3>\n<h2 style=\"text-align: center;\"><span style=\"color: #000000;\"><strong>&nbsp; &nbsp; &nbsp; &nbsp; &nbsp; &nbsp; &nbsp; &nbsp; &nbsp; &nbsp; &nbsp; <span style=\"color: #ff00ff;\">&nbsp;FA\u00c7A PARTE DO CORPO ARBITRAL DA F.M.J-J&nbsp;<\/span><\/strong><\/span><\/h2>\n<h3><span style=\"color: #ff0000;\"><strong><a href=\"https:\/\/jiujitsuminas.com.br\/01\/wp-content\/uploads\/2023\/08\/2a-EQUIPE-ARBITRAL-E-AUXILIAR-T-19-3-2-500x156-2019-2.jpg\"><img loading=\"lazy\" decoding=\"async\" class=\"wp-image-19904 aligncenter\" src=\"https:\/\/jiujitsuminas.com.br\/01\/wp-content\/uploads\/2023\/08\/2a-EQUIPE-ARBITRAL-E-AUXILIAR-T-19-3-2-500x156-2019-2.jpg\" alt=\"\" width=\"945\" height=\"295\" srcset=\"https:\/\/jiujitsuminas.com.br\/01\/wp-content\/uploads\/2023\/08\/2a-EQUIPE-ARBITRAL-E-AUXILIAR-T-19-3-2-500x156-2019-2.jpg 500w, https:\/\/jiujitsuminas.com.br\/01\/wp-content\/uploads\/2023\/08\/2a-EQUIPE-ARBITRAL-E-AUXILIAR-T-19-3-2-500x156-2019-2-300x94.jpg 300w, https:\/\/jiujitsuminas.com.br\/01\/wp-content\/uploads\/2023\/08\/2a-EQUIPE-ARBITRAL-E-AUXILIAR-T-19-3-2-500x156-2019-2-140x44.jpg 140w\" sizes=\"auto, (max-width: 945px) 100vw, 945px\" \/><\/a><\/strong><\/span><\/h3>\n<h3 style=\"text-align: center;\">&nbsp;<\/h3>\n<h3 style=\"text-align: center;\"><span style=\"color: #ff0000;\"><strong><em>&nbsp; <\/em><\/strong><\/span><strong><em>INFORME-SE&nbsp; MAIS &#8211; F.M.J-J&nbsp; 31.3224.8979&nbsp; e&nbsp; &nbsp;98385.9592 (WATZAP)&nbsp; E-mail&nbsp; &nbsp;fmjitsu@terra.com.br<\/em><\/strong> Membros do&nbsp; Corpo Arbitral &#8211;&nbsp; os&nbsp; atuantes e os disponiveis mais&nbsp; ass\u00edduos&nbsp; nos eventos da Federa\u00e7\u00e3o&nbsp; em&nbsp; 2023,2024, 2025 e 2026<\/h3>\n<hr>\n<h3><strong>&nbsp; &nbsp; &nbsp; &nbsp; &nbsp; &nbsp; &nbsp; &nbsp; &nbsp; &nbsp; &nbsp; &nbsp; &nbsp; &nbsp; &nbsp; &nbsp; &nbsp; &nbsp; &nbsp; &nbsp; &nbsp; &nbsp; &nbsp; &nbsp; &nbsp; &nbsp; &nbsp; &nbsp; &nbsp; &nbsp; &nbsp; &nbsp; &nbsp; &nbsp; &nbsp; &nbsp; &nbsp; &nbsp; &nbsp; &nbsp; &nbsp; &nbsp; &nbsp; &nbsp; &nbsp; &nbsp; &nbsp; &nbsp; &nbsp; &nbsp; &nbsp; &nbsp; &nbsp; &nbsp; &nbsp;<\/strong><\/h3>\n<h2 style=\"text-align: center;\"><span style=\"color: #ff0000;\"><strong><span style=\"color: #0000ff;\">&nbsp; A&nbsp; FEDERA\u00c7\u00c3O&nbsp; BUSCA&nbsp; APOIO FINANCEIRO.&nbsp;<\/span><\/strong><\/span><\/h2>\n<h3 style=\"text-align: left;\"><span style=\"color: #ff0000;\"><strong><span style=\"color: #0000ff;\">&nbsp; &nbsp;PA<\/span><\/strong><\/span><span style=\"color: #ff0000;\"><strong>RA&nbsp; AUXILIAR NA REALIZA\u00c7\u00c3O DAS&nbsp; &nbsp;ETAPAS&nbsp; DO 52\u00ba&nbsp;<\/strong><strong> ESTADUAL&nbsp; EM&nbsp; 2026.&nbsp;<\/strong><\/span><\/h3>\n<h4 style=\"text-align: left;\"><span style=\"color: #ff0000;\"><em> Qualquer&nbsp; pessoa&nbsp; poder\u00e1 ser um apoiador&nbsp; financeiro&nbsp; da <\/em><\/span><em><span style=\"color: #ff0000;\">&nbsp;F.M.J-J&nbsp; &#8211; que&nbsp; \u00e9 uma entidade esportiva sem finalidade financeira. Reconhecida como utilidade p\u00fablica&nbsp; &nbsp;municipal (BH\/1979) e&nbsp; estadual (MG\/2023),entretanto ,inexplicavelmente ,&nbsp; ela ainda n\u00e3o teve ainda&nbsp; qualquer apoio financeiro&nbsp; p\u00fablico.&nbsp; O apoiador financeiro ,se tiver que declarar&nbsp; sua d\u00edvida com o Imposto de Renda&nbsp; ir\u00e1 descontar o valor deste apoio doado a Federa\u00e7\u00e3o, comprovando -o&nbsp; pelas declara\u00e7\u00f5es&nbsp; &nbsp;emitidas por ela, para a finalidade. E que&nbsp; constar\u00e1&nbsp; na contabilidade da&nbsp; Federa\u00e7\u00e3o<\/span><\/em><\/h4>\n<h4 style=\"text-align: left;\"><span style=\"color: #ff0000;\">Se&nbsp; houver interesse em apoiar&nbsp; &nbsp;comunique-se&nbsp; &nbsp;com a Federa\u00e7\u00e3o Mineira de Jiu-Jitu- F.M.J-J ( a Federa\u00e7\u00e3o oficial do Jiu-Jitsu do Estado de Minas Gerais )&nbsp; para saber mais, como proceder, e ter mais seguran\u00e7a.&nbsp; <\/span><em><span style=\"color: #ff0000;\">(Em caso de d\u00favidas consulte o seu contador e o contador da Federa\u00e7\u00e3o)<\/span><\/em><span style=\"color: #ff0000;\"> .&nbsp;<\/span><\/h4>\n<h3><span style=\"color: #ff0000;\">INFORMA\u00c7\u00d5ES&nbsp; &nbsp;EM ATENDIMENTO PESSOAL, fale com o Presidente&nbsp; da Federa\u00e7\u00e3o&nbsp; Mestre Adair,<\/span><span style=\"color: #ff0000;\">&nbsp; &nbsp; &nbsp;fa\u00e7a uma visita nas 2\u00aa,4\u00aa,e&nbsp; e 6\u00aa feiras&nbsp; de&nbsp; 10,hs&nbsp; as 17 hs.&nbsp; &nbsp;Avenida Amazonas ,885 esquina de Rua&nbsp; &nbsp; &nbsp;Curitiba), 3\u00ba andar,&nbsp; sala 348. Centro de&nbsp; Belo Horizonte. antecipados&nbsp; agradecimentos !<\/span><\/h3>\n<p>&nbsp;<\/p>\n<hr>\n<p>&nbsp;<\/p>\n<h2 style=\"text-align: center;\">&nbsp;ALGUMAS IMAGENS&nbsp; &nbsp;RECORDANDO&#8230;VEJA MAIS&nbsp; NO&nbsp; MENU INICIAL&nbsp;&nbsp;<\/h2>\n<div id='gallery-1' class='gallery galleryid-22724 gallery-columns-3 gallery-size-medium'><figure class='gallery-item'>\n\t\t\t<div class='gallery-icon landscape'>\n\t\t\t\t<a href='https:\/\/jiujitsuminas.com.br\/01\/home\/2011-recodando-o-mineirinho'><img loading=\"lazy\" decoding=\"async\" width=\"300\" height=\"200\" src=\"https:\/\/jiujitsuminas.com.br\/01\/wp-content\/uploads\/2025\/01\/2011-RECODANDO-O-MINEIRINHO-300x200.jpg\" class=\"attachment-medium size-medium\" alt=\"\" srcset=\"https:\/\/jiujitsuminas.com.br\/01\/wp-content\/uploads\/2025\/01\/2011-RECODANDO-O-MINEIRINHO-300x200.jpg 300w, https:\/\/jiujitsuminas.com.br\/01\/wp-content\/uploads\/2025\/01\/2011-RECODANDO-O-MINEIRINHO-140x93.jpg 140w, https:\/\/jiujitsuminas.com.br\/01\/wp-content\/uploads\/2025\/01\/2011-RECODANDO-O-MINEIRINHO.jpg 700w\" sizes=\"auto, (max-width: 300px) 100vw, 300px\" \/><\/a>\n\t\t\t<\/div><\/figure><figure class='gallery-item'>\n\t\t\t<div class='gallery-icon landscape'>\n\t\t\t\t<a href='https:\/\/jiujitsuminas.com.br\/01\/home\/2018-recordando-o-mineirinho'><img loading=\"lazy\" decoding=\"async\" width=\"300\" height=\"156\" src=\"https:\/\/jiujitsuminas.com.br\/01\/wp-content\/uploads\/2025\/01\/2018-RECORDANDO-O-MINEIRINHO-300x156.jpg\" class=\"attachment-medium size-medium\" alt=\"\" srcset=\"https:\/\/jiujitsuminas.com.br\/01\/wp-content\/uploads\/2025\/01\/2018-RECORDANDO-O-MINEIRINHO-300x156.jpg 300w, https:\/\/jiujitsuminas.com.br\/01\/wp-content\/uploads\/2025\/01\/2018-RECORDANDO-O-MINEIRINHO-1024x534.jpg 1024w, https:\/\/jiujitsuminas.com.br\/01\/wp-content\/uploads\/2025\/01\/2018-RECORDANDO-O-MINEIRINHO-140x73.jpg 140w, https:\/\/jiujitsuminas.com.br\/01\/wp-content\/uploads\/2025\/01\/2018-RECORDANDO-O-MINEIRINHO-768x401.jpg 768w, https:\/\/jiujitsuminas.com.br\/01\/wp-content\/uploads\/2025\/01\/2018-RECORDANDO-O-MINEIRINHO-1536x801.jpg 1536w, https:\/\/jiujitsuminas.com.br\/01\/wp-content\/uploads\/2025\/01\/2018-RECORDANDO-O-MINEIRINHO-2048x1068.jpg 2048w\" sizes=\"auto, (max-width: 300px) 100vw, 300px\" \/><\/a>\n\t\t\t<\/div><\/figure><figure class='gallery-item'>\n\t\t\t<div class='gallery-icon landscape'>\n\t\t\t\t<a href='https:\/\/jiujitsuminas.com.br\/01\/home\/jvn9l-feminino-2012'><img loading=\"lazy\" decoding=\"async\" width=\"300\" height=\"200\" src=\"https:\/\/jiujitsuminas.com.br\/01\/wp-content\/uploads\/2025\/01\/JVN9L-FEMININO-2012-300x200.jpg\" class=\"attachment-medium size-medium\" alt=\"\" srcset=\"https:\/\/jiujitsuminas.com.br\/01\/wp-content\/uploads\/2025\/01\/JVN9L-FEMININO-2012-300x200.jpg 300w, https:\/\/jiujitsuminas.com.br\/01\/wp-content\/uploads\/2025\/01\/JVN9L-FEMININO-2012-1024x682.jpg 1024w, https:\/\/jiujitsuminas.com.br\/01\/wp-content\/uploads\/2025\/01\/JVN9L-FEMININO-2012-140x93.jpg 140w, https:\/\/jiujitsuminas.com.br\/01\/wp-content\/uploads\/2025\/01\/JVN9L-FEMININO-2012-768x512.jpg 768w, https:\/\/jiujitsuminas.com.br\/01\/wp-content\/uploads\/2025\/01\/JVN9L-FEMININO-2012.jpg 1426w\" sizes=\"auto, (max-width: 300px) 100vw, 300px\" \/><\/a>\n\t\t\t<\/div><\/figure><figure class='gallery-item'>\n\t\t\t<div class='gallery-icon landscape'>\n\t\t\t\t<a href='https:\/\/jiujitsuminas.com.br\/01\/home\/recordando-o-mineirinho'><img loading=\"lazy\" decoding=\"async\" width=\"300\" height=\"200\" src=\"https:\/\/jiujitsuminas.com.br\/01\/wp-content\/uploads\/2025\/01\/RECORDANDO-O-MINEIRINHO-300x200.jpg\" class=\"attachment-medium size-medium\" alt=\"\" srcset=\"https:\/\/jiujitsuminas.com.br\/01\/wp-content\/uploads\/2025\/01\/RECORDANDO-O-MINEIRINHO-300x200.jpg 300w, https:\/\/jiujitsuminas.com.br\/01\/wp-content\/uploads\/2025\/01\/RECORDANDO-O-MINEIRINHO-1024x682.jpg 1024w, https:\/\/jiujitsuminas.com.br\/01\/wp-content\/uploads\/2025\/01\/RECORDANDO-O-MINEIRINHO-140x93.jpg 140w, https:\/\/jiujitsuminas.com.br\/01\/wp-content\/uploads\/2025\/01\/RECORDANDO-O-MINEIRINHO-768x512.jpg 768w, https:\/\/jiujitsuminas.com.br\/01\/wp-content\/uploads\/2025\/01\/RECORDANDO-O-MINEIRINHO.jpg 1426w\" sizes=\"auto, (max-width: 300px) 100vw, 300px\" \/><\/a>\n\t\t\t<\/div><\/figure><figure class='gallery-item'>\n\t\t\t<div class='gallery-icon landscape'>\n\t\t\t\t<a href='https:\/\/jiujitsuminas.com.br\/01\/home\/feminino-2011v-_mg_3929-copia'><img loading=\"lazy\" decoding=\"async\" width=\"300\" height=\"200\" src=\"https:\/\/jiujitsuminas.com.br\/01\/wp-content\/uploads\/2025\/01\/FEMININO-2011V-_MG_3929-copia-300x200.jpg\" class=\"attachment-medium size-medium\" alt=\"\" srcset=\"https:\/\/jiujitsuminas.com.br\/01\/wp-content\/uploads\/2025\/01\/FEMININO-2011V-_MG_3929-copia-300x200.jpg 300w, https:\/\/jiujitsuminas.com.br\/01\/wp-content\/uploads\/2025\/01\/FEMININO-2011V-_MG_3929-copia-140x93.jpg 140w, https:\/\/jiujitsuminas.com.br\/01\/wp-content\/uploads\/2025\/01\/FEMININO-2011V-_MG_3929-copia.jpg 700w\" sizes=\"auto, (max-width: 300px) 100vw, 300px\" \/><\/a>\n\t\t\t<\/div><\/figure><figure class='gallery-item'>\n\t\t\t<div class='gallery-icon landscape'>\n\t\t\t\t<a href='https:\/\/jiujitsuminas.com.br\/01\/home\/2011-recordand-o-minerinho-o-2'><img loading=\"lazy\" decoding=\"async\" width=\"300\" height=\"200\" src=\"https:\/\/jiujitsuminas.com.br\/01\/wp-content\/uploads\/2025\/01\/2011-RECORDAND-O-MINERINHO-O-1-300x200.jpg\" class=\"attachment-medium size-medium\" alt=\"\" srcset=\"https:\/\/jiujitsuminas.com.br\/01\/wp-content\/uploads\/2025\/01\/2011-RECORDAND-O-MINERINHO-O-1-300x200.jpg 300w, https:\/\/jiujitsuminas.com.br\/01\/wp-content\/uploads\/2025\/01\/2011-RECORDAND-O-MINERINHO-O-1-140x93.jpg 140w, https:\/\/jiujitsuminas.com.br\/01\/wp-content\/uploads\/2025\/01\/2011-RECORDAND-O-MINERINHO-O-1.jpg 700w\" sizes=\"auto, (max-width: 300px) 100vw, 300px\" \/><\/a>\n\t\t\t<\/div><\/figure><figure class='gallery-item'>\n\t\t\t<div class='gallery-icon landscape'>\n\t\t\t\t<a href='https:\/\/jiujitsuminas.com.br\/01\/home\/2018-mineirinho-competidoras-infantis-1a-etapa-2018-fmjj-26'><img loading=\"lazy\" decoding=\"async\" width=\"300\" height=\"225\" src=\"https:\/\/jiujitsuminas.com.br\/01\/wp-content\/uploads\/2025\/01\/2018-MINEIRINHO-COMPETIDORAS-INFANTIS-1a-ETAPA-2018-FMJJ-26-300x225.jpg\" class=\"attachment-medium size-medium\" alt=\"\" srcset=\"https:\/\/jiujitsuminas.com.br\/01\/wp-content\/uploads\/2025\/01\/2018-MINEIRINHO-COMPETIDORAS-INFANTIS-1a-ETAPA-2018-FMJJ-26-300x225.jpg 300w, https:\/\/jiujitsuminas.com.br\/01\/wp-content\/uploads\/2025\/01\/2018-MINEIRINHO-COMPETIDORAS-INFANTIS-1a-ETAPA-2018-FMJJ-26-1024x768.jpg 1024w, https:\/\/jiujitsuminas.com.br\/01\/wp-content\/uploads\/2025\/01\/2018-MINEIRINHO-COMPETIDORAS-INFANTIS-1a-ETAPA-2018-FMJJ-26-140x105.jpg 140w, https:\/\/jiujitsuminas.com.br\/01\/wp-content\/uploads\/2025\/01\/2018-MINEIRINHO-COMPETIDORAS-INFANTIS-1a-ETAPA-2018-FMJJ-26-768x576.jpg 768w, https:\/\/jiujitsuminas.com.br\/01\/wp-content\/uploads\/2025\/01\/2018-MINEIRINHO-COMPETIDORAS-INFANTIS-1a-ETAPA-2018-FMJJ-26-1536x1152.jpg 1536w, https:\/\/jiujitsuminas.com.br\/01\/wp-content\/uploads\/2025\/01\/2018-MINEIRINHO-COMPETIDORAS-INFANTIS-1a-ETAPA-2018-FMJJ-26-2048x1536.jpg 2048w, https:\/\/jiujitsuminas.com.br\/01\/wp-content\/uploads\/2025\/01\/2018-MINEIRINHO-COMPETIDORAS-INFANTIS-1a-ETAPA-2018-FMJJ-26-678x509.jpg 678w, https:\/\/jiujitsuminas.com.br\/01\/wp-content\/uploads\/2025\/01\/2018-MINEIRINHO-COMPETIDORAS-INFANTIS-1a-ETAPA-2018-FMJJ-26-326x245.jpg 326w, https:\/\/jiujitsuminas.com.br\/01\/wp-content\/uploads\/2025\/01\/2018-MINEIRINHO-COMPETIDORAS-INFANTIS-1a-ETAPA-2018-FMJJ-26-80x60.jpg 80w\" sizes=\"auto, (max-width: 300px) 100vw, 300px\" \/><\/a>\n\t\t\t<\/div><\/figure><figure class='gallery-item'>\n\t\t\t<div class='gallery-icon landscape'>\n\t\t\t\t<a href='https:\/\/jiujitsuminas.com.br\/01\/home\/2011-recordand-o-minerinho-o'><img loading=\"lazy\" decoding=\"async\" width=\"300\" height=\"200\" src=\"https:\/\/jiujitsuminas.com.br\/01\/wp-content\/uploads\/2025\/01\/2011-RECORDAND-O-MINERINHO-O-300x200.jpg\" class=\"attachment-medium size-medium\" alt=\"\" srcset=\"https:\/\/jiujitsuminas.com.br\/01\/wp-content\/uploads\/2025\/01\/2011-RECORDAND-O-MINERINHO-O-300x200.jpg 300w, https:\/\/jiujitsuminas.com.br\/01\/wp-content\/uploads\/2025\/01\/2011-RECORDAND-O-MINERINHO-O-140x93.jpg 140w, https:\/\/jiujitsuminas.com.br\/01\/wp-content\/uploads\/2025\/01\/2011-RECORDAND-O-MINERINHO-O.jpg 700w\" sizes=\"auto, (max-width: 300px) 100vw, 300px\" \/><\/a>\n\t\t\t<\/div><\/figure><figure class='gallery-item'>\n\t\t\t<div class='gallery-icon landscape'>\n\t\t\t\t<a href='https:\/\/jiujitsuminas.com.br\/01\/home\/2011-arbitros-da-federacao-_mg_1695-copia'><img loading=\"lazy\" decoding=\"async\" width=\"300\" height=\"200\" src=\"https:\/\/jiujitsuminas.com.br\/01\/wp-content\/uploads\/2025\/01\/2011-ARBITROS-DA-FEDERACAO-_MG_1695-copia-300x200.jpg\" class=\"attachment-medium size-medium\" alt=\"\" srcset=\"https:\/\/jiujitsuminas.com.br\/01\/wp-content\/uploads\/2025\/01\/2011-ARBITROS-DA-FEDERACAO-_MG_1695-copia-300x200.jpg 300w, https:\/\/jiujitsuminas.com.br\/01\/wp-content\/uploads\/2025\/01\/2011-ARBITROS-DA-FEDERACAO-_MG_1695-copia-1024x682.jpg 1024w, https:\/\/jiujitsuminas.com.br\/01\/wp-content\/uploads\/2025\/01\/2011-ARBITROS-DA-FEDERACAO-_MG_1695-copia-140x93.jpg 140w, https:\/\/jiujitsuminas.com.br\/01\/wp-content\/uploads\/2025\/01\/2011-ARBITROS-DA-FEDERACAO-_MG_1695-copia-768x512.jpg 768w, https:\/\/jiujitsuminas.com.br\/01\/wp-content\/uploads\/2025\/01\/2011-ARBITROS-DA-FEDERACAO-_MG_1695-copia.jpg 1426w\" sizes=\"auto, (max-width: 300px) 100vw, 300px\" \/><\/a>\n\t\t\t<\/div><\/figure><figure class='gallery-item'>\n\t\t\t<div class='gallery-icon landscape'>\n\t\t\t\t<a href='https:\/\/jiujitsuminas.com.br\/01\/home\/2011-recordando-o-mineirinho-2'><img loading=\"lazy\" decoding=\"async\" width=\"300\" height=\"200\" src=\"https:\/\/jiujitsuminas.com.br\/01\/wp-content\/uploads\/2025\/01\/2011-RECORDANDO-O-MINEIRINHO-2-300x200.jpg\" class=\"attachment-medium size-medium\" alt=\"\" srcset=\"https:\/\/jiujitsuminas.com.br\/01\/wp-content\/uploads\/2025\/01\/2011-RECORDANDO-O-MINEIRINHO-2-300x200.jpg 300w, https:\/\/jiujitsuminas.com.br\/01\/wp-content\/uploads\/2025\/01\/2011-RECORDANDO-O-MINEIRINHO-2-140x93.jpg 140w, https:\/\/jiujitsuminas.com.br\/01\/wp-content\/uploads\/2025\/01\/2011-RECORDANDO-O-MINEIRINHO-2.jpg 700w\" sizes=\"auto, (max-width: 300px) 100vw, 300px\" \/><\/a>\n\t\t\t<\/div><\/figure><figure class='gallery-item'>\n\t\t\t<div class='gallery-icon landscape'>\n\t\t\t\t<a href='https:\/\/jiujitsuminas.com.br\/01\/home\/2011-recordando-o-mineirinho'><img loading=\"lazy\" decoding=\"async\" width=\"300\" height=\"200\" src=\"https:\/\/jiujitsuminas.com.br\/01\/wp-content\/uploads\/2025\/01\/2011-RECORDANDO-O-MINEIRINHO-1-300x200.jpg\" class=\"attachment-medium size-medium\" alt=\"\" srcset=\"https:\/\/jiujitsuminas.com.br\/01\/wp-content\/uploads\/2025\/01\/2011-RECORDANDO-O-MINEIRINHO-1-300x200.jpg 300w, https:\/\/jiujitsuminas.com.br\/01\/wp-content\/uploads\/2025\/01\/2011-RECORDANDO-O-MINEIRINHO-1-140x93.jpg 140w, https:\/\/jiujitsuminas.com.br\/01\/wp-content\/uploads\/2025\/01\/2011-RECORDANDO-O-MINEIRINHO-1.jpg 700w\" sizes=\"auto, (max-width: 300px) 100vw, 300px\" \/><\/a>\n\t\t\t<\/div><\/figure><figure class='gallery-item'>\n\t\t\t<div class='gallery-icon landscape'>\n\t\t\t\t<a href='https:\/\/jiujitsuminas.com.br\/01\/home\/2011-formatura-no-mineirinhio'><img loading=\"lazy\" decoding=\"async\" width=\"300\" height=\"200\" src=\"https:\/\/jiujitsuminas.com.br\/01\/wp-content\/uploads\/2025\/01\/2011-FORMATURA-NO-MINEIRINHIO-300x200.jpg\" class=\"attachment-medium size-medium\" alt=\"\" srcset=\"https:\/\/jiujitsuminas.com.br\/01\/wp-content\/uploads\/2025\/01\/2011-FORMATURA-NO-MINEIRINHIO-300x200.jpg 300w, https:\/\/jiujitsuminas.com.br\/01\/wp-content\/uploads\/2025\/01\/2011-FORMATURA-NO-MINEIRINHIO-140x93.jpg 140w, https:\/\/jiujitsuminas.com.br\/01\/wp-content\/uploads\/2025\/01\/2011-FORMATURA-NO-MINEIRINHIO.jpg 700w\" sizes=\"auto, (max-width: 300px) 100vw, 300px\" \/><\/a>\n\t\t\t<\/div><\/figure><figure class='gallery-item'>\n\t\t\t<div class='gallery-icon landscape'>\n\t\t\t\t<a href='https:\/\/jiujitsuminas.com.br\/01\/home\/_feminino-adltulto'><img loading=\"lazy\" decoding=\"async\" width=\"300\" height=\"200\" src=\"https:\/\/jiujitsuminas.com.br\/01\/wp-content\/uploads\/2025\/01\/FEMININO-ADLTULTO-300x200.jpg\" class=\"attachment-medium size-medium\" alt=\"\" srcset=\"https:\/\/jiujitsuminas.com.br\/01\/wp-content\/uploads\/2025\/01\/FEMININO-ADLTULTO-300x200.jpg 300w, https:\/\/jiujitsuminas.com.br\/01\/wp-content\/uploads\/2025\/01\/FEMININO-ADLTULTO-1024x682.jpg 1024w, https:\/\/jiujitsuminas.com.br\/01\/wp-content\/uploads\/2025\/01\/FEMININO-ADLTULTO-140x93.jpg 140w, https:\/\/jiujitsuminas.com.br\/01\/wp-content\/uploads\/2025\/01\/FEMININO-ADLTULTO-768x512.jpg 768w, https:\/\/jiujitsuminas.com.br\/01\/wp-content\/uploads\/2025\/01\/FEMININO-ADLTULTO.jpg 1426w\" sizes=\"auto, (max-width: 300px) 100vw, 300px\" \/><\/a>\n\t\t\t<\/div><\/figure><figure class='gallery-item'>\n\t\t\t<div class='gallery-icon portrait'>\n\t\t\t\t<a href='https:\/\/jiujitsuminas.com.br\/01\/home\/_2011-recordando-o-mineirinho'><img loading=\"lazy\" decoding=\"async\" width=\"200\" height=\"300\" src=\"https:\/\/jiujitsuminas.com.br\/01\/wp-content\/uploads\/2025\/01\/2011-RECORDANDO-O-MINEIRINHO-200x300.jpg\" class=\"attachment-medium size-medium\" alt=\"\" srcset=\"https:\/\/jiujitsuminas.com.br\/01\/wp-content\/uploads\/2025\/01\/2011-RECORDANDO-O-MINEIRINHO-200x300.jpg 200w, https:\/\/jiujitsuminas.com.br\/01\/wp-content\/uploads\/2025\/01\/2011-RECORDANDO-O-MINEIRINHO-683x1024.jpg 683w, https:\/\/jiujitsuminas.com.br\/01\/wp-content\/uploads\/2025\/01\/2011-RECORDANDO-O-MINEIRINHO-100x150.jpg 100w, https:\/\/jiujitsuminas.com.br\/01\/wp-content\/uploads\/2025\/01\/2011-RECORDANDO-O-MINEIRINHO.jpg 700w\" sizes=\"auto, (max-width: 200px) 100vw, 200px\" \/><\/a>\n\t\t\t<\/div><\/figure><figure class='gallery-item'>\n\t\t\t<div class='gallery-icon landscape'>\n\t\t\t\t<a href='https:\/\/jiujitsuminas.com.br\/01\/home\/_-recordando-mineirinho-2011'><img loading=\"lazy\" decoding=\"async\" width=\"300\" height=\"200\" src=\"https:\/\/jiujitsuminas.com.br\/01\/wp-content\/uploads\/2025\/01\/RECORDANDO-MINEIRINHO-2011-300x200.jpg\" class=\"attachment-medium size-medium\" alt=\"\" srcset=\"https:\/\/jiujitsuminas.com.br\/01\/wp-content\/uploads\/2025\/01\/RECORDANDO-MINEIRINHO-2011-300x200.jpg 300w, https:\/\/jiujitsuminas.com.br\/01\/wp-content\/uploads\/2025\/01\/RECORDANDO-MINEIRINHO-2011-1024x682.jpg 1024w, https:\/\/jiujitsuminas.com.br\/01\/wp-content\/uploads\/2025\/01\/RECORDANDO-MINEIRINHO-2011-140x93.jpg 140w, https:\/\/jiujitsuminas.com.br\/01\/wp-content\/uploads\/2025\/01\/RECORDANDO-MINEIRINHO-2011-768x512.jpg 768w, https:\/\/jiujitsuminas.com.br\/01\/wp-content\/uploads\/2025\/01\/RECORDANDO-MINEIRINHO-2011.jpg 1426w\" sizes=\"auto, (max-width: 300px) 100vw, 300px\" \/><\/a>\n\t\t\t<\/div><\/figure>\n\t\t<\/div>\n\n<h4 style=\"text-align: left;\"><strong>GINASIO DO MINEIRINHO&nbsp; EM 2015&nbsp; &#8211; ANTES DA TERCEIRIZA\u00c7\u00c3O&nbsp; QUE&nbsp; AFASTOU AS FEDERA\u00c7\u00d5ES DE L\u00c1!&nbsp;&nbsp;<\/strong><\/h4>\n<h4 style=\"text-align: left;\"><strong>&nbsp; &nbsp; &nbsp; &nbsp; &nbsp; &nbsp; &nbsp; &nbsp; &nbsp; &nbsp; &nbsp; &nbsp; &nbsp; <\/strong><strong>.<\/strong><img loading=\"lazy\" decoding=\"async\" class=\"alignleft\" style=\"font-weight: 400;\" src=\"https:\/\/jiujitsuminas.com.br\/01\/wp-content\/uploads\/2020\/06\/1%C2%AA-ETAPA-SOCIAIS021.jpg\" width=\"768\" height=\"511\"><\/h4>\n<h3 style=\"text-align: center;\"><span style=\"color: #0000ff;\"><strong style=\"color: #0000ff;\"><img loading=\"lazy\" decoding=\"async\" class=\"wp-image-23156 alignleft\" src=\"https:\/\/jiujitsuminas.com.br\/01\/wp-content\/uploads\/2025\/02\/CORPO-ARIBTRAI-Copia-300x119.jpg\" alt=\"\" width=\"774\" height=\"307\" srcset=\"https:\/\/jiujitsuminas.com.br\/01\/wp-content\/uploads\/2025\/02\/CORPO-ARIBTRAI-Copia-300x119.jpg 300w, https:\/\/jiujitsuminas.com.br\/01\/wp-content\/uploads\/2025\/02\/CORPO-ARIBTRAI-Copia-140x56.jpg 140w, https:\/\/jiujitsuminas.com.br\/01\/wp-content\/uploads\/2025\/02\/CORPO-ARIBTRAI-Copia-768x305.jpg 768w, https:\/\/jiujitsuminas.com.br\/01\/wp-content\/uploads\/2025\/02\/CORPO-ARIBTRAI-Copia.jpg 800w\" sizes=\"auto, (max-width: 774px) 100vw, 774px\" \/><\/strong><\/span><\/h3>\n<p style=\"text-align: center;\">&nbsp;<\/p>\n<p>&nbsp;<\/p>\n<p>&nbsp;<\/p>\n<p>&nbsp;<\/p>\n<p>&nbsp;<\/p>\n<p>&nbsp;<\/p>\n<p>&nbsp;<\/p>\n<p>&nbsp;<\/p>\n<p>&nbsp;<\/p>\n<p>&nbsp;<\/p>\n<p>&nbsp;<\/p>\n<p>&nbsp;<\/p>\n<p>&nbsp;<\/p>\n<p>&nbsp;<\/p>\n<p>&nbsp;<\/p>\n<p>&nbsp;<\/p>\n<p>&nbsp;<\/p>\n<h3>&nbsp;<\/h3>\n<h3 style=\"text-align: left;\"><span style=\"color: #0000ff;\"><strong>&nbsp; &nbsp; &nbsp;<\/strong><\/span><\/h3>\n<h3>&nbsp;<\/h3>\n<h3 style=\"text-align: left;\"><span style=\"color: #0000ff;\"><strong> &nbsp; &nbsp; &nbsp; &nbsp;<\/strong><\/span><span style=\"color: #0000ff;\"><strong>&nbsp;<\/strong><\/span><\/h3>\n<ul>\n<li style=\"text-align: left;\"><strong>&nbsp; &nbsp; &nbsp; &nbsp; &nbsp;<\/strong><span style=\"color: #0000ff;\">&nbsp; &nbsp; &nbsp; &nbsp; &nbsp; &nbsp; &nbsp; &nbsp; &nbsp; &nbsp; &nbsp; &nbsp; &nbsp; &nbsp; &nbsp; &nbsp; &nbsp; &nbsp; &nbsp; &nbsp; &nbsp; &nbsp; &nbsp; &nbsp; &nbsp; &nbsp; &nbsp; &nbsp; &nbsp; &nbsp; &nbsp; &nbsp; &nbsp; &nbsp; &nbsp; &nbsp; &nbsp; &nbsp;<\/span><\/li>\n<\/ul>\n<ul>\n<li style=\"list-style-type: none;\">\n<ul>\n<li style=\"text-align: left;\">\n<h4 style=\"text-align: left;\"><a href=\"https:\/\/jiujitsuminas.com.br\/01\/wp-content\/uploads\/2024\/12\/OS-DIPLOMADOS-1-scaled.jpg\"><img loading=\"lazy\" decoding=\"async\" class=\"wp-image-22902\" src=\"https:\/\/jiujitsuminas.com.br\/01\/wp-content\/uploads\/2024\/12\/OS-DIPLOMADOS-1-300x200.jpg\" alt=\"\" width=\"708\" height=\"472\" srcset=\"https:\/\/jiujitsuminas.com.br\/01\/wp-content\/uploads\/2024\/12\/OS-DIPLOMADOS-1-300x200.jpg 300w, https:\/\/jiujitsuminas.com.br\/01\/wp-content\/uploads\/2024\/12\/OS-DIPLOMADOS-1-1024x683.jpg 1024w, https:\/\/jiujitsuminas.com.br\/01\/wp-content\/uploads\/2024\/12\/OS-DIPLOMADOS-1-140x93.jpg 140w, https:\/\/jiujitsuminas.com.br\/01\/wp-content\/uploads\/2024\/12\/OS-DIPLOMADOS-1-768x512.jpg 768w, https:\/\/jiujitsuminas.com.br\/01\/wp-content\/uploads\/2024\/12\/OS-DIPLOMADOS-1-1536x1024.jpg 1536w, https:\/\/jiujitsuminas.com.br\/01\/wp-content\/uploads\/2024\/12\/OS-DIPLOMADOS-1-2048x1365.jpg 2048w\" sizes=\"auto, (max-width: 708px) 100vw, 708px\" \/><\/a><span style=\"color: #0000ff;\"><span style=\"color: #ff0000;\">&nbsp; &nbsp; &nbsp; &nbsp; &nbsp; &nbsp; &nbsp; &nbsp; &nbsp; &nbsp; &nbsp; &nbsp; &nbsp; &nbsp; &nbsp; &nbsp; &nbsp; &nbsp; &nbsp; &nbsp; &nbsp; &nbsp; &nbsp; &nbsp; &nbsp; &nbsp; &nbsp; &nbsp; &nbsp; &nbsp; &nbsp; &nbsp; &nbsp; &nbsp; &nbsp; &nbsp; &nbsp; &nbsp; &nbsp; &nbsp; &nbsp; &nbsp; &nbsp; &nbsp; &nbsp; &nbsp; &nbsp; &nbsp; &nbsp; &nbsp; &nbsp; &nbsp; &nbsp; &nbsp; &nbsp; &nbsp; &nbsp; &nbsp; &nbsp; &nbsp; &nbsp; &nbsp; <\/span><\/span><\/h4>\n<\/li>\n<\/ul>\n<\/li>\n<\/ul>\n<p>&nbsp;<\/p>\n<ul>\n<li style=\"text-align: left;\">\n<p style=\"text-align: center;\"><strong> <img loading=\"lazy\" decoding=\"async\" class=\"alignleft\" src=\"https:\/\/jiujitsuminas.com.br\/01\/wp-content\/uploads\/2025\/07\/2018-DIPLOMADOS-E-ELEVADOS-300x98.jpg\" width=\"695\" height=\"227\"><\/strong><\/p>\n<\/li>\n<li>&nbsp;<\/li>\n<li>&nbsp;<\/li>\n<li>&nbsp;<\/li>\n<li>&nbsp;<\/li>\n<li>&nbsp;<\/li>\n<li>&nbsp;<\/li>\n<li>&nbsp;<\/li>\n<li>&nbsp;<\/li>\n<li style=\"text-align: left;\">\n<p style=\"text-align: center;\"><strong><strong>2018<\/strong>&nbsp; &nbsp; &nbsp; &nbsp; &nbsp; &nbsp; &nbsp; &nbsp;<\/strong><\/p>\n<hr>\n<p style=\"text-align: center;\"><strong>&nbsp; &nbsp; &nbsp; &nbsp; &nbsp; &nbsp; &nbsp;&nbsp;<\/strong><\/p>\n<h3><strong>&nbsp; &nbsp; &nbsp; &nbsp;<\/strong>&nbsp; <a href=\"https:\/\/jiujitsuminas.com.br\/01\/wp-content\/uploads\/2024\/12\/2012-foto-CONARS-12-scaled.jpg\"><img loading=\"lazy\" decoding=\"async\" class=\"wp-image-22926 aligncenter\" src=\"https:\/\/jiujitsuminas.com.br\/01\/wp-content\/uploads\/2024\/12\/2012-foto-CONARS-12-300x144.jpg\" alt=\"\" width=\"893\" height=\"429\" srcset=\"https:\/\/jiujitsuminas.com.br\/01\/wp-content\/uploads\/2024\/12\/2012-foto-CONARS-12-300x144.jpg 300w, https:\/\/jiujitsuminas.com.br\/01\/wp-content\/uploads\/2024\/12\/2012-foto-CONARS-12-1024x491.jpg 1024w, https:\/\/jiujitsuminas.com.br\/01\/wp-content\/uploads\/2024\/12\/2012-foto-CONARS-12-140x67.jpg 140w, https:\/\/jiujitsuminas.com.br\/01\/wp-content\/uploads\/2024\/12\/2012-foto-CONARS-12-768x368.jpg 768w, https:\/\/jiujitsuminas.com.br\/01\/wp-content\/uploads\/2024\/12\/2012-foto-CONARS-12-1536x737.jpg 1536w, https:\/\/jiujitsuminas.com.br\/01\/wp-content\/uploads\/2024\/12\/2012-foto-CONARS-12-2048x982.jpg 2048w\" sizes=\"auto, (max-width: 893px) 100vw, 893px\" \/><\/a><\/h3>\n<\/li>\n<\/ul>\n<h3 style=\"text-align: center;\"><strong>O CONARS ( O&nbsp; CONSELHO SUPERIOR DA F.M.J-J )-&nbsp; COMPOSTO DE&nbsp; 13 MESTRES DO 7\u00ba AO 9\u00ba GRAU. HOJE&nbsp; MODIFICICADO&nbsp; &nbsp;POR&nbsp; &nbsp;MOTIVOS JUSTIFIVEIS: FALECIMENTOS E AUSENCIA DE ALGUNS <span style=\"color: #0000ff;\">.HIERARQIA<\/span> <\/strong><strong style=\"color: #0000ff;\">&nbsp; NO ESPORTE NAS ARTES MARCIAIS!&nbsp; &nbsp; &nbsp;<\/strong><span style=\"color: #0000ff;\">&nbsp; &nbsp; &nbsp; &nbsp;<\/span><\/h3>\n<h4 style=\"text-align: left;\">&nbsp; &nbsp;<\/h4>\n<h4 style=\"text-align: left;\">&nbsp;A&nbsp; &nbsp;A HIEARARQUIA NAS ARTES&nbsp; MARCIAIS&nbsp; &nbsp;, NA EXIGENCIA DA LEI&nbsp; \u00c9:&nbsp; &nbsp;ASSOCIA\u00c7A\u00d5 ESPOPORTIVA MUNICIPAL, FEDERA\u00c7\u00c3O&nbsp; ESTADUAL&nbsp; E CONFEDERA\u00c7\u00c3O&nbsp; NACIONAL.&nbsp; E&nbsp; ADMITE&nbsp; &#8220;SOMENTE&nbsp; UMA&nbsp; FEDERA\u00c7\u00c3O&nbsp; ESTADUAL PARA&nbsp; &nbsp; CADA MODALIDADE ESPORTIVAE &#8220;. QUALQUER OUTR\u00c1&nbsp; QUE&nbsp; SURGIR&nbsp; \u00c9 PARALELA OU CLANDESTINA&nbsp; E&nbsp; &nbsp;SEM&nbsp; AMPARO DA LEI.&nbsp; &nbsp; &nbsp;A CONFEDERA\u00c7\u00c3O&nbsp; ATUA COM AS FEDERA\u00c7\u00d5ES ESTADUAIS E TAMBEM PODER\u00c1 SOFRER CONSEQUENCIAS&nbsp; SE NA\u00d5 SEGUIR AS&nbsp; REGRAS&nbsp; ESTABELECIDAS.&nbsp; &nbsp; &nbsp;<\/h4>\n<h4><img loading=\"lazy\" decoding=\"async\" class=\" wp-image-22440 alignleft\" src=\"https:\/\/jiujitsuminas.com.br\/01\/wp-content\/uploads\/2024\/09\/BOLETIM-IFORMATIVO-1-Copia.gif\" alt=\"\" width=\"94\" height=\"110\">&nbsp; &nbsp; &nbsp; &nbsp; &nbsp; &nbsp; &nbsp; &nbsp; &nbsp; &nbsp; &nbsp; &nbsp; &nbsp; &nbsp; &nbsp; &nbsp; &nbsp; &nbsp; &nbsp; &nbsp; &nbsp; &nbsp; &nbsp; &nbsp; &nbsp; &nbsp; &nbsp; &nbsp; &nbsp; &nbsp; &nbsp; &nbsp; &nbsp; &nbsp; &nbsp; &nbsp; &nbsp; &nbsp; &nbsp; &nbsp; &nbsp; &nbsp; &nbsp; &nbsp; &nbsp; &nbsp; &nbsp; &nbsp; &nbsp; &nbsp; &nbsp; &nbsp; &nbsp; &nbsp; &nbsp; &nbsp; &nbsp; &nbsp; &nbsp; &nbsp; &nbsp; &nbsp; &nbsp; &nbsp; &nbsp;<\/h4>\n<hr>\n<p>&nbsp;<\/p>\n<h3 style=\"text-align: center;\"><span style=\"color: #0000ff;\"><a href=\"https:\/\/jiujitsuminas.com.br\/01\/wp-content\/uploads\/2024\/09\/FMJJ-ET-CONTAGEM-28520233-49-scaled.jpg\"><img loading=\"lazy\" decoding=\"async\" class=\"wp-image-22455 alignleft\" src=\"https:\/\/jiujitsuminas.com.br\/01\/wp-content\/uploads\/2024\/09\/FMJJ-ET-CONTAGEM-28520233-49-140x93.jpg\" alt=\"\" width=\"247\" height=\"164\" srcset=\"https:\/\/jiujitsuminas.com.br\/01\/wp-content\/uploads\/2024\/09\/FMJJ-ET-CONTAGEM-28520233-49-140x93.jpg 140w, https:\/\/jiujitsuminas.com.br\/01\/wp-content\/uploads\/2024\/09\/FMJJ-ET-CONTAGEM-28520233-49-300x200.jpg 300w, https:\/\/jiujitsuminas.com.br\/01\/wp-content\/uploads\/2024\/09\/FMJJ-ET-CONTAGEM-28520233-49-1024x683.jpg 1024w, https:\/\/jiujitsuminas.com.br\/01\/wp-content\/uploads\/2024\/09\/FMJJ-ET-CONTAGEM-28520233-49-768x512.jpg 768w, https:\/\/jiujitsuminas.com.br\/01\/wp-content\/uploads\/2024\/09\/FMJJ-ET-CONTAGEM-28520233-49-1536x1024.jpg 1536w, https:\/\/jiujitsuminas.com.br\/01\/wp-content\/uploads\/2024\/09\/FMJJ-ET-CONTAGEM-28520233-49-2048x1365.jpg 2048w\" sizes=\"auto, (max-width: 247px) 100vw, 247px\" \/><\/a>O ALVAR\u00c1&nbsp; DA FEDERA\u00c7\u00c2O MINEIRA DE JIU-JITSU-F.M.J-J&nbsp; ( a&nbsp; Federa\u00e7\u00e3o oficial do jiu-jitsu do Estado de Minas Gerais) .<\/span><\/h3>\n<h4 style=\"text-align: center;\"><span style=\"color: #ff0000;\"><strong>IMPORTANTE !&nbsp; &nbsp;<span style=\"color: #000000;\">MANTENHA&nbsp; &nbsp; O ALVAR\u00c1&nbsp; DA&nbsp; &nbsp;EQUPE&nbsp; DO ANO EM CURSO&nbsp; &nbsp; SEMPRE A VISTA&nbsp; DO&nbsp; P\u00daBLICO&nbsp; .&nbsp; &nbsp;POIS&nbsp; O ALVAR\u00c1 DA F.M.J-J&nbsp; &nbsp; \u00c9&nbsp; A \u00b4\u00daNICA&nbsp; &nbsp; &nbsp;GARANTIA&nbsp; DA&nbsp; &nbsp;SUA EQUIPE , REGISTRADA,&nbsp; LEGALIZADA&nbsp; E&nbsp; AUTORIZADA&nbsp; PARA&nbsp; &nbsp; ATUAR ,OFICIALMENE,&nbsp; NO ESTADO DE MINAS GERAIS .&nbsp; &nbsp; &nbsp;<span style=\"color: #ff0000;\">CUIDE-SE! !<\/span><\/span><\/strong><\/span><\/h4>\n<hr>\n<h3><strong>A<span style=\"color: #ff0000;\">TEN\u00c7A\u00d5 PORTADORES&nbsp; DE FAIXAS PRETAS DE JIU-JITSU,DE QUALQUER GRAU, NO&nbsp; TERRITORIO&nbsp; MINEIRO.<\/span><\/strong><\/h3>\n<h3><em>SEJA DE QUAL&nbsp; ENTIDADE&nbsp; FOR !&nbsp; &nbsp; &nbsp;Para ter plena validade no territ\u00f3rio mineiro os portadores da faixa&nbsp;&nbsp; preta de jiu-jitsu ,lisas ou graduadas, devem ser registradas &nbsp;na Federa\u00e7\u00e3o Oficial do Jiu-Jitsu &nbsp;do Estado de Minas Gerais-F.M.J-J. ,pois ,nenhuma entidade esta acima da F.M.J-J&nbsp; no territ\u00f3rio mineiro&nbsp; ,que etambem&nbsp; &nbsp;\u00e9&nbsp; &nbsp;Entidade Esportiva de Utilidadep\u00fablica Estadual&nbsp; e Muncuivip\u00e1l.<\/em><\/h3>\n<hr>\n<h3>MEC RM 1976<\/h3>\n<h3><em>F.M.J-J -Entidade &nbsp;reconhecido pelo Minist\u00e9rio da Educa\u00e7\u00e3o e Cultura- &nbsp;MEC- e Conselho Nacional de Desportos -CND &nbsp;em 1976.&nbsp; &nbsp; &nbsp; &nbsp; &nbsp; &nbsp; &nbsp; &nbsp; &nbsp; &nbsp; <strong>Comunicado do MEC \u201c Ao Senhor Presidente&nbsp; da Federa\u00e7a\u00f5, comunico a V.Sa para os devidos fins, de ordem do Senhor Presidente, que o Sr. Ministro da Educa\u00e7\u00e3o e Cultura hom\u00f3logos em 12.01.76 o parecer n\u00ba 20\/75 do C.N.D. que aprovou o Estatuto da Federa\u00e7\u00e3o Mineira de Jiu-jitsu, tendo o referido despacho sido publicado no di\u00e1rio oficial a Uni\u00e3o de 21.01.1976.&nbsp; Secret\u00e1rio&nbsp; Federal Afonso Costa &#8220;<\/strong><\/em><\/h3>\n<h3><strong><em>Entidade Esp<\/em>ortiva recohecida&nbsp; como Utilidade P\u00fabiica&nbsp; Municipal (BH) sob&nbsp; Lei&nbsp; 3094\/1979&nbsp; e Utilidade P\u00fablica Estadual-Lei 24276\/2023&nbsp; assinada pelo Governador&nbsp; Zema.<\/strong><\/h3>\n<h4>&nbsp;<\/h4>\n<hr>\n<hr>\n<h3 style=\"text-align: center;\"><strong>&nbsp;<\/strong>&nbsp;<strong> &nbsp; &nbsp; &nbsp;<\/strong>&nbsp;&nbsp;<br \/>\n<span style=\"color: #ff0000;\">CUIDADO ! VACINEM-SE!<\/span><\/h3>\n<h3 style=\"text-align: left;\"><strong>&nbsp; &nbsp; &nbsp;&nbsp;<\/strong><strong>Mosquito Chikungunya, Denge e outras &#8211; continuam&nbsp; em a\u00e7a\u00f5 por ai!<\/strong><\/h3>\n<h3 style=\"text-align: left;\"><img loading=\"lazy\" decoding=\"async\" class=\"wp-image-21633 alignleft\" src=\"https:\/\/jiujitsuminas.com.br\/01\/wp-content\/uploads\/2024\/03\/mosquito-chikugunia.jpg\" alt=\"\" width=\"184\" height=\"126\" srcset=\"https:\/\/jiujitsuminas.com.br\/01\/wp-content\/uploads\/2024\/03\/mosquito-chikugunia.jpg 216w, https:\/\/jiujitsuminas.com.br\/01\/wp-content\/uploads\/2024\/03\/mosquito-chikugunia-140x96.jpg 140w\" sizes=\"auto, (max-width: 184px) 100vw, 184px\" \/><\/h3>\n<h4 style=\"text-align: left;\"><strong>&nbsp;A&nbsp; Chikugunya ,Dengue,Convie-19,gripe&nbsp; e tantas outras continuam por ai,rodando e atingindo tantas&nbsp; pessoas&nbsp; .&nbsp; &nbsp; &nbsp; &nbsp; As&nbsp; vacinas&nbsp; contra tantos males esta\u00f5 disponiveis&nbsp; .&nbsp; &nbsp; &nbsp; &nbsp; &nbsp; Procurem nos Postos de Saude&nbsp; e lugares indicados .&nbsp; &nbsp; &nbsp; &nbsp; &nbsp; &nbsp; &nbsp; &nbsp; &nbsp; &nbsp; &nbsp; &nbsp;Na\u00f5 deixem para&nbsp; &nbsp;amanh\u00e3, v\u00e1 gora proteger-se!&nbsp;<\/strong><\/h4>\n<h4><strong>&nbsp;FORMAS NATURAIS DE MELHORAR A IMUNIDADE. H\u00c1BITOS DE VIDA SAUD\u00c1VEL:&nbsp; &nbsp; &nbsp; &nbsp; Alimentar-se&nbsp; de maneira saud\u00e1vel ; Dormir bem;&nbsp; Praticar exercicios f\u00edsicos;&nbsp; Hidratar-se ; Evitar situa\u00e7\u00f5es que provocam&nbsp; estresse.&nbsp; &nbsp; &nbsp; &nbsp; &nbsp; &nbsp; &nbsp; &nbsp; &nbsp; &nbsp; &nbsp; &nbsp; &nbsp; &nbsp; &nbsp; &nbsp; &nbsp; &nbsp; &nbsp; &nbsp; &nbsp; &nbsp; &nbsp; &nbsp; &nbsp; &nbsp; &nbsp; &nbsp; &nbsp; &nbsp; &nbsp; &nbsp; &nbsp;<\/strong><\/h4>\n<hr>\n<h4>&nbsp;<\/h4>\n<h4><a href=\"https:\/\/jiujitsuminas.com.br\/01\/wp-content\/uploads\/2024\/09\/MG_1138-copia.jpg\"><img loading=\"lazy\" decoding=\"async\" class=\"wp-image-22442 alignleft\" src=\"https:\/\/jiujitsuminas.com.br\/01\/wp-content\/uploads\/2024\/09\/MG_1138-copia-140x93.jpg\" alt=\"\" width=\"256\" height=\"170\" srcset=\"https:\/\/jiujitsuminas.com.br\/01\/wp-content\/uploads\/2024\/09\/MG_1138-copia-140x93.jpg 140w, https:\/\/jiujitsuminas.com.br\/01\/wp-content\/uploads\/2024\/09\/MG_1138-copia-300x200.jpg 300w, https:\/\/jiujitsuminas.com.br\/01\/wp-content\/uploads\/2024\/09\/MG_1138-copia-1024x682.jpg 1024w, https:\/\/jiujitsuminas.com.br\/01\/wp-content\/uploads\/2024\/09\/MG_1138-copia-768x512.jpg 768w, https:\/\/jiujitsuminas.com.br\/01\/wp-content\/uploads\/2024\/09\/MG_1138-copia.jpg 1426w\" sizes=\"auto, (max-width: 256px) 100vw, 256px\" \/>&nbsp; &nbsp; &nbsp;C<\/a><span style=\"color: #000000;\">ONHE\u00c7A&nbsp; DETALHES&nbsp; DO JIU-JITSU&nbsp; DESDE O SEU INICIO NO BRASIL . COISAS QUE MUITOS DESCONHECEM E&nbsp; ALGUNS AT\u00c9&nbsp; PROCURAM DETURPAR&nbsp; . PORQUE?&nbsp; &nbsp; &nbsp; &nbsp;CONHE\u00c7A DE FATO CONFERINDO&nbsp; NO&nbsp; MENU A P\u00c1GINA&nbsp; &#8221; <\/span><span style=\"color: #0000ff;\"><strong>A HISTORIA D<em>O JIU-JITSU DA INDIA AO BRASIL<\/em>&#8220;<\/strong><\/span><\/h4>\n<h4 style=\"text-align: center;\">&nbsp;<\/h4>\n<p><span style=\"color: #0000ff;\"><img loading=\"lazy\" decoding=\"async\" class=\"wp-image-15109 alignleft\" src=\"https:\/\/jiujitsuminas.com.br\/01\/wp-content\/uploads\/2021\/07\/Ricson-Gracie-e-Adair-300x226.jpg\" alt=\"\" width=\"217\" height=\"163\" srcset=\"https:\/\/jiujitsuminas.com.br\/01\/wp-content\/uploads\/2021\/07\/Ricson-Gracie-e-Adair-300x226.jpg 300w, https:\/\/jiujitsuminas.com.br\/01\/wp-content\/uploads\/2021\/07\/Ricson-Gracie-e-Adair-150x113.jpg 150w, https:\/\/jiujitsuminas.com.br\/01\/wp-content\/uploads\/2021\/07\/Ricson-Gracie-e-Adair-326x245.jpg 326w, https:\/\/jiujitsuminas.com.br\/01\/wp-content\/uploads\/2021\/07\/Ricson-Gracie-e-Adair-80x60.jpg 80w, https:\/\/jiujitsuminas.com.br\/01\/wp-content\/uploads\/2021\/07\/Ricson-Gracie-e-Adair.jpg 500w\" sizes=\"auto, (max-width: 217px) 100vw, 217px\" \/> <a href=\"https:\/\/jiujitsuminas.com.br\/01\/wp-content\/uploads\/2024\/09\/FOTO-LUTA-DEGO-LUCAS.jpg\"><img loading=\"lazy\" decoding=\"async\" class=\"wp-image-22447 alignnone\" src=\"https:\/\/jiujitsuminas.com.br\/01\/wp-content\/uploads\/2024\/09\/FOTO-LUTA-DEGO-LUCAS-121x150.jpg\" alt=\"\" width=\"131\" height=\"162\" srcset=\"https:\/\/jiujitsuminas.com.br\/01\/wp-content\/uploads\/2024\/09\/FOTO-LUTA-DEGO-LUCAS-121x150.jpg 121w, https:\/\/jiujitsuminas.com.br\/01\/wp-content\/uploads\/2024\/09\/FOTO-LUTA-DEGO-LUCAS-242x300.jpg 242w, https:\/\/jiujitsuminas.com.br\/01\/wp-content\/uploads\/2024\/09\/FOTO-LUTA-DEGO-LUCAS.jpg 516w\" sizes=\"auto, (max-width: 131px) 100vw, 131px\" \/>&nbsp; <\/a><\/span><span style=\"color: #0000ff;\"><img loading=\"lazy\" decoding=\"async\" class=\"alignleft\" src=\"https:\/\/jiujitsuminas.com.br\/01\/wp-content\/uploads\/2019\/11\/Digitalizar0016.jpg\" width=\"229\" height=\"166\"><\/span><\/p>\n<h3><strong style=\"font-size: 16px;\">&nbsp;<\/strong><strong style=\"font-size: 16px;\">1&nbsp; &nbsp;O inigualavel&nbsp; Ricson Gracie e&nbsp; Professor Adair se cumprimrntam no&nbsp; primeiro RioxMinas , no Mineirinho;&nbsp;<\/strong><strong style=\"font-size: 16px;\"> 2-&nbsp; Adair&nbsp; Sanshiro recebe dos Mestres&nbsp; Senador e Vicente Alves a&nbsp; 2\u00aa&nbsp; TA\u00c7A MINAS GERAIS.<\/strong><strong style=\"font-size: 16px;\">3-Diego e Lucas Sanshiro&nbsp; em competi\u00e7a\u00f5 oficial.&nbsp;<\/strong><\/h3>\n<p>&nbsp;<\/p>\n<h3>&nbsp; &nbsp;<strong> &nbsp; &nbsp; PARA&nbsp; CONFERIR MAIS&nbsp; &nbsp;IMAGENS&nbsp; NA FEDERA\u00c7\u00c3O&nbsp; &nbsp;VER&nbsp; &nbsp; &#8220;<span style=\"color: #0000ff;\">FOTOS DA FEDERA\u00c7\u00c3<\/span>O &#8221;&nbsp; . UM DOS T\u00cdTULOS&nbsp; NO&nbsp; &nbsp;MENU INICIAL<\/strong><\/h3>\n<p>&nbsp;<\/p>\n<hr>\n<h1 style=\"text-align: left;\">&nbsp; &nbsp; &nbsp; &nbsp; &nbsp; &nbsp; &nbsp; &nbsp; &nbsp; &nbsp;<\/h1>\n<h2 style=\"text-align: center;\">&nbsp;<\/h2>\n","protected":false},"excerpt":{"rendered":"<div class=\"mh-excerpt\"><p>&nbsp; &nbsp; &nbsp; &nbsp; &nbsp; &nbsp; &nbsp; &nbsp; &nbsp; &nbsp; &nbsp; &nbsp; &nbsp; &nbsp;2026&nbsp; &nbsp; &nbsp; &nbsp; &nbsp; &nbsp; &nbsp; &nbsp; &nbsp; FEDERA\u00c7\u00c3O&nbsp; &nbsp;MINEIRA&nbsp; &nbsp;DE&nbsp; <a class=\"mh-excerpt-more\" href=\"https:\/\/jiujitsuminas.com.br\/01\/\" title=\"FEDERA\u00c7AO MINEIRA DE JIU-JITSU ( F.M.J-J)\">[&#8230;]<\/a><\/p>\n<\/div>","protected":false},"author":1,"featured_media":0,"parent":0,"menu_order":0,"comment_status":"closed","ping_status":"closed","template":"template-full.php","meta":{"ngg_post_thumbnail":0,"footnotes":""},"class_list":["post-22724","page","type-page","status-publish","hentry"],"_links":{"self":[{"href":"https:\/\/jiujitsuminas.com.br\/01\/wp-json\/wp\/v2\/pages\/22724","targetHints":{"allow":["GET"]}}],"collection":[{"href":"https:\/\/jiujitsuminas.com.br\/01\/wp-json\/wp\/v2\/pages"}],"about":[{"href":"https:\/\/jiujitsuminas.com.br\/01\/wp-json\/wp\/v2\/types\/page"}],"author":[{"embeddable":true,"href":"https:\/\/jiujitsuminas.com.br\/01\/wp-json\/wp\/v2\/users\/1"}],"replies":[{"embeddable":true,"href":"https:\/\/jiujitsuminas.com.br\/01\/wp-json\/wp\/v2\/comments?post=22724"}],"version-history":[{"count":770,"href":"https:\/\/jiujitsuminas.com.br\/01\/wp-json\/wp\/v2\/pages\/22724\/revisions"}],"predecessor-version":[{"id":23902,"href":"https:\/\/jiujitsuminas.com.br\/01\/wp-json\/wp\/v2\/pages\/22724\/revisions\/23902"}],"wp:attachment":[{"href":"https:\/\/jiujitsuminas.com.br\/01\/wp-json\/wp\/v2\/media?parent=22724"}],"curies":[{"name":"wp","href":"https:\/\/api.w.org\/{rel}","templated":true}]}}