{"id":19041,"date":"2023-05-04T12:02:50","date_gmt":"2023-05-04T15:02:50","guid":{"rendered":"https:\/\/jiujitsuminas.com.br\/01\/?page_id=19041"},"modified":"2024-01-06T11:55:21","modified_gmt":"2024-01-06T14:55:21","slug":"sistema-de-faixas-todas-cores-todas-as-idades","status":"publish","type":"page","link":"https:\/\/jiujitsuminas.com.br\/01\/sistema-de-faixas-todas-cores-todas-as-idades","title":{"rendered":"SISTEMA DE FAIXAS &#8211;  CORES-IDADES.- REPETIDA"},"content":{"rendered":"<div class=\"mh-wrapper mh-clearfix\">\n<div id=\"main-content\" class=\"mh-content\" role=\"main\">\n<article id=\"page-181\" class=\"post-181 page type-page status-publish hentry\">\n<header class=\"entry-header\">\n<h1 class=\"entry-title page-title\" style=\"text-align: center;\"><span style=\"color: #ff0000;\"><strong>SISTEMA DE FAIXAS&nbsp;&nbsp;<\/strong><\/span><\/h1>\n<\/header>\n<\/article>\n<\/div>\n<\/div>\n<h3 class=\"entry-content mh-clearfix\">&nbsp;<\/h3>\n<p><img loading=\"lazy\" decoding=\"async\" class=\"wp-image-15079 aligncenter\" src=\"https:\/\/jiujitsuminas.com.br\/01\/wp-content\/uploads\/2021\/07\/faixa-preta-imagem-150x100-1.jpg\" alt=\"\" width=\"116\" height=\"77\"><\/p>\n<h4 style=\"text-align: center;\"><span style=\"color: #3366ff;\">EXAME&nbsp; E&nbsp; DIPLOMA\u00c7\u00c3O D E FAIXAS PRETAS EM&nbsp; DATAS&nbsp; EXTRA DATA&nbsp; .<\/span><\/h4>\n<h4 style=\"text-align: center;\">A Federa\u00e7\u00e3o Mineira de&nbsp; Jiu-Jitsu (F.M.J-J)&nbsp; &nbsp;informa e comunica aos Senhores professores&nbsp; &nbsp;e seus aos alunos&nbsp; federados&nbsp; &nbsp; faixas marrons , pretas e graduados&nbsp; ,&nbsp; que devido a situa\u00e7\u00e3o&nbsp; &nbsp; reinante&nbsp; desde a &#8220;pandemia&#8221;&nbsp; &nbsp;tem&nbsp; permitido exames&nbsp; em datas distintas.&nbsp; &nbsp;E a cerimonia de amarra\u00e7\u00e3o de faixas e&nbsp; cola\u00e7\u00e3o de graus, acontecer\u00e1s dias ap\u00f3s o exame, em data e local anunciado.<\/h4>\n<hr>\n<h4><span style=\"color: #0000ff;\"><strong>O DIPLOMA&nbsp; DA&nbsp; FEDERA\u00c7A\u00d5 MINEIRA DE JIU-JITSU&nbsp;<\/strong><\/span><\/h4>\n<h4><span style=\"color: #ff0000;\"><strong>&nbsp; A&nbsp; F.M.J-J n\u00e3o&nbsp; vende&nbsp; diplomas .&nbsp; Ele<\/strong><\/span><span style=\"color: #ff0000;\"> \u00e9 permitido&nbsp; ao que nela estiver&nbsp; registrado, portador da credencial do ano em curso&nbsp; &nbsp;e <span style=\"font-size: 18.72px;\">car\u00eancia<\/span> m\u00ednima comprovada pela&nbsp; ficha curricular&nbsp; &nbsp; &nbsp; &nbsp; &nbsp; &nbsp; &nbsp; &nbsp; &nbsp; &nbsp; &nbsp; &nbsp;. At\u00e9 o 3\u00ba grau \u00e9&nbsp; conferido ao que se submeteu ao exame frente a Banca Examinadora . <\/span><strong style=\"color: #ff0000; font-size: 16px;\">&nbsp;A partir do&nbsp; 3\u00ba grau (professor&nbsp; de fato e de direito)&nbsp; O diploma&nbsp; \u00e9 conferido&nbsp; &nbsp;ao&nbsp; federado constante , credenciado e possuidor&nbsp; da&nbsp; car\u00eancia m\u00ednima exigida, sem obrigatoriedade de novos exames, apenas&nbsp; atualiza\u00e7\u00f5es.<\/strong><\/h4>\n<hr>\n<h4><strong><span style=\"color: #0000ff;\">DIOMA&nbsp; EXTRA&nbsp; <\/span><\/strong><b><span style=\"color: #0000ff;\">FEDERA\u00c7\u00c3O!<\/span><br \/>\n<\/b>O registro ou averba\u00e7\u00e3o de&nbsp; diploma de faixa preta, extra F.M.J-J,&nbsp; poder\u00e1 nela ser feito ,desde que o seu curricular comprove&nbsp; car\u00eancia m\u00ednima ou superior&nbsp; ao exigido pela F.M.j-j . <strong>&nbsp;Consulte como !<\/strong><\/h4>\n<hr>\n<h4><span style=\"color: #0000ff;\">COMO REGISTRAR SUA EQUIPE E COMPETIDORES !<\/span>Saiba com detalhes na p\u00e1gina referente.Confira! https:<a href=\"https:\/\/jiujitsuminas.com.br\/01\/como-se-registrar-na-federaao-mineira-de-jiu-jitsu-f-m-j-j\">\/\/jiujitsuminas.com.br\/01\/como-se-registrar-na-federaao-mineira-de-jiu-jitsu-f-m-j-j<\/a><\/h4>\n<h4>&nbsp;<\/h4>\n<table width=\"863\">\n<tbody>\n<tr>\n<td width=\"709\">\n<h4>Revisto em&nbsp;&nbsp;2022&nbsp; &nbsp; FEDERA\u00c7\u00c3O &nbsp;MINEIRA &nbsp;DE &nbsp;JIU-JITSU&nbsp; &nbsp;\u2013&nbsp;&nbsp;F.M.J-J.<\/h4>\n<div class=\"mh-wrapper mh-clearfix\">\n<div id=\"main-content\" class=\"mh-content\" role=\"main\">&nbsp;<\/div>\n<\/div>\n<\/td>\n<\/tr>\n<tr>\n<td width=\"709\">&nbsp;<\/td>\n<\/tr>\n<\/tbody>\n<\/table>\n<div class=\"mh-wrapper mh-clearfix\">\n<div id=\"main-content\" class=\"mh-content\" role=\"main\">\n<article id=\"page-181\" class=\"post-181 page type-page status-publish hentry\">\n<table width=\"863\">\n<tbody>\n<tr>\n<td width=\"709\">\n<h4>&nbsp;<\/h4>\n<\/td>\n<\/tr>\n<tr>\n<td width=\"709\">\n<h4><strong>A Federa\u00e7\u00e3o Mineira de Jiu-J\u00edtsu (M.J-J) adota este&nbsp; sistema de exames&nbsp; para&nbsp; faixas COLORIDAS E PRETAS&nbsp; PRETA&nbsp; desde a sua funda\u00e7\u00e3o em 1975,com reciclagens peri\u00f3dicas das t\u00e9cnicas para seus filiados.<\/strong><\/h4>\n<h4>A entidade concede a FAIXA PRETA e graus desta, ao aspirante que se submete a Banca Examinadora . O&nbsp; tempo de car\u00eancia&nbsp; nas&nbsp; faixas coloridas &nbsp;inicia &nbsp;no registro na Federa\u00e7\u00e3o . A &nbsp;contagem&nbsp; de tempo &nbsp;de&nbsp; car\u00eancia na faixa preta para eleva\u00e7\u00e3o do grau, e feita de grau a grau.&nbsp; A concess\u00e3o de mais de um grau por vez, depende de circunstancias especiais e com aprova\u00e7\u00e3o de 2\/3 dos membros&nbsp; efetivos do CONARS ( Conselho superior).<\/h4>\n<h4><strong>&nbsp;&nbsp;Considerar que &nbsp;cada ano&nbsp; de aus\u00eancia \u00e9&nbsp; &nbsp;subtra\u00eddo nesta contagem de&nbsp;&nbsp;&nbsp;tempo de car\u00eancia.&nbsp; &nbsp; Atentar para o que segue<\/strong><strong>.&nbsp;&nbsp;&nbsp;<\/strong><\/h4>\n<p>O 10\u00ba GRAU &#8211; FAIXA VERMELHA&nbsp; A FEDERA\u00c7\u00c3O MINEIRA DE JIU-JITSU (F.M.J-J) CONSIDERA&nbsp; QUE SUA AUTORGA \u00c9 UMA COMPET\u00caNCIA&nbsp; DA&nbsp; CONFEDERA\u00c7\u00c3O BRASILEIRA DE JIU-JITSU&nbsp; DEVIDAMENTE REGISTRADAE RECONHECIDA PELO \u00d3RG\u00c3O FEDERAL COMO TAL, E N\u00c3O&nbsp; DE&nbsp; FEDERA\u00c7\u00d5ES&nbsp; OU PROFESSORES<\/p>\n<table width=\"866\">\n<tbody>\n<tr>\n<td width=\"212\">\n<h4><strong>TROCA DE FAIXAS COLORIDAS NAS EQUIPES<\/strong><\/h4>\n<\/td>\n<td colspan=\"3\" width=\"501\">\n<h4><strong>PERMANENCIA&nbsp; MINIMA (CARENCIA )&nbsp; &nbsp;PARA&nbsp; A TROCA DE FAIXAS COLORIDAS&nbsp; PARA&nbsp; OS ALUNOS ASSIDUOS.&nbsp; &nbsp; &nbsp;<\/strong>&nbsp; &nbsp; &nbsp; &nbsp; &nbsp; &nbsp; &nbsp; &nbsp; &nbsp; &nbsp; &nbsp; &nbsp; &nbsp; &nbsp; &nbsp; &nbsp; &nbsp; &nbsp; &nbsp; &nbsp; Branca- 6&nbsp; meses ; amarela 8&nbsp; meses ;&nbsp; Azul&nbsp; 12 meses ;roxa 12 meses;&nbsp; marrom&nbsp; 18 meses. Graus a criterio do Titular da equipe .<\/h4>\n<\/td>\n<\/tr>\n<tr>\n<td colspan=\"4\" width=\"715\">\n<h5><img loading=\"lazy\" decoding=\"async\" class=\"\" src=\"http:\/\/jiujitsuminas.com.br\/imagens\/faixas-maiores.jpg\" alt=\"\" width=\"614\" height=\"860\" border=\"1\"><\/h5>\n<h5>&nbsp;&nbsp; MINIMO DE&nbsp;<strong>CINCO (5) ANOS DE PRATICA CONTINUADA ,&nbsp; DA FAIXA BRANCA A FAIXA MARROM,PERMITE&nbsp; SOLICITAR&nbsp; &nbsp;O EXAME PARA FAIXA PRETA LISA .&nbsp;&nbsp;&nbsp; PARA ISTO&nbsp; IDADE MINIMA&nbsp;&nbsp; 20 ANOS&nbsp; COMPLETOS.<\/strong><\/h5>\n<\/td>\n<\/tr>\n<tr>\n<td colspan=\"4\" width=\"715\">\n<h4><strong>&nbsp;&nbsp;&nbsp;&nbsp;&nbsp; &nbsp;&nbsp;&nbsp;&nbsp;&nbsp;&nbsp;&nbsp;&nbsp;&nbsp;&nbsp;&nbsp;&nbsp;&nbsp;&nbsp;&nbsp;&nbsp;FAIXA PRETA \u2013 FAIXA CORAL \u2013&nbsp; FAIXA&nbsp; RAJADA&nbsp; \u2013 FAIXA VERMELHA<\/strong><\/h4>\n<\/td>\n<\/tr>\n<tr>\n<td width=\"212\">\n<h5><strong>FAIXA PRETA&nbsp; LISA<\/strong><\/h5>\n<\/td>\n<td width=\"190\">\n<h5><strong>&nbsp; A PARTIR DOS&nbsp; 20 ANOS&nbsp;<\/strong><\/h5>\n<\/td>\n<td width=\"118\">\n<h5><strong>2 ANOS DE PERMANENCIA&nbsp; NELA<\/strong><\/h5>\n<\/td>\n<\/tr>\n<tr>\n<td width=\"212\">\n<h5><strong>PRETA&nbsp; 1\u00ba GRAU \u2013<\/strong><\/h5>\n<\/td>\n<td width=\"190\">\n<h5><strong>&nbsp; A PARTIR DOS 22 ANOS<\/strong><\/h5>\n<\/td>\n<td width=\"118\">\n<h5><strong>2 ANOS&nbsp; NELE<\/strong><\/h5>\n<\/td>\n<td width=\"189\">\n<h5><strong>&nbsp; 4 ANOS DE FAIXA PRETA<\/strong><\/h5>\n<\/td>\n<\/tr>\n<tr>\n<td width=\"212\">\n<h5><strong>&nbsp;2\u00ba GRAU \u2013 ESTAGI\u00c1RIO<\/strong><\/h5>\n<\/td>\n<td width=\"190\">\n<h5><strong>&nbsp;A PARTIR DOS 24 ANOS&nbsp;&nbsp;<\/strong><\/h5>\n<\/td>\n<td width=\"118\">\n<h5><strong>&nbsp; 3&nbsp; ANOS&nbsp; NELE<\/strong><\/h5>\n<\/td>\n<td width=\"189\">\n<h5><strong>&nbsp; 7 ANOS DE FAIXA PRETA<\/strong><\/h5>\n<\/td>\n<\/tr>\n<tr>\n<td width=\"212\">\n<h5><strong>&nbsp;3\u00ba&nbsp; GRAU \u2013&nbsp;PROFESSOR&nbsp;&nbsp;<\/strong><\/h5>\n<\/td>\n<td width=\"190\">\n<h5><strong>A PARTIR DOS 27&nbsp; ANOS<\/strong><\/h5>\n<\/td>\n<td width=\"118\">\n<h5><strong>&nbsp;&nbsp; 4 &nbsp;ANOS&nbsp; NELE<\/strong><\/h5>\n<\/td>\n<td width=\"189\">\n<h5><strong>&nbsp;11 ANOS DE FAIXA PRETA<\/strong><\/h5>\n<\/td>\n<\/tr>\n<tr>\n<td width=\"212\">\n<h5><strong>&nbsp;4\u00ba&nbsp; GRAU \u2013SUPERVISOR.<\/strong><\/h5>\n<\/td>\n<td width=\"190\">\n<h5><strong>&nbsp; &nbsp;A PARTIR DOS&nbsp; 31 ANOS<\/strong><\/h5>\n<\/td>\n<td width=\"118\">\n<h5><strong>&nbsp;5 ANOS&nbsp;&nbsp;&nbsp;&nbsp; NELE<\/strong><\/h5>\n<\/td>\n<td width=\"189\">\n<h5><strong>16 ANOS DE FAIXA PRETA<\/strong><\/h5>\n<\/td>\n<\/tr>\n<tr>\n<td width=\"212\">\n<h5><strong>&nbsp;5\u00ba&nbsp; GRAU&nbsp;\u2013 \u00a8SUPERVISOR<\/strong><\/h5>\n<\/td>\n<td width=\"190\">\n<h5><strong>&nbsp; &nbsp; A PARTIR DOS 36&nbsp; ANOS&nbsp;<\/strong><\/h5>\n<\/td>\n<td width=\"118\">\n<h5><strong>&nbsp;6&nbsp; ANOS&nbsp;&nbsp; NELE<\/strong><\/h5>\n<\/td>\n<td width=\"189\">\n<h5><strong>22 ANOS DE FAIXA PRETA<\/strong><\/h5>\n<\/td>\n<\/tr>\n<tr>\n<td width=\"212\">\n<h5><strong>&nbsp; 6\u00ba GRAU&nbsp; \u2013 SUPERVISOR.<\/strong><\/h5>\n<\/td>\n<td width=\"190\">\n<h5><strong>&nbsp; &nbsp; A PARTIR DOS DOS 42 ANOS<\/strong><\/h5>\n<\/td>\n<td width=\"118\">\n<h5><strong>&nbsp;7&nbsp; ANOS&nbsp;&nbsp; NELE<\/strong><\/h5>\n<\/td>\n<td width=\"189\">\n<h5><strong>29 ANOS DE FAIXA PRETA<\/strong><\/h5>\n<\/td>\n<\/tr>\n<tr>\n<td width=\"212\">\n<h5><strong>&nbsp;7\u00ba&nbsp; GRAU. CORAL. MESTRE<\/strong><\/h5>\n<\/td>\n<td width=\"190\">\n<h5><strong>&nbsp; &nbsp;A PATIR &nbsp;DOS&nbsp; 49 ANOS DE IDADE&nbsp;<\/strong><\/h5>\n<\/td>\n<td width=\"118\">\n<h5><strong>&nbsp;8 ANOS NELA<\/strong><\/h5>\n<\/td>\n<td width=\"189\">\n<h5><strong>&nbsp;AP\u00d3S 37 ANOS&nbsp; DE FAIXA &nbsp;<\/strong><\/h5>\n<\/td>\n<\/tr>\n<tr>\n<td width=\"212\">\n<h5><strong>8\u00ba&nbsp; GRAU . RAJADA MESTRE<\/strong><\/h5>\n<\/td>\n<td width=\"190\">\n<h5><strong>&nbsp; A&nbsp; PARTIR&nbsp; DOS&nbsp; 57&nbsp; ANOS&nbsp;<\/strong><\/h5>\n<\/td>\n<td width=\"118\">\n<h5><strong>&nbsp;9 ANOS&nbsp; NELA<\/strong><\/h5>\n<\/td>\n<td width=\"189\">\n<h5><strong>AP\u00d3S 46 ANOS DE FAIXA<\/strong><\/h5>\n<\/td>\n<\/tr>\n<tr>\n<td width=\"212\">\n<h5><strong>9\u00ba&nbsp; GRAU . FAXA VERMELHA&nbsp; &nbsp; &nbsp; &nbsp; &nbsp; &nbsp;&nbsp;<\/strong><strong>&nbsp;\u00c9 \u00daLTIMO GRAU CEDIDO PELA F.M.J-J.<\/strong><\/h5>\n<\/td>\n<td width=\"190\">\n<h5><strong>&nbsp; &nbsp;A PARTIR DOS 66 ANOS &nbsp; &nbsp; &nbsp; &nbsp; &nbsp; &nbsp; &nbsp; &nbsp;<\/strong><\/h5>\n<\/td>\n<td width=\"118\">\n<h5><strong>10 ANOS NELA<\/strong><\/h5>\n<\/td>\n<td width=\"189\">\n<h5><strong>AP\u00d3S 56 ANOS DE FAIXA<\/strong><\/h5>\n<\/td>\n<\/tr>\n<tr>\n<td width=\"212\">\n<h5><strong>&nbsp;FAIXA&nbsp; VERMELHA 10\u00ba GRAU -SOMENTE PELA CONFEDERA\u00c7A\u00d5 BRASILEIRA&nbsp; REGISTRADA E RECONHECIDA COMO A \u00daNICA REPRESENTANTE DO JIU-JITSU ESPORTIVO&nbsp; BRASILEIRO.&nbsp;<\/strong><\/h5>\n<p>&nbsp;<\/td>\n<td width=\"190\">\n<h5><strong>&nbsp; A PARTIR DOS&nbsp; &nbsp;76&nbsp; ANOS DE IDADE<\/strong><\/h5>\n<\/td>\n<td width=\"118\">\n<h5><strong>11 ANOS NELA<\/strong><\/h5>\n<\/td>\n<td width=\"189\">\n<h5><strong>AP\u00d3S 67 ANOS&nbsp; DE FAIXA<\/strong><\/h5>\n<\/td>\n<\/tr>\n<tr>\n<td colspan=\"4\" width=\"715\">\n<h5><em><strong>A SUGEST\u00c3O DO MESTRE ADAIR EM&nbsp;1998<\/strong><strong>:&nbsp; &nbsp; &nbsp; &nbsp; &nbsp; &nbsp; &nbsp; &nbsp; &nbsp; &nbsp; &nbsp; &nbsp; &nbsp; &nbsp; &nbsp; &nbsp; &nbsp; &nbsp; &nbsp; &nbsp; &nbsp; &nbsp; &nbsp; &nbsp; &nbsp; &nbsp; &nbsp; &nbsp; &nbsp; &nbsp; &nbsp; &nbsp; &nbsp; &nbsp; &nbsp; &nbsp; &nbsp; &nbsp; &nbsp; &nbsp; &nbsp; &nbsp; &nbsp; &nbsp; &nbsp; &nbsp; &nbsp; &nbsp; &nbsp; &nbsp; &nbsp; &nbsp; &nbsp; &nbsp; &nbsp; &nbsp; &nbsp; &nbsp; &nbsp; &nbsp; &nbsp; &nbsp; &nbsp; &nbsp; &nbsp; &nbsp; &nbsp; &nbsp; &nbsp; &nbsp; &nbsp; &nbsp; &nbsp; &nbsp; &nbsp; &nbsp; &nbsp; &nbsp; &nbsp; &nbsp; &nbsp; &nbsp; \u201c<\/strong><strong>&nbsp;CRIA-SE&nbsp; O&nbsp; 11\u00ba GRAU DE&nbsp; JIU-JITSU, E SER\u00c1&nbsp; REPRESENTADO POR UMA FAIXA&nbsp; BRANCA ,MAIS LARGA , DE&nbsp; 6 CENTIMETROS DE LARGURA. NO MEIO DELA EM TODA SUA A ESTE\u00c7\u00c3O DUAS (2) LISTAS DE 1 CENTIMETRO CADA,LADO A LADO ,UMA NA COR VERDE A OUTRAS NA COR AMARELA&nbsp; . \u2013&nbsp;&nbsp;<\/strong><\/em><strong>ESTA FAIXA \u00daNICA, DIFERENCIADA E PERMANENTE, CRIADA E&nbsp; CONCEDIDA PARA UM 11\u00ba GRAU,&nbsp; PARA SER USADA&nbsp; SOMENTE POR&nbsp; UM \u00daNICO&nbsp; E GRANDIOSO MESTRE&nbsp; &nbsp; ENQUANTO ELE VIVER NINGEM TER\u00c1 DIRETO&nbsp; DE USAR OUTRA SEMELHANTE&nbsp; OU SOFRER\u00c1 PROCESSOS PELA CONFEDERA\u00c7A\u00d5&nbsp; E APOIADO PELOS TRIBUNAIS DE JUSTI\u00c7A&nbsp; DAS FEDERA\u00c7\u00d5ES ESTADUAIS.&nbsp; &nbsp; &nbsp; &nbsp; &nbsp; &nbsp;\u2013 \u2013 PARA ELEGER OUTRO GRANDE MESTRE&nbsp; PARA O 11\u00ba GRAU E US\u00c1-LA, SOMENTE&nbsp; SOB&nbsp; VOTOS DA CBJJ E&nbsp; UM VOTO DE CADA FEDERA\u00c7A\u00d5 ESTADUAL DE&nbsp; JIU-JITSU&nbsp; LEGALMENTE CONSTIRUIDAS&nbsp; E RECONHECIDAS COMO TAL.&nbsp; &nbsp; &nbsp; &nbsp; &nbsp; &nbsp; &nbsp; &nbsp; &nbsp; &nbsp; &nbsp; &nbsp; &nbsp; &nbsp; &nbsp; &nbsp; &nbsp; &nbsp; &nbsp; &nbsp; &nbsp; &nbsp; &nbsp; &nbsp; &nbsp; &nbsp; &nbsp; &nbsp; &nbsp; &nbsp; &nbsp; &nbsp; &nbsp; &nbsp; .&nbsp; &nbsp; &nbsp; &nbsp; &nbsp; &nbsp; &nbsp; &nbsp; &nbsp; &nbsp; &nbsp; &nbsp; &nbsp; &nbsp; &nbsp; &nbsp; &nbsp; &nbsp; &nbsp; &nbsp; &nbsp; &nbsp; &nbsp; &nbsp; &nbsp; &nbsp; &nbsp; &nbsp; &nbsp; &nbsp; &nbsp; &nbsp; &nbsp; &nbsp; &nbsp;&nbsp;MOTIVOS DO 11\u00ba GRAU:&nbsp; &nbsp;J\u00c1 EXIXTEM MUITAS FAIXAS VERMELHAS 10\u00ba GRAUS&nbsp; &nbsp;SENDO USADAS PELO&nbsp; BRASIL A FORA ,LICITAS E ILICITAS. NO&nbsp; 11\u00ba GRAU , A COR BRANCA REPRESENTA&nbsp; O INFINITO ,O VERDE E O AMRELO AS CORESDO RASIL.&nbsp; &nbsp;E A MEDIDA&nbsp; PODERIA COLOCAR&nbsp; UMA ORDEM EM DEFINITIVO,PELO MENOS&nbsp; &nbsp;NA&nbsp; M\u00c1XIMA GRADUA\u00c7A\u00d5&nbsp; NO JIU-JITSU BRASILEIRO\u201d .&nbsp;<\/strong><\/h5>\n<h4><em><strong>Esta sugest\u00e3o, oficializada pelo&nbsp; Profesor Adair&nbsp; em&nbsp; 1988 nunca foi considerada pela CBJJ.&nbsp; &nbsp; &nbsp; &nbsp; &nbsp; &nbsp; &nbsp; &nbsp; &nbsp; &nbsp; &nbsp; &nbsp; <\/strong><\/em><strong>&nbsp;A&nbsp;&nbsp;<\/strong><strong>&nbsp;SUGEST\u00c3O PERMANECE&nbsp; PARA QUEM MAIS&nbsp; TIVER CORAGEM PARA DEFEND\u00ca-LA!<\/strong><\/h4>\n<\/td>\n<\/tr>\n<tr>\n<td colspan=\"4\" width=\"715\">\n<h4>&nbsp;<\/h4>\n<h4>&nbsp;<\/h4>\n<h4><strong><em>A Federa\u00e7\u00e3o&nbsp; &nbsp;n\u00e3o&nbsp; &nbsp;registra&nbsp; faixa ou documento&nbsp; de gradua\u00e7\u00e3o (certificado ou diploma), de nenhuma entidade cong\u00eanere, se o tempo de car\u00eancia&nbsp; do portador do documento cedido ao residente no Estado de Minas&nbsp; Gerais , seja&nbsp; inferior&nbsp; ao mantido pela&nbsp; F.M.J-J. Em caso de d\u00favidas exige-se o curricular do portador, emitido pela mesma entidade, para&nbsp; confirmar e registrar, tornando&nbsp; aquele documento legalizado&nbsp; junto a F.M.J-J. e em qualquer parte.<\/em><\/strong><\/h4>\n<\/td>\n<\/tr>\n<\/tbody>\n<\/table>\n<h4><strong>A- Considerar &nbsp;que a&nbsp; faixa oficial do jiu-j\u00edtsu&nbsp; tem&nbsp; 4 cent\u00edmetros&nbsp; de largura, uma tarja preta de dez(10)&nbsp; cent\u00edmetros de comprimento&nbsp; numa das pontas&nbsp; ,e distanciado dois&nbsp; ( 2) cent\u00edmetros desta ponta.<\/strong><\/h4>\n<h4><strong>B- Considerar que na faixa amarrada&nbsp; a tarja preta fica para o lado esquerdo do corpo ;<\/strong><\/h4>\n<h4>C \u2013 Considerar<strong>&nbsp;que os graus na faixa preta&nbsp; devem&nbsp; estar &nbsp;condicionados&nbsp; ao tempo de&nbsp; pr\u00e1tica , as competi\u00e7\u00f5es ,aos servi\u00e7os prestados&nbsp; ao jiu-j\u00edtsu,&nbsp; a sua equipe ,e a entidade emissora .<\/strong><\/h4>\n<h4><em><strong>NOTA ! Ap\u00f3s a inexplic\u00e1vel cria\u00e7\u00e3o de tantas Ligas, Federa\u00e7\u00f5es e Confedera\u00e7\u00f5es paralelas, as competi\u00e7\u00f5es de jiu-j\u00edtsu&nbsp; tem tomado&nbsp; rumos diversos. Com isto a metodologia e a did\u00e1tica pr\u00f3pria&nbsp; da arte&nbsp; est\u00e3o se deturpando ,at\u00e9 esquecidas .A Federa\u00e7\u00e3o&nbsp; Mineira de Jiu-J\u00edtsu&nbsp; &nbsp;(F.M.J-J.) por mais que se modernize , n\u00e3o&nbsp; poder\u00e1&nbsp; abrir m\u00e3o dos seus princ\u00edpios&nbsp; e das &nbsp;ra\u00edzes&nbsp; do jiu-j\u00edtsu tradicional .<\/strong><\/em><\/h4>\n<h4><strong>&nbsp;&nbsp;&nbsp;&nbsp;&nbsp;&nbsp;&nbsp;&nbsp;&nbsp;&nbsp;&nbsp;&nbsp;&nbsp;&nbsp;&nbsp;&nbsp;&nbsp;&nbsp;&nbsp;&nbsp;&nbsp;&nbsp;&nbsp;&nbsp;&nbsp;&nbsp;&nbsp;&nbsp;&nbsp;&nbsp; Revisto em janeiro 2022 .&nbsp; Mestre Adair Alves de Almeida &nbsp;(CONARS F.M.J-J.).<\/strong><\/h4>\n<\/td>\n<\/tr>\n<\/tbody>\n<\/table>\n<h4>&nbsp; &nbsp; &nbsp; &nbsp; &nbsp; &nbsp; &nbsp; &nbsp; &nbsp; &nbsp; &nbsp; &nbsp; &nbsp; &nbsp; &nbsp; &nbsp; &nbsp; &nbsp; &nbsp; &nbsp; &nbsp; &nbsp; &nbsp;&nbsp;ADENDOS<\/h4>\n<h4><strong><em>\u2013 A entidade F.M.J-J concede a FAIXA PRETA e graus at\u00e9 0 3\u00ba , ao aspirante que se submete a Banca Examinadora ,composta por membros do&nbsp; CONARS (Conselho Superior)&nbsp; convocados para&nbsp;&nbsp;<\/em><\/strong><strong><em>finalidade. S\u00e3o exig\u00eancias comuns ao aspirante a preta :&nbsp;car\u00eancia&nbsp;m\u00ednima, carteira do ano&nbsp;<\/em><\/strong><strong><em>a participa\u00e7\u00e3o nos eventos da Federa\u00e7\u00e3o ,curso de arbitragem central e ou lateral &nbsp;e outros.&nbsp; &nbsp; &nbsp; &nbsp; &nbsp; &nbsp; &nbsp; &nbsp; &nbsp; &nbsp; &nbsp; &nbsp; &nbsp; &nbsp; &nbsp; &nbsp; &nbsp; &nbsp; &nbsp; &nbsp; &nbsp; &nbsp; &nbsp; &nbsp; &nbsp; &nbsp; &nbsp; &nbsp; &nbsp; &nbsp; &nbsp; &nbsp; &nbsp; &nbsp; &nbsp; &nbsp; &nbsp; &nbsp; &nbsp; &nbsp; &nbsp; &nbsp; &nbsp; &nbsp; &nbsp; &nbsp; &nbsp; &nbsp;<\/em><\/strong><em>\u2013 Para o 3\u00ba grau al\u00e9m dos cursos , servi\u00e7os prestados,&nbsp; pode-se exigir&nbsp; prova escrita &nbsp;e outras .<br \/>\n<\/em><em>\u2013 Uma vez submetido ao exame, &nbsp;60% do exigido no programa(&nbsp; m\u00ednimo de 60 pontos &nbsp;em m\u00e1ximo<br \/>\n<\/em><strong><em>de 100&nbsp;<\/em><\/strong><strong><em>pontos ) &nbsp;estar\u00e1 &nbsp;aprovado, recebe o certificado de faixa preta . O 1\u00ba e 2\u00ba graus &nbsp; diplomados<br \/>\n<\/em><\/strong><strong><em>&nbsp;como tal.&nbsp; &nbsp; &nbsp; &nbsp; &nbsp;\u2013&nbsp; &nbsp;O &nbsp;3\u00ba&nbsp; grau diplomado como professor estagi\u00e1rio . Do 4\u00ba ao 6\u00ba grau &nbsp; considerado professores em definitivo e supervisores.&nbsp;<\/em><\/strong><em>Porem , o que obter &nbsp;o m\u00e1ximo de &nbsp;59 pontos e e nenhum ponto&nbsp; &nbsp; de abono dever\u00e1 fazer outro exame &nbsp;ap\u00f3s um m\u00ednimo de 30 dias. \u2013&nbsp;<\/em><em>A faixa preta &nbsp;para o federado somente &nbsp;poder\u00e1 &nbsp;ser &nbsp; cedida pela Banca Examinadora&nbsp; da F.M.J-J.&nbsp; &nbsp;\u2013 Em casos excepcionar&nbsp; por at\u00e9 um membro do CONARS&nbsp; acima do 7\u00ba grau ;&nbsp;<\/em><em>&nbsp; \u2013&nbsp;<\/em><em>O Professor,individualmente ,n\u00e3o &nbsp; concede &nbsp;a faixa preta &nbsp;.&nbsp; &nbsp; &nbsp; Caso isto aconte\u00e7a &nbsp;em desrespeito &nbsp; ao &nbsp;Regulamento &nbsp;esta faixa n\u00e3o &nbsp;poder\u00e1 ser &nbsp; reconhecida &nbsp;ou registrada na F.M;J-J.&nbsp; &nbsp; &nbsp; &nbsp; &nbsp; &nbsp; &nbsp; &nbsp; &nbsp; &nbsp; &nbsp; &nbsp; &nbsp; &nbsp; &nbsp; &nbsp; &nbsp; &nbsp; &nbsp; &nbsp; &nbsp; &nbsp; &nbsp; &nbsp; &nbsp; &nbsp; &nbsp; &nbsp; &nbsp; &nbsp; &nbsp; &nbsp; &nbsp; &nbsp; &nbsp; &nbsp; &nbsp; &nbsp; &nbsp; &nbsp; &nbsp; &nbsp; &nbsp; &nbsp; &nbsp; &nbsp; &nbsp; &nbsp; &nbsp; &nbsp; &nbsp; &nbsp; &nbsp; &nbsp; &nbsp; &nbsp; &nbsp; &nbsp; &nbsp; &nbsp; &nbsp; &nbsp; &nbsp; &nbsp; &nbsp; &nbsp; &nbsp; &nbsp; &nbsp; &nbsp; &nbsp; &nbsp; &nbsp; &nbsp; &nbsp; &nbsp; &nbsp; &nbsp; &nbsp; &nbsp; &nbsp; &nbsp; &nbsp; &nbsp; &nbsp; &nbsp; &nbsp; &nbsp; &nbsp; &nbsp; &nbsp; &nbsp; &nbsp; &nbsp; &nbsp;&nbsp;<\/em>SISTEMA DE FAIXAS&nbsp; &nbsp; F.M.J-J.( DESDE 1976)<\/h4>\n<p>&nbsp;<\/p>\n<h3 style=\"text-align: left;\"><span style=\"color: #0000ff;\"><strong>TROCA DE FAIXAS COLORIDAS NAS EQUIPES<\/strong><\/span><\/h3>\n<h4 style=\"text-align: left;\">PERMAN\u00caNCIA<strong>&nbsp; MINIMA (CARENCIA )&nbsp; &nbsp;PARA&nbsp; A TROCA DE FAIXAS COLORIDAS&nbsp; PARA&nbsp; OS ALUNOS ASSIDUOS A PARTIR DOS ANOS&nbsp;<\/strong><strong> :&nbsp; &nbsp; Faixa branca \u00e9 a&nbsp; inicial em qualquer idade .&nbsp; &nbsp; &nbsp; &nbsp; &nbsp; &nbsp; &nbsp; &nbsp; &nbsp; &nbsp; &nbsp; &nbsp; &nbsp; &nbsp; &nbsp; &nbsp; &nbsp; &nbsp; &nbsp; &nbsp; &nbsp; &nbsp; &nbsp; &nbsp; &nbsp; &nbsp; &nbsp; &nbsp; &nbsp; &nbsp; &nbsp; &nbsp; &nbsp; &nbsp; &nbsp; &nbsp; &nbsp; &nbsp; &nbsp; &nbsp; &nbsp; &nbsp; &nbsp; &nbsp; &nbsp; &nbsp; &nbsp; &nbsp; &nbsp; &nbsp; &nbsp; &nbsp; &nbsp; &nbsp; &nbsp; &nbsp; &nbsp; &nbsp; &nbsp; &nbsp; &nbsp; &nbsp; &nbsp; &nbsp; &nbsp; &nbsp; &nbsp; &nbsp; &nbsp; &nbsp; &nbsp; &nbsp; &nbsp; &nbsp; &nbsp; &nbsp; &nbsp; &nbsp; &nbsp; &nbsp; &nbsp; &nbsp; &nbsp; &nbsp; &nbsp; &nbsp; &nbsp; &nbsp; &nbsp; &nbsp; &nbsp; &nbsp; &nbsp; &nbsp; &nbsp; &nbsp;&nbsp;Branca para&nbsp; amarela \u2013 ap\u00f3s m\u00ednimo de 06 meses ;&nbsp; &nbsp; &nbsp; &nbsp; &nbsp; &nbsp; &nbsp; &nbsp; &nbsp; &nbsp; &nbsp; &nbsp; &nbsp; &nbsp; &nbsp; &nbsp; &nbsp; &nbsp; &nbsp; &nbsp; &nbsp; &nbsp; &nbsp; &nbsp; &nbsp; &nbsp; &nbsp; &nbsp; &nbsp; &nbsp; &nbsp; &nbsp; &nbsp; &nbsp; &nbsp; &nbsp; &nbsp; &nbsp; &nbsp; &nbsp; &nbsp; &nbsp; &nbsp;Da amarela para a azul&nbsp; ap\u00f3s m\u00ednimo&nbsp; azul&nbsp; 8&nbsp; meses ;&nbsp; &nbsp; &nbsp; &nbsp; &nbsp; &nbsp; &nbsp; &nbsp; &nbsp; &nbsp; &nbsp; &nbsp; &nbsp; &nbsp; &nbsp; &nbsp; &nbsp; &nbsp; &nbsp; &nbsp; &nbsp; &nbsp; &nbsp; &nbsp; &nbsp; &nbsp; &nbsp; &nbsp; &nbsp; &nbsp; &nbsp; &nbsp; &nbsp; &nbsp; &nbsp; &nbsp; &nbsp; Azul para roxa&nbsp; ap\u00f3s&nbsp; minimo de 12 meses ;&nbsp; &nbsp; &nbsp; &nbsp; &nbsp; &nbsp; &nbsp; &nbsp; &nbsp; &nbsp; &nbsp; &nbsp; &nbsp; &nbsp; &nbsp; &nbsp; &nbsp; &nbsp; &nbsp; &nbsp; &nbsp; &nbsp; &nbsp; &nbsp; &nbsp; &nbsp; &nbsp; &nbsp; &nbsp; &nbsp; &nbsp; &nbsp; &nbsp; &nbsp; &nbsp; &nbsp; &nbsp; &nbsp; &nbsp; &nbsp; &nbsp; &nbsp; &nbsp; &nbsp; &nbsp; &nbsp; &nbsp; &nbsp; &nbsp; &nbsp; &nbsp; &nbsp;Roxa&nbsp; para marrom&nbsp; ap\u00f3s&nbsp; m\u00ednimo de 12 meses na marrom ;&nbsp; &nbsp; &nbsp; &nbsp; &nbsp; &nbsp; &nbsp; &nbsp; &nbsp; &nbsp; &nbsp; &nbsp; &nbsp; &nbsp; &nbsp; &nbsp; &nbsp; &nbsp; &nbsp; &nbsp; &nbsp; &nbsp; &nbsp; &nbsp; &nbsp; &nbsp; &nbsp; &nbsp; &nbsp; &nbsp; &nbsp; &nbsp;Marrom para a preta ap\u00f3s minimo de 18 meses na marrom, exame pela Federa\u00e7\u00e3o&nbsp; e conforme a ficha curricular;&nbsp; \u2013&nbsp; &nbsp; &nbsp; &nbsp; &nbsp; &nbsp; &nbsp; &nbsp; &nbsp; &nbsp; &nbsp; &nbsp; &nbsp; &nbsp; &nbsp; &nbsp; &nbsp; &nbsp; &nbsp; &nbsp; &nbsp; &nbsp; &nbsp; &nbsp; &nbsp; &nbsp; &nbsp; &nbsp; &nbsp; &nbsp; &nbsp; &nbsp; &nbsp; &nbsp; &nbsp; &nbsp; &nbsp; &nbsp; &nbsp; &nbsp; &nbsp; &nbsp; &nbsp; &nbsp; &nbsp; &nbsp; &nbsp; &nbsp; &nbsp; &nbsp; &nbsp; &nbsp; &nbsp; &nbsp; &nbsp; &nbsp; &nbsp; &nbsp; &nbsp; &nbsp; &nbsp; &nbsp; &nbsp; &nbsp; &nbsp; Os 4&nbsp; graus nas coloridas fm a crit\u00e9rio do titular da equipe<\/strong><\/h4>\n<h4>&nbsp; PS. &nbsp;A FAIXA AZUL CLARA &nbsp;FOI&nbsp; ELIMINADA&nbsp; PELA&nbsp; CBJJ, EM SEU LUGAR A&nbsp;&nbsp;FAIXA&nbsp;&nbsp; CINZA ( CBJ.J) .<\/h4>\n<h4>Embora a CBJJ tenha inserido a faixa cinza&nbsp; para os menores at\u00e9 15 anos , as faixas tradicionais da F.M.J-J amarela, laranja verde ,azul e roxa n\u00e3o foram eliminadas . As faixas cinza na idade do competidor faixa amarela corresponde, e assim por diante. Azul e roxa permanecem inalteradas para 16 e 17 anos.<\/h4>\n<h4>&nbsp;<span style=\"color: #800000;\">A filia\u00e7\u00e3o \u00e9 livre somente at\u00e9 a faixa azul lisa. Filiar diretamente na fixa azul implica nela permanecer &nbsp;tempo maior,&nbsp;m\u00ednimo &nbsp;necess\u00e1rio &nbsp;aumentado na car\u00eancia para o exame a faixa preta que \u00e9 de cinco (5) anos de pr\u00e1tica continuada, descontado&nbsp; desta&nbsp; soma&nbsp; qualquer tempo de aus\u00eancia&nbsp; da F.M.J-J.<\/span><\/h4>\n<h4>Registro direto &nbsp;na roxa, filia\u00e7\u00e3o direta na roxa &nbsp;ou &nbsp;marrom somente com folha curricular emitida pela equipe do competir ,entidade superior ( Federa\u00e7\u00e3o ,confedera\u00e7\u00e3o .Liga) atestando tempo de&nbsp; milit\u00e2ncia na faixa anterior compat\u00edvel ou superior ao exigido pela FMJ-J. N\u00e3o obstante ,a&nbsp; car\u00eancia para a&nbsp; faixa preta&nbsp; o principio \u00e9 igual -5 anos de pr\u00e1rtica oficializada.<\/h4>\n<h4>&nbsp;Filiar diretamente na faixa preta lisa o registro \u00e9 de vincula\u00e7\u00e3o, como faixa preta lutador . O interessado , apresenta a carteira do ano em curso e atestado da faixa , ou declara\u00e7\u00e3o nominal , fornecida pela presid\u00eancia da entidade outorgante. O preta vinculado recebe a credencial&nbsp; &nbsp;da F.M.J-J como faixa preta lisa lutador, porem diploma&nbsp; da F..M.J-J somente quando efetuar exame frente a banca examinadora . Considerar que os graus da faixa preta est\u00e3o condicionado ao tempo, as competi\u00e7\u00f5es ,aos servi\u00e7os prestados a FMJ-J<\/h4>\n<h4 class=\"style71\">FAIXA BRANCA EM COMPETI\u00c7\u00c3O.<\/h4>\n<h4 class=\"style71\">O&nbsp; adulto&nbsp; faixa branca&nbsp; e o amarela participam dos torneios &nbsp;da Federa\u00e7\u00e3o&nbsp; desde 1984 .<\/h4>\n<h4>&nbsp;<\/h4>\n<h4 class=\"style71\">A largura da faixa do jiu-jitsu, \u00e9 de 4 cent\u00edmetros,&nbsp;e estar\u00e1 correta&nbsp;se a tarja preta tiver&nbsp;de 10 cmts de comprimento e distanciado 2 ctms de numa das pontas da faixa ; quando a faixa estiver amarada a tarja fica para o lado esquerdo do corpo; Os&nbsp;graus&nbsp;s\u00e3o afixados sobre a tarja.<\/h4>\n<h4 class=\"style71\">O portador da faixa branca ,da infantil em diante ,que tenha competido&nbsp; oficialmente na&nbsp; F.M.J-J j-j&nbsp; &nbsp;com ela , por&nbsp; at\u00e9 5 vezes&nbsp; &nbsp;n\u00e3o devera continuar&nbsp; competindo como branca , mas elevado a amarela.<\/h4>\n<h4 class=\"style71\">NOTA ! Ap\u00f3s&nbsp; o surgimento&nbsp; de tantas confedera\u00e7\u00f5es , federa\u00e7\u00f5es&nbsp; e ligas, paralelas e at\u00e9 clandestinas, as competi\u00e7\u00f5es de jiu-jitsu&nbsp; tomaram outro rumo. Faixas brancas&nbsp; j\u00e1 aplicam&nbsp; nas competi\u00e7\u00f5es&nbsp; as t\u00e9cnicas de coloridos mais elevados .Com isto a metodologia e a did\u00e1tica pr\u00f3pria da FMJ-J, ao inv\u00e9s de ser refor\u00e7ada pelos que chegaram posteriormente&nbsp; esta sendo deturpada pela falta de&nbsp; crit\u00e9rio&nbsp; de tantas entidades e de&nbsp; instrutores com aten\u00e7\u00e3o voltada&nbsp; unicamente pelo&nbsp; resultado da luta do aluno faixa branca em competi\u00e7\u00e3o, e&nbsp;&nbsp;ate mesmo por quest\u00e3o monet\u00e1ria. Esta faltando mais cuidado contra o traumatismo nos menores . Em caso de traumatismo grave&nbsp; a&nbsp;F.M.J-J&nbsp;poder\u00e1 acionar&nbsp; o&nbsp; Tribunal de Justi\u00e7a Desportivo , desde que o fato tenha ocorrido em territ\u00f3rio mineiro.<\/h4>\n<h1>&nbsp;*******<\/h1>\n<h3><strong><span style=\"color: #0000ff;\">JURAMENTO DO FAIXA PRET<\/span>A<\/strong><\/h3>\n<h4>&nbsp;&nbsp;&nbsp; &nbsp; &nbsp;&nbsp;<strong>OS&nbsp; 07 PONTOS<\/strong><\/h4>\n<h4>Princ\u00edpios&nbsp; que devem&nbsp; nortear os graduados nas artes marciais e n\u00e3o podem estar ausente do jiu-jitsu Estes sete&nbsp; caminhos &nbsp;devem &nbsp;de ser seguidos,&nbsp; fazem parte do juramento na gradua\u00e7\u00e3o do faixa preta.<\/h4>\n<ol>\n<li>\n<h4>CORAGEM&nbsp;Para enfrentar situa\u00e7\u00f5es adversas .<\/h4>\n<\/li>\n<li>\n<h4>DECISA\u00d5&nbsp;Para&nbsp; escolher o caminho a seguir e colocar em pratica o&nbsp; que foi estabelecido.<\/h4>\n<\/li>\n<li>\n<h4>DISCIPLINA&nbsp;&nbsp;&nbsp;Para fortalecer o&nbsp; comanda sobre si, f\u00edsico ,mental e espiritual, no tatame e fora dele<\/h4>\n<\/li>\n<li>\n<h4>HUMILDADE&nbsp;Para&nbsp; aceitar &nbsp;que o&nbsp; conhecimento&nbsp;&nbsp; nunca \u00e9 suficiente, nem termina .<\/h4>\n<\/li>\n<li>\n<h4>LEALDADE&nbsp;&nbsp;Para ser cultivado &nbsp;e praticado, em prol de quem&nbsp; devemos a&nbsp; &nbsp;fidelidade..<\/h4>\n<\/li>\n<li>\n<h4>RESPEITO&nbsp;Para&nbsp; com o mestre, ao&nbsp; semelhante, ao&nbsp; direito alheio e a lei natural das coisas.<\/h4>\n<\/li>\n<li>\n<h4>SINCERIDADE&nbsp;Para com as inten\u00e7\u00f5es, para que a&nbsp; palavra&nbsp; dada&nbsp;&nbsp; seja&nbsp; um compromisso de honra.<\/h4>\n<\/li>\n<\/ol>\n<h4><strong>Recordemos tamb\u00e9m que um&nbsp; compromisso quebrado leva a indignidade, e&nbsp; a indignidade&nbsp; impossibilita&nbsp;uma conviv\u00eancia&nbsp; honrosa com &nbsp;quantos tenham &nbsp;escolhido o caminho&nbsp; da&nbsp; dedica\u00e7\u00e3o, ao respeito&nbsp; e a&nbsp; sinceridade .Sem humildade n\u00e3o h\u00e1 disciplina ,&nbsp; a indisciplina leva a indecis\u00e3o&nbsp; que &nbsp;tende a expulsar a coragem&nbsp; para enfrentar e at\u00e9 se dedicar a um esfor\u00e7o maior . Recordar que carregar duas bandeiras, servindo a dois senhores ao mesmo tempo ,pode parecer pr\u00e1tico e vantajoso, mas tende ao desiquil\u00edbrio. Uma das bandeiras poder\u00e1 ser derrubada ,quando n\u00e3o ocorre com as duas .<\/strong><\/h4>\n<h4><strong><em>Mte Adair. 1984<\/em><\/strong><\/h4>\n<h5>&nbsp;<\/h5>\n<h4><em><strong>PRATIQUE JIU-JITSU , DANDO PREFERENCIA A&nbsp; UMA&nbsp; &nbsp;EQUIPE&nbsp; FEDERA<\/strong><a href=\"https:\/\/jiujitsuminas.com.br\/01\/fmj-j\/equipes-federadas\/\"><strong>DA<\/strong>&nbsp;&gt;&gt;&gt;<\/a><\/em><\/h4>\n<\/article>\n<\/div>\n<aside class=\"mh-widget-col-1 mh-sidebar\">\n<div id=\"recent-comments-3\" class=\"mh-widget widget_recent_comments\">\n<h4 class=\"mh-widget-title\"><span class=\"mh-widget-title-inner\">PORQUE O WORPRESS \u00b4BEM COMPLICADO ?<\/span><\/h4>\n<\/div>\n<div id=\"nav_menu-3\" class=\"mh-widget widget_nav_menu\">\n<h4 class=\"mh-widget-title\"><span class=\"mh-widget-title-inner\">MENU<\/span><\/h4>\n<div class=\"menu-jiujitsu-container\">\n<ul id=\"menu-jiujitsu-1\" class=\"menu\">\n<li class=\"menu-item menu-item-type-post_type menu-item-object-page menu-item-home menu-item-219\"><a href=\"https:\/\/jiujitsuminas.com.br\/01\/\">IN\u00cdCIO \u2013 1\u00aa P\u00c1GINA \u2013<\/a><\/li>\n<li class=\"menu-item menu-item-type-post_type menu-item-object-page menu-item-117\"><a href=\"https:\/\/jiujitsuminas.com.br\/01\/noticias\">Not\u00edcias Atuais \u2013 pagina 2<\/a><\/li>\n<li class=\"menu-item menu-item-type-post_type menu-item-object-page menu-item-9965\"><a href=\"https:\/\/jiujitsuminas.com.br\/01\/noticias-continuadas\">EVENTOS J\u00c1 REALIZADOS EM 2021,2022,2013.<\/a><\/li>\n<li class=\"menu-item menu-item-type-post_type menu-item-object-page menu-item-1746\"><a href=\"https:\/\/jiujitsuminas.com.br\/01\/proximo-evento-em-2022\">PR\u00d3XIMO EVENTO DO ESTADUAL 2023<\/a><\/li>\n<li class=\"menu-item menu-item-type-post_type menu-item-object-page menu-item-96\"><a href=\"https:\/\/jiujitsuminas.com.br\/01\/fmj-j\/equipes-federadas\">\u2013 EQUIPES FEDERADAS<\/a><\/li>\n<li class=\"menu-item menu-item-type-post_type menu-item-object-page menu-item-3240\"><a href=\"https:\/\/jiujitsuminas.com.br\/01\/concurso-garota-jiu-jitsu-minas\">GAROTA JIU-JITSU<\/a><\/li>\n<li class=\"menu-item menu-item-type-post_type menu-item-object-page menu-item-has-children menu-item-22\"><a href=\"https:\/\/jiujitsuminas.com.br\/01\/fmj-j\">F.M.J-J.<\/a>\n<ul class=\"sub-menu\">\n<li class=\"menu-item menu-item-type-post_type menu-item-object-page menu-item-57\"><a href=\"https:\/\/jiujitsuminas.com.br\/01\/fmj-j\/diretoria-atual\">\u2013 Diretoria atual<\/a><\/li>\n<li class=\"menu-item menu-item-type-post_type menu-item-object-page menu-item-93\"><a href=\"https:\/\/jiujitsuminas.com.br\/01\/fmj-j\/galeria-de-presidentes-da-fmj-j\">\u2013 Galeria de presidentes da FMJ-J<\/a><\/li>\n<\/ul>\n<\/li>\n<li class=\"menu-item menu-item-type-post_type menu-item-object-page menu-item-6903\"><a href=\"https:\/\/jiujitsuminas.com.br\/01\/calendarios\">CALEND\u00c1RIO ESPORTIVO OFICIAL F.M.J-J \u2013 2023 E ESCLARECIMENTOS<\/a><\/li>\n<li class=\"menu-item menu-item-type-post_type menu-item-object-page menu-item-has-children menu-item-71\"><a href=\"https:\/\/jiujitsuminas.com.br\/01\/informacoes-uteis\">\u2013 SISTEMA DE FAIXAS -GRADUA\u00c7\u00c3O E OUTRAS.<\/a>\n<ul class=\"sub-menu\">\n<li class=\"menu-item menu-item-type-post_type menu-item-object-page menu-item-167\"><a href=\"https:\/\/jiujitsuminas.com.br\/01\/informacoes-uteis\/como-se-vincular-a-fmj-j\">\u2013 Como se vincular \u00e0 FMJ-J<\/a><\/li>\n<li class=\"menu-item menu-item-type-post_type menu-item-object-page menu-item-165\"><a href=\"https:\/\/jiujitsuminas.com.br\/01\/informacoes-uteis\/impressos-fmj-j\">\u2013 Impressos FMJ-J<\/a><\/li>\n<li class=\"menu-item menu-item-type-post_type menu-item-object-page menu-item-164\"><a href=\"https:\/\/jiujitsuminas.com.br\/01\/informacoes-uteis\/tabela-de-pesos\">\u2013 Tabela de pesos<\/a><\/li>\n<li class=\"menu-item menu-item-type-post_type menu-item-object-page menu-item-163\"><a href=\"https:\/\/jiujitsuminas.com.br\/01\/informacoes-uteis\/links-uteis\">\u2013 Links \u00fateis<\/a><\/li>\n<\/ul>\n<\/li>\n<li class=\"menu-item menu-item-type-post_type menu-item-object-page current-menu-ancestor current-menu-parent current_page_parent current_page_ancestor menu-item-has-children menu-item-74\"><a href=\"https:\/\/jiujitsuminas.com.br\/01\/regulamento\">REGULAMENTO<\/a>\n<ul class=\"sub-menu\">\n<li class=\"menu-item menu-item-type-post_type menu-item-object-page menu-item-162\"><a href=\"https:\/\/jiujitsuminas.com.br\/01\/regulamento\/estatuto-fmj-j\">\u2013 Estatuto FMJ-J<\/a><\/li>\n<li class=\"menu-item menu-item-type-post_type menu-item-object-page menu-item-161\"><a href=\"https:\/\/jiujitsuminas.com.br\/01\/regulamento\/regimento-interno-fmj-j\">\u2013 Regimento interno FMJ-J<\/a><\/li>\n<li class=\"menu-item menu-item-type-post_type menu-item-object-page menu-item-160\"><a href=\"https:\/\/jiujitsuminas.com.br\/01\/regulamento\/conars\">\u2013 Conars<\/a><\/li>\n<li class=\"menu-item menu-item-type-post_type menu-item-object-page menu-item-159\"><a href=\"https:\/\/jiujitsuminas.com.br\/01\/regulamento\/codigo-de-etica-e-disciplina\">\u2013 C\u00f3digo de \u00e9tica e disciplina<\/a><\/li>\n<li class=\"menu-item menu-item-type-post_type menu-item-object-page menu-item-158\"><a href=\"https:\/\/jiujitsuminas.com.br\/01\/regulamento\/regras-permantentes\">\u2013 Regras permantentes<\/a><\/li>\n<li class=\"menu-item menu-item-type-post_type menu-item-object-page current-menu-item page_item page-item-181 current_page_item menu-item-188\"><a href=\"https:\/\/jiujitsuminas.com.br\/01\/sistema-de-faixas\" aria-current=\"page\">\u2013 Sistema de faixas<\/a><\/li>\n<\/ul>\n<\/li>\n<li class=\"menu-item menu-item-type-post_type menu-item-object-page menu-item-has-children menu-item-83\"><a href=\"https:\/\/jiujitsuminas.com.br\/01\/galeria\">GALERIA DE IMAGENS REUNIDAS<\/a>\n<ul class=\"sub-menu\">\n<li class=\"menu-item menu-item-type-post_type menu-item-object-page menu-item-208\"><a href=\"https:\/\/jiujitsuminas.com.br\/01\/galeria\/fotos-de-lutas\">\u2013 Fotos de lutas<\/a><\/li>\n<li class=\"menu-item menu-item-type-post_type menu-item-object-page menu-item-193\"><a href=\"https:\/\/jiujitsuminas.com.br\/01\/galeria\/fotos-de-podio\">\u2013 Fotos de p\u00f3dio<\/a><\/li>\n<li class=\"menu-item menu-item-type-post_type menu-item-object-page menu-item-307\"><a href=\"https:\/\/jiujitsuminas.com.br\/01\/galeria\/fotos-sociais\">\u2013 Fotos Sociais<\/a><\/li>\n<li class=\"menu-item menu-item-type-post_type menu-item-object-page menu-item-202\"><a href=\"https:\/\/jiujitsuminas.com.br\/01\/galeria\/fotos-historicas\">\u2013 Fotos hist\u00f3ricas<\/a><\/li>\n<li class=\"menu-item menu-item-type-post_type menu-item-object-page menu-item-1397\"><a href=\"https:\/\/jiujitsuminas.com.br\/01\/fotos-de-formaturas\">\u2013 Fotos de formaturas<\/a><\/li>\n<li class=\"menu-item menu-item-type-post_type menu-item-object-page menu-item-8718\"><a href=\"https:\/\/jiujitsuminas.com.br\/01\/fotos-independentes\">\u2013 Fotos independentes<\/a><\/li>\n<li class=\"menu-item menu-item-type-post_type menu-item-object-page menu-item-10720\"><a href=\"https:\/\/jiujitsuminas.com.br\/01\/galeria-ds-arbitros-e-auxiliares\">\u00c1RBITROS, ARBITRAGENS E AUXILIARES (\u00c9POCAS)<\/a><\/li>\n<li class=\"menu-item menu-item-type-post_type menu-item-object-page menu-item-10868\"><a href=\"https:\/\/jiujitsuminas.com.br\/01\/galeria-das-equipes-federadas\">ACADEMIAS , EQUIPES E GRUPOS (\u00c9POCAS)<\/a><\/li>\n<li class=\"menu-item menu-item-type-post_type menu-item-object-page menu-item-10110\"><a href=\"https:\/\/jiujitsuminas.com.br\/01\/mulheres-guerreiras\">MULHERES GUERREIRAS \u2013 \u00c9POCAS<\/a><\/li>\n<\/ul>\n<\/li>\n<li class=\"menu-item menu-item-type-post_type menu-item-object-page menu-item-23\"><a href=\"https:\/\/jiujitsuminas.com.br\/01\/fmj-j\/historia-do-jiu-jitsu\">HIST\u00d3RIA DO JIU-JITSU<\/a><\/li>\n<li class=\"menu-item menu-item-type-post_type menu-item-object-page menu-item-227\"><a href=\"https:\/\/jiujitsuminas.com.br\/01\/do-jiu-jitsu\">ARTIGOS<\/a><\/li>\n<li class=\"menu-item menu-item-type-post_type menu-item-object-page menu-item-10584\"><a href=\"https:\/\/jiujitsuminas.com.br\/01\/parceiros-da-federacao-2a\">APOIOS E PARCERIAS RECEBIDAS .<\/a><\/li>\n<li class=\"menu-item menu-item-type-post_type menu-item-object-page menu-item-16050\"><a href=\"https:\/\/jiujitsuminas.com.br\/01\/cabecalhos-dos-assuntos-s\">NOTICIAS E ASSUNTOS ANTERIOS- de 2022,2021,2020\u2026<\/a><\/li>\n<li class=\"menu-item menu-item-type-post_type menu-item-object-page menu-item-12776\"><a href=\"https:\/\/jiujitsuminas.com.br\/01\/chaves-das-lutas\">CHAVES DAS LUTAS<\/a><\/li>\n<li class=\"menu-item menu-item-type-post_type menu-item-object-page menu-item-12908\"><a href=\"https:\/\/jiujitsuminas.com.br\/01\/taxas-da-federacao-f-m-j-j\">TAXAS DA FEDERA\u00c7\u00c3O ( F.M.J-J)<\/a><\/li>\n<li class=\"menu-item menu-item-type-post_type menu-item-object-page menu-item-13000\"><a href=\"https:\/\/jiujitsuminas.com.br\/01\/estudos\">INFORMA\u00c7\u00d5ES DIVERSAS ,COMENTARIOS E SUGEST\u00d5ES<\/a><\/li>\n<li class=\"menu-item menu-item-type-post_type menu-item-object-page menu-item-13247\"><a href=\"https:\/\/jiujitsuminas.com.br\/01\/faixas-pretas-e-mestres-2020-e-2021\">FAIXAS PRETAS E GRADUADOS. \u2013 CREDENCIAIS 2022\/2023 E RELA\u00c7A\u00d5 GERAL A PARTIR DE 1974<\/a><\/li>\n<li class=\"menu-item menu-item-type-post_type menu-item-object-page menu-item-13946\"><a href=\"https:\/\/jiujitsuminas.com.br\/01\/13945-2\">JORNAL JIUJITSUMINAS EDITADOS .<\/a><\/li>\n<li class=\"menu-item menu-item-type-post_type menu-item-object-page menu-item-14438\"><a href=\"https:\/\/jiujitsuminas.com.br\/01\/cidades-de-minas-referencias\">CIDADES MINEIRAS DE EQUIPES PARCEIRAS DA F.M.J-J.<\/a><\/li>\n<li class=\"menu-item menu-item-type-post_type menu-item-object-page menu-item-14796\"><a href=\"https:\/\/jiujitsuminas.com.br\/01\/imagens-f-m-j-j\">IMAGENS COMPETIDORES,EVENTOS, SOCIAS, ALEAT\u00d3RIAS F.M .J-J<\/a><\/li>\n<li class=\"menu-item menu-item-type-post_type menu-item-object-page menu-item-15659\"><a href=\"https:\/\/jiujitsuminas.com.br\/01\/como-se-registrar-na-federaao-mineira-de-jiu-jitsu-f-m-j-j\">COMO REGISTRAR SUA EQUIPE<\/a><\/li>\n<li class=\"menu-item menu-item-type-post_type menu-item-object-page menu-item-16307\"><a href=\"https:\/\/jiujitsuminas.com.br\/01\/impressos-da-federacao\">IMPRESSOS DA FEDERA\u00c7\u00c3O<\/a><\/li>\n<li class=\"menu-item menu-item-type-post_type menu-item-object-page menu-item-16567\"><a href=\"https:\/\/jiujitsuminas.com.br\/01\/relatorios-e-resultados-f-m-j-j\">RELAT\u00d3RIOS E RESULTADOS DE COMPETI\u00c7\u00d5ES F.M.J-J<\/a><\/li>\n<li class=\"menu-item menu-item-type-post_type menu-item-object-page menu-item-17119\"><a href=\"https:\/\/jiujitsuminas.com.br\/01\/f-m-j-j-regras-permanentes\">F.M.J-J REGRAS PERMANENTES<\/a><\/li>\n<li class=\"menu-item menu-item-type-post_type menu-item-object-page menu-item-17836\"><a href=\"https:\/\/jiujitsuminas.com.br\/01\/17835-2\">#17835 (sem t\u00edtulo)<\/a><\/li>\n<li class=\"menu-item menu-item-type-post_type menu-item-object-page menu-item-17849\"><a href=\"https:\/\/jiujitsuminas.com.br\/01\/pagina-vazia\">CONVOCA\u00c7A\u00d5 PARA ASSEMBLEIAS E REUNI\u00d5ES<\/a><\/li>\n<li class=\"menu-item menu-item-type-post_type menu-item-object-page menu-item-18093\"><a href=\"https:\/\/jiujitsuminas.com.br\/01\/16696-2\">CURIOSIDADES, PENSAMENTOS, OUTROS<\/a><\/li>\n<li class=\"menu-item menu-item-type-post_type menu-item-object-page menu-item-19042\"><a href=\"https:\/\/jiujitsuminas.com.br\/01\/sistema-de-faixas-todas-cores-todas-as-idades\">SISTEMA DE FAIXAS \u2013 TODAS CORES-TODAS AS IDADES.<\/a><\/li>\n<li class=\"menu-item menu-item-type-post_type menu-item-object-page menu-item-94\"><a href=\"https:\/\/jiujitsuminas.com.br\/01\/fmj-j\/galeria-de-faixas-pretas\">\u2013 Galeria de faixas pretas<\/a><\/li>\n<li class=\"menu-item menu-item-type-post_type menu-item-object-page menu-item-68\"><a href=\"https:\/\/jiujitsuminas.com.br\/01\/fmj-j\/resultados\">\u2013 Relat\u00f3rios<\/a><\/li>\n<li class=\"menu-item menu-item-type-post_type menu-item-object-page menu-item-237\"><a href=\"https:\/\/jiujitsuminas.com.br\/01\/aniversariantes\">\u2013 Aniversariantes<\/a><\/li>\n<li class=\"menu-item menu-item-type-post_type menu-item-object-page menu-item-231\"><a href=\"https:\/\/jiujitsuminas.com.br\/01\/voce-sabia\">SE N\u00c3O SABIA, SAIBA ENT\u00c3O QUE \u2026<\/a><\/li>\n<li class=\"menu-item menu-item-type-post_type menu-item-object-page menu-item-279\"><a href=\"https:\/\/jiujitsuminas.com.br\/01\/homenagem-postumas\">\u2013 Homenagens p\u00f3stumas<\/a><\/li>\n<\/ul>\n<\/div>\n<\/div>\n<\/aside>\n<\/div>\n<footer class=\"mh-footer\">\n<div class=\"mh-container mh-container-inner mh-footer-widgets mh-row mh-clearfix\">\n<div class=\"mh-col-1-3 mh-widget-col-1 mh-footer-3-cols mh-footer-area mh-footer-2\">\n<div id=\"media_image-2\" class=\"mh-footer-widget widget_media_image\">\n<h6 class=\"mh-widget-title mh-footer-widget-title\"><span class=\"mh-widget-title-inner mh-footer-widget-title-inner\">FEDERA\u00c7\u00c3O MINEIRA DE JIU-JITSU<\/span><\/h6>\n<p><img loading=\"lazy\" decoding=\"async\" class=\"image wp-image-105 attachment-full size-full\" src=\"https:\/\/jiujitsuminas.com.br\/01\/wp-content\/uploads\/2017\/10\/icon.jpg\" alt=\"\" width=\"100\" height=\"63\"><\/p>\n<\/div>\n<div id=\"text-2\" class=\"mh-footer-widget widget_text\">\n<div class=\"textwidget\">\n<p><strong>Escrit\u00f3rio central e expediente :<\/strong><br \/>\nAv. Amazonas, 885\/ Sl.348 \u2013 Centro<br \/>\nBelo Horizonte \/MG<\/p>\n<p><strong>Telefax<\/strong>.: (31) 3224-8979<\/p>\n<p><strong>E-mail<\/strong>: fmjitsu@terra.com.br e contato@jiujitsuminas.com.br<\/p>\n<p><strong>Expediente:<\/strong>&nbsp;de 2\u00aa a 6\u00aa feira, de 9:00 as 13:00 Hs. e de 14:00 as 18:00. A Presid\u00eancia atende de 14:00 as 18:00 Hs .<\/p>\n<\/div>\n<\/div>\n<\/div>\n<div class=\"mh-col-1-3 mh-widget-col-1 mh-footer-3-cols mh-footer-area mh-footer-3\">\n<div id=\"custom_html-4\" class=\"widget_text mh-footer-widget widget_custom_html\">\n<h6 class=\"mh-widget-title mh-footer-widget-title\"><span class=\"mh-widget-title-inner mh-footer-widget-title-inner\">NOSSA LOCALIZA\u00c7\u00c3O:<\/span><\/h6>\n<div class=\"textwidget custom-html-widget\"><iframe loading=\"lazy\" src=\"https:\/\/www.google.com\/maps\/embed?pb=!1m14!1m8!1m3!1d15004.29062172181!2d-43.9421514!3d-19.9213429!3m2!1i1024!2i768!4f13.1!3m3!1m2!1s0x0%3A0x4f6b99dc0c96d2a3!2sFedera%C3%A7%C3%A3o+Mineira+de+Jiu-Jitsu!5e0!3m2!1spt-BR!2sbr!4v1507159168717\" width=\"400\" height=\"300\" frameborder=\"0\" allowfullscreen=\"allowfullscreen\" data-mce-fragment=\"1\"><\/iframe><\/div>\n<\/div>\n<\/div>\n<div class=\"mh-col-1-3 mh-widget-col-1 mh-footer-3-cols mh-footer-area mh-footer-4\">\n<div id=\"custom_html-3\" class=\"widget_text mh-footer-widget widget_custom_html\">\n<h6 class=\"mh-widget-title mh-footer-widget-title\"><span class=\"mh-widget-title-inner mh-footer-widget-title-inner\">ENTRE EM CONTATO:<\/span><\/h6>\n<div class=\"textwidget custom-html-widget\">\n<div class=\"wpcf7 no-js\" id=\"wpcf7-f113-o1\" lang=\"pt-PT\" dir=\"ltr\" data-wpcf7-id=\"113\">\n<div class=\"screen-reader-response\"><p role=\"status\" aria-live=\"polite\" aria-atomic=\"true\"><\/p> <ul><\/ul><\/div>\n<form action=\"\/01\/wp-json\/wp\/v2\/pages\/19041#wpcf7-f113-o1\" method=\"post\" class=\"wpcf7-form init\" aria-label=\"Formul\u00e1rio de contacto\" novalidate=\"novalidate\" data-status=\"init\">\n<fieldset class=\"hidden-fields-container\"><input type=\"hidden\" name=\"_wpcf7\" value=\"113\" \/><input type=\"hidden\" name=\"_wpcf7_version\" value=\"6.1.4\" \/><input type=\"hidden\" name=\"_wpcf7_locale\" value=\"pt_PT\" \/><input type=\"hidden\" name=\"_wpcf7_unit_tag\" value=\"wpcf7-f113-o1\" \/><input type=\"hidden\" name=\"_wpcf7_container_post\" value=\"0\" \/><input type=\"hidden\" name=\"_wpcf7_posted_data_hash\" value=\"\" \/>\n<\/fieldset>\n<p><label> O seu nome<br \/>\n<span class=\"wpcf7-form-control-wrap\" data-name=\"your-name\"><input size=\"40\" maxlength=\"400\" class=\"wpcf7-form-control wpcf7-text wpcf7-validates-as-required\" aria-required=\"true\" aria-invalid=\"false\" value=\"\" type=\"text\" name=\"your-name\" \/><\/span> <\/label>\n<\/p>\n<p><label> O seu email<br \/>\n<span class=\"wpcf7-form-control-wrap\" data-name=\"your-email\"><input size=\"40\" maxlength=\"400\" class=\"wpcf7-form-control wpcf7-email wpcf7-validates-as-required wpcf7-text wpcf7-validates-as-email\" aria-required=\"true\" aria-invalid=\"false\" value=\"\" type=\"email\" name=\"your-email\" \/><\/span> <\/label>\n<\/p>\n<p><label> Assunto<br \/>\n<span class=\"wpcf7-form-control-wrap\" data-name=\"your-subject\"><input size=\"40\" maxlength=\"400\" class=\"wpcf7-form-control wpcf7-text\" aria-invalid=\"false\" value=\"\" type=\"text\" name=\"your-subject\" \/><\/span> <\/label>\n<\/p>\n<p><label> A sua mensagem<br \/>\n<span class=\"wpcf7-form-control-wrap\" data-name=\"your-message\"><textarea cols=\"40\" rows=\"10\" maxlength=\"2000\" class=\"wpcf7-form-control wpcf7-textarea\" aria-invalid=\"false\" name=\"your-message\"><\/textarea><\/span> <\/label>\n<\/p>\n<p><input class=\"wpcf7-form-control wpcf7-submit has-spinner\" type=\"submit\" value=\"Enviar\" \/>\n<\/p><div class=\"wpcf7-response-output\" aria-hidden=\"true\"><\/div>\n<\/form>\n<\/div>\n<\/div>\n<\/div>\n<\/div>\n<\/div>\n<\/footer>\n<div class=\"mh-copyright-wrap\">\n<div class=\"mh-container mh-container-inner mh-clearfix\">\n<p class=\"mh-copyright\">Copyright \u00a9 2023 | WordPress Theme by&nbsp;<a href=\"https:\/\/mhthemes.com\/themes\/mh-magazine\/?utm_source=customer&amp;utm_medium=link&amp;utm_campaign=MH+Magazine+Lite\" rel=\"nofollow\">MH Themes<\/a><\/p>\n<\/div>\n<\/div>\n","protected":false},"excerpt":{"rendered":"<div class=\"mh-excerpt\"><p>SISTEMA DE FAIXAS&nbsp;&nbsp; &nbsp; EXAME&nbsp; E&nbsp; DIPLOMA\u00c7\u00c3O D E FAIXAS PRETAS EM&nbsp; DATAS&nbsp; EXTRA DATA&nbsp; . A Federa\u00e7\u00e3o Mineira de&nbsp; Jiu-Jitsu (F.M.J-J)&nbsp; &nbsp;informa e comunica <a class=\"mh-excerpt-more\" href=\"https:\/\/jiujitsuminas.com.br\/01\/sistema-de-faixas-todas-cores-todas-as-idades\" title=\"SISTEMA DE FAIXAS &#8211;  CORES-IDADES.- REPETIDA\">[&#8230;]<\/a><\/p>\n<\/div>","protected":false},"author":3,"featured_media":0,"parent":0,"menu_order":0,"comment_status":"closed","ping_status":"closed","template":"template-full.php","meta":{"ngg_post_thumbnail":0,"footnotes":""},"class_list":["post-19041","page","type-page","status-publish","hentry"],"_links":{"self":[{"href":"https:\/\/jiujitsuminas.com.br\/01\/wp-json\/wp\/v2\/pages\/19041","targetHints":{"allow":["GET"]}}],"collection":[{"href":"https:\/\/jiujitsuminas.com.br\/01\/wp-json\/wp\/v2\/pages"}],"about":[{"href":"https:\/\/jiujitsuminas.com.br\/01\/wp-json\/wp\/v2\/types\/page"}],"author":[{"embeddable":true,"href":"https:\/\/jiujitsuminas.com.br\/01\/wp-json\/wp\/v2\/users\/3"}],"replies":[{"embeddable":true,"href":"https:\/\/jiujitsuminas.com.br\/01\/wp-json\/wp\/v2\/comments?post=19041"}],"version-history":[{"count":7,"href":"https:\/\/jiujitsuminas.com.br\/01\/wp-json\/wp\/v2\/pages\/19041\/revisions"}],"predecessor-version":[{"id":21208,"href":"https:\/\/jiujitsuminas.com.br\/01\/wp-json\/wp\/v2\/pages\/19041\/revisions\/21208"}],"wp:attachment":[{"href":"https:\/\/jiujitsuminas.com.br\/01\/wp-json\/wp\/v2\/media?parent=19041"}],"curies":[{"name":"wp","href":"https:\/\/api.w.org\/{rel}","templated":true}]}}