{"id":17908,"date":"2023-07-20T10:40:07","date_gmt":"2023-07-20T13:40:07","guid":{"rendered":"https:\/\/jiujitsuminas.com.br\/01\/?page_id=17908"},"modified":"2025-04-14T14:40:33","modified_gmt":"2025-04-14T17:40:33","slug":"17908-2","status":"publish","type":"page","link":"https:\/\/jiujitsuminas.com.br\/01\/17908-2","title":{"rendered":"PROXIMO EVENTO DA F.M.J-J- 2024"},"content":{"rendered":"<h3 style=\"text-align: left;\">&nbsp;<\/h3>\n<h4 style=\"text-align: left;\"><img loading=\"lazy\" decoding=\"async\" class=\"wp-image-19632 alignleft\" src=\"https:\/\/jiujitsuminas.com.br\/01\/wp-content\/uploads\/2023\/07\/BANDEIRA-FEDFERACAO100x50.jpg\" alt=\"\" width=\"129\" height=\"71\"><\/h4>\n<h3 style=\"text-align: left;\">&nbsp; &nbsp; FEDERA\u00c7\u00c3O MINEIRA DE JIU-JITSU ( F.M.J-J)<\/h3>\n<h5 style=\"text-align: left;\"><em><strong>ENTIDADEDE&nbsp; REGIONAL DE ADMINISTRA\u00c7\u00c3O DE DESPORTO<\/strong><\/em><em><strong>&nbsp; &nbsp; &nbsp; &nbsp; &nbsp; &nbsp; &nbsp; &nbsp; &nbsp; &nbsp; &nbsp; &nbsp; &nbsp; &nbsp; &nbsp; &nbsp; &nbsp; &nbsp; &nbsp; &nbsp; &nbsp; &nbsp; &nbsp; &nbsp;<\/strong><\/em><strong>REPRESENTATIVA DO JIU-JITSU NO ESTADO DE<\/strong> MINAS<strong> GERAS&nbsp; .&nbsp; &nbsp; &nbsp; &nbsp; &nbsp; &nbsp; &nbsp; &nbsp; &nbsp;R<\/strong><em>econhecida pelo MEC e CND&nbsp; e oficializada em 1975<span style=\"color: #ff0000;\">.<\/span><\/em><span style=\"color: #ff0000;\">&nbsp; Utilidade P\u00fablica Municipal (BH) Lei 3074 e Utilidade&nbsp; P\u00fablica Estadual&nbsp; Lei&nbsp; 24276 \/2023. <\/span>&nbsp; &nbsp;Sede .Avenida Amazonas,885.&nbsp; &nbsp;Sala 348-&nbsp; Centro.&nbsp; CEP 30180.001.&nbsp; &nbsp; &nbsp; &nbsp; &nbsp; &nbsp; &nbsp; &nbsp; &nbsp; &nbsp; &nbsp; <strong>BELO HORIZONTE&nbsp; &nbsp; &nbsp; &nbsp; MINAS&nbsp; &nbsp; &nbsp;GERAIS<\/strong><\/h5>\n<h5 style=\"text-align: left;\"><span style=\"color: #0000ff;\">www.&nbsp; jiujitsuminas.com.br ;&nbsp; e mail&nbsp; fmjitsu@terra.com.br;&nbsp; &nbsp;31, 32248979.&nbsp; 98385 9592&nbsp; <\/span><\/h5>\n<hr>\n<h3 style=\"text-align: left;\"><span style=\"color: #ff0000;\">ATEN\u00c7A\u00d5 !&nbsp; &nbsp; &nbsp; &nbsp; &nbsp; &nbsp; &nbsp; &nbsp; &nbsp; &nbsp; &nbsp; &nbsp; &nbsp; &nbsp; &nbsp; &nbsp; &nbsp; &nbsp; PEDIDO&nbsp; DE RESPEITO&nbsp; AS DATAS&nbsp; DO&nbsp; &nbsp;CAMPEONATO ESTADUAL<\/span><\/h3>\n<h4><span style=\"color: #ff0000;\"><em>A F.M.J-J solicita que&nbsp; quaisquer entidades, superiores ou inferiores , ou terceiros paralelas , clandestinas, sediadas em Minas Gerais&nbsp; ou&nbsp; visitantes, por favor&nbsp; consultem o calend\u00e1rio esportivo&nbsp; F.M.J-J&nbsp; e evitem&nbsp; promover ou realizar&nbsp; &nbsp;evento de jiu-jitsu na mesma data&nbsp; de etapa do campeonato estadual mineiro de jiu-jitsu&nbsp; em territorio&nbsp; mineiro. Respeitem os sete dias antes ou depois de etapa da Federa\u00e7\u00e3o. A F.M.J-J \u00e9 Utilidade P\u00fablica Estadual&nbsp; &nbsp; e pode&nbsp; haver pedido de interfer\u00eancia em eventos paralelos no terrtorio mineiro&nbsp; &nbsp;na mesma data.<\/em><\/span><\/h4>\n<hr>\n<h4 style=\"text-align: center;\"><span style=\"color: #0000ff;\"> &nbsp;<\/span>&nbsp; &nbsp;ANO&nbsp; &nbsp;2024<img loading=\"lazy\" decoding=\"async\" class=\"wp-image-19633 alignright\" src=\"https:\/\/jiujitsuminas.com.br\/01\/wp-content\/uploads\/2023\/07\/a6dde21dcfc2cf023b5647074e231263-250x131.webp\" alt=\"\" width=\"158\" height=\"83\"><\/h4>\n<h4 style=\"text-align: left;\">&nbsp; &nbsp; &nbsp; &nbsp; &nbsp; &nbsp; &nbsp; &nbsp; &nbsp; &nbsp; &nbsp; &nbsp; &nbsp; &nbsp;<em>&nbsp; &nbsp;1\u00aa ETAPA&nbsp; JA REALIZADA&nbsp; &nbsp; &nbsp; &nbsp; &nbsp; &nbsp; <\/em>&nbsp; &nbsp; &nbsp; &nbsp; &nbsp; &nbsp; &nbsp; &nbsp; &nbsp; &nbsp; &nbsp; &nbsp; &nbsp; &nbsp; &nbsp; &nbsp; &nbsp; &nbsp; &nbsp; &nbsp; &nbsp; &nbsp; &nbsp; &nbsp;&nbsp;<strong>1\u00aa ETAPA, SEMI ABERTA , DO &#8221;&nbsp; &nbsp;50\u00ba&nbsp; C AMPEONATO ESTADUAL MINEIRO DE&nbsp; JIU-JITSU&nbsp; &#8221;&nbsp; &#8211; VERS\u00c3O&nbsp; 2024&nbsp; &nbsp; &nbsp; &nbsp; &nbsp; &nbsp; &nbsp; &nbsp; &nbsp; &nbsp; &nbsp; &nbsp; &nbsp; &nbsp; &nbsp; &nbsp; &nbsp; &nbsp; &nbsp; &nbsp; &nbsp; &nbsp; &nbsp; &nbsp; &nbsp; AB<span style=\"color: #ff0000;\">RIL&nbsp; &nbsp; DIA 14 &#8211;&nbsp; &nbsp; &nbsp; &nbsp;J\u00c1 REALIZADA<\/span><\/strong><strong style=\"font-size: 16px;\">&nbsp;<\/strong><span style=\"color: #ff0000;\"><strong>LOCAL&nbsp; <\/strong><strong>&nbsp; &nbsp; &nbsp; &nbsp; &nbsp; &nbsp; &nbsp; &nbsp; &nbsp; &nbsp; &nbsp; &nbsp; &nbsp; &nbsp; &nbsp; &nbsp; &nbsp; &nbsp; &nbsp; &nbsp; &nbsp; &nbsp; &nbsp; &nbsp; &nbsp; &nbsp; &nbsp; &nbsp; &nbsp; &nbsp; &nbsp; &nbsp; &nbsp; &nbsp; &nbsp; &nbsp; &nbsp; &nbsp; &nbsp; &nbsp; &nbsp; &nbsp; &nbsp; &nbsp; &nbsp; &nbsp; <\/strong><\/span><strong><em>GINASIO POLIESPORTIVO&nbsp; ITAPO\u00c3 ( BH)<\/em><\/strong><strong><em>&nbsp;<\/em><\/strong><\/h4>\n<h4 style=\"text-align: left;\"><strong><span style=\"color: #0000ff;\">&nbsp; &nbsp; CIRCULAR&nbsp; DE CONVITE&nbsp; &nbsp; &nbsp; &nbsp; &nbsp; &nbsp; &nbsp; &nbsp; &nbsp; &nbsp; &nbsp; &nbsp; &nbsp; &nbsp; &nbsp; &nbsp; &nbsp; &nbsp; &nbsp; &nbsp; &nbsp; &nbsp; &nbsp; &nbsp; &nbsp; &nbsp; &nbsp; &nbsp; &nbsp; &nbsp; &nbsp; &nbsp; &nbsp; &nbsp; &nbsp; &nbsp; &nbsp; &nbsp; &nbsp; &nbsp; &nbsp; &nbsp; &nbsp; &nbsp; &nbsp; &nbsp; &nbsp; &nbsp; &nbsp; &nbsp; &nbsp; &nbsp; &nbsp; &nbsp; &nbsp; &nbsp; &nbsp; &nbsp; &nbsp; &nbsp; &nbsp; &nbsp; &nbsp; &nbsp; &nbsp; &nbsp; &nbsp; <span style=\"color: #ff0000;\">PARA EQUIPES&nbsp; FEDERADAS&nbsp; &nbsp; &nbsp;E&nbsp; &nbsp;SEUS COMPETIDORES PORTADOES DA CREDENCIAL 2024&nbsp; &nbsp;, E OS AINDA N\u00c3O REGISTRADOS , COMO CONVIDADOS .<\/span><\/span><span style=\"color: #ff0000;\">&nbsp; &nbsp;<\/span><\/strong><span style=\"color: #ff0000;\"><em>&nbsp;<\/em><\/span><\/h4>\n<h4 style=\"text-align: left;\"><strong>&nbsp;ENTRADA FRANCA&nbsp; &#8211;&nbsp; INICIO&nbsp; AS&nbsp; 9.30 HORAS&nbsp; COM DIPLOMA\u00c7A\u00d5 DOS NOVOS FAIXAS PRETAS E GRADUADOS.&nbsp; &nbsp; &nbsp; &nbsp; &nbsp; &nbsp; &nbsp; &nbsp; &nbsp; &nbsp; &nbsp; &nbsp; &nbsp; &nbsp; &nbsp; &nbsp; &nbsp; &nbsp; &nbsp; &nbsp; &nbsp; &nbsp; &nbsp; &nbsp; &nbsp; &nbsp; &nbsp; &nbsp; &nbsp; &nbsp; &nbsp; &nbsp; &nbsp; &nbsp; &nbsp; &nbsp; &nbsp; &nbsp; &nbsp; &nbsp; &nbsp; &nbsp; &nbsp; &nbsp; &nbsp; &nbsp; &nbsp; &nbsp; &nbsp; &nbsp; &nbsp; &nbsp; &nbsp; &nbsp; &nbsp; AS 10 HORAS&nbsp; &nbsp; HINO NACIONAL BRASILEIRO&nbsp; E INICIO DOS COMBATES.&nbsp; &nbsp; &nbsp; &nbsp; &nbsp; &nbsp; <\/strong><strong>&nbsp; Competi\u00e7\u00f5es :&nbsp; &nbsp; &nbsp; <\/strong><strong>1<\/strong><strong>\u00ba)<\/strong><strong> Menores masculino: &nbsp;Infantil, Infanto Juvenil e Juvenil;&nbsp; 2\u00ba)- Feminino (maiores e menores);&nbsp;&nbsp;3\u00ba)&nbsp; Adulto&nbsp; masculino: Estreantes (brancas e amarelas), Junior (azul a preta),&nbsp; M\u00e1ster 1 a 6 (azul a preta). .Todas as faixas, pesos e gradua\u00e7\u00f5es.&nbsp; &nbsp; &nbsp; &nbsp; <\/strong><strong><span style=\"color: #0000ff;\">DIA&nbsp; 09&nbsp; &nbsp;DE&nbsp; ABRIL<\/span><\/strong><strong><span style=\"color: #0000ff;\">&nbsp;<\/span><\/strong><strong> &#8211; data m\u00e1xima para inscrever competidor&nbsp; ,devido a&nbsp; confec\u00e7a\u00f5 da premia\u00e7\u00e3o padronzada&nbsp; .&nbsp; &nbsp; &nbsp; &nbsp; &nbsp; &nbsp; &nbsp; &nbsp; &nbsp; &nbsp; &nbsp; &nbsp; &nbsp; &nbsp; &nbsp; &nbsp; &nbsp; &nbsp; &nbsp; &nbsp; &nbsp; &nbsp; &nbsp; &nbsp; &nbsp; &nbsp; &nbsp; &nbsp; &nbsp; &nbsp; &nbsp; &nbsp; &nbsp; &nbsp; &nbsp; &nbsp; &nbsp; &nbsp; &nbsp; &nbsp; &nbsp; &nbsp; &nbsp; &nbsp; &nbsp; &nbsp; &nbsp; &nbsp; &nbsp; &nbsp; &nbsp; &nbsp; &nbsp; &nbsp; &nbsp; &nbsp; &nbsp; &nbsp; &nbsp; &nbsp; &nbsp; &nbsp;<\/strong><strong><span style=\"color: #000080;\"><span style=\"color: #0000ff;\">TAXA DE PARTICIPA\u00c7\u00c3O<\/span>&#8211;<\/span>&nbsp;<\/strong><strong> Maiores R$ 120,00&nbsp; &nbsp; &nbsp;; Menores R$100.00.&nbsp; &nbsp;<\/strong><strong>A cada 11 inscri\u00e7\u00f5es a academia ganha uma.&nbsp; &nbsp;<\/strong><\/h4>\n<h4 style=\"text-align: left;\"><strong>&nbsp; &nbsp; <\/strong><strong><span style=\"color: #0000ff;\">DEPOSITOS&nbsp; NA CONTA DA FEDERA\u00c7\u00c3O.&nbsp; &nbsp; &nbsp; &nbsp; &nbsp; &nbsp; &nbsp; &nbsp; &nbsp; &nbsp; &nbsp; &nbsp; &nbsp; &nbsp; &nbsp; &nbsp; &nbsp; &nbsp; &nbsp; &nbsp; &nbsp; &nbsp; &nbsp; &nbsp; &nbsp; &nbsp; &nbsp; &nbsp; &nbsp; &nbsp; &nbsp; &nbsp; &nbsp; &nbsp; &nbsp; &nbsp; &nbsp; &nbsp; &nbsp; &nbsp; &nbsp; &nbsp; &nbsp; &nbsp; &nbsp; &nbsp; &nbsp; <\/span>&nbsp;<\/strong><strong>Conta da Federa\u00e7\u00e3o Mineira de Jiu-J\u00edtsu,<\/strong><strong> Banco Ita\u00fa \u2013 conta n\u00ba00519-3, agencia 3158- PIX\/CNPJ: 18.799.635.0001-66. &nbsp;Enviar comprovante&nbsp; para Federa\u00e7\u00e3o do dep\u00f3sito feito na boca do caixa. Evitar&nbsp; pequenos dep\u00f3sitos , separados e constantes, sendo (05)dep\u00f3sitos no m\u00e1ximo por equipe<\/strong><strong>. Ao quitar sua inscri\u00e7\u00e3o o <\/strong><strong>competidor poder\u00e1 se considerar&nbsp; de fato inscrito<em>.<\/em><\/strong><em><strong>&nbsp; &nbsp; &nbsp; &nbsp; &nbsp; &nbsp; &nbsp; &nbsp; &nbsp; &nbsp; &nbsp; &nbsp; &nbsp; &nbsp; &nbsp; &nbsp; &nbsp; <\/strong><strong>Ins<\/strong><strong>creva&nbsp; os nomes dos participantes da sua equipe com anteced\u00eancia&nbsp; e&nbsp; n\u00e3o&nbsp; escreva em qualquer peda\u00e7o de papel ,mas somente&nbsp; no impresso a Federa\u00e7a\u00f5, sem rasuras. Se na\u00f5 papel pr\u00f3prio tiver solicite. Tudo fica&nbsp; arquivado&nbsp; &nbsp; &nbsp; &nbsp; &nbsp; &nbsp; &nbsp; &nbsp; &nbsp; &nbsp; &nbsp; &nbsp; &nbsp; &nbsp; &nbsp; &nbsp; &nbsp; &nbsp; &nbsp; <\/strong><\/em><em><strong><span style=\"color: #0000ff;\">PESAR&nbsp; O COMPETIDOR &#8211;<\/span>&nbsp; <\/strong><strong>sempre de kimono. Todos&nbsp; os kimonos&nbsp; com o escudo &#8211; logomarca da equipe -para evitar erro de pontua\u00e7a\u00f5&nbsp; na arbitragem.&nbsp;<span style=\"color: #0000ff;\">&nbsp;<\/span><\/strong><\/em><\/h4>\n<h4><span style=\"color: #0000ff;\"><strong><span style=\"color: #0000ff;\">ARBITRAGEM &#8211;&nbsp; <span style=\"color: #000000;\">&nbsp;Equipe Reunida &#8211;&nbsp; &nbsp;as&nbsp;9.30hs sob comando do&nbsp; Diretor &nbsp;Professor Vilson Silva.&nbsp;<\/span><\/span><\/strong><\/span><\/h4>\n<p>, <strong>FEDERA\u00c7\u00c3O MINEIRA DE JIU-JITSU \u2013F.M.J-J&nbsp; <\/strong><strong>&nbsp;&nbsp;&nbsp;&nbsp;&nbsp;&nbsp;&nbsp;&nbsp;&nbsp;&nbsp;&nbsp;&nbsp;&nbsp;&nbsp;&nbsp;<\/strong><strong>&nbsp;&nbsp;&nbsp;&nbsp;&nbsp;&nbsp;&nbsp;&nbsp;<\/strong><strong><em>ENTIDADE&nbsp; REGIONAL DE&nbsp; ADMINISTRA\u00c7\u00c3O&nbsp; DE&nbsp; DESPORTO. &nbsp;REPRESENTATIVA DO JIU-JITSU &nbsp;EM MINAS GERAIS.<\/em><\/strong><strong>&nbsp;&nbsp;&nbsp;&nbsp;&nbsp;&nbsp;&nbsp;&nbsp;&nbsp;&nbsp;&nbsp;&nbsp;&nbsp;&nbsp;&nbsp;&nbsp;&nbsp; <\/strong><\/p>\n<p><strong>Reconhecida pelo Minist\u00e9rio de Educa\u00e7\u00e3o e Cultura (MEC)) em 1976- &nbsp;&nbsp;Utilidade P\u00fablica&nbsp; Municipal (BH) 3094\/<\/strong><strong>79&nbsp; &nbsp;E&nbsp;&nbsp;&nbsp;&nbsp;&nbsp;&nbsp;&nbsp;&nbsp;&nbsp;&nbsp;&nbsp;&nbsp;&nbsp;&nbsp;&nbsp;&nbsp;&nbsp;&nbsp;&nbsp;&nbsp;&nbsp;&nbsp;&nbsp;&nbsp;&nbsp;&nbsp;&nbsp;&nbsp;&nbsp;&nbsp;&nbsp;&nbsp;&nbsp; <\/strong><strong>Entidade Esportiva&nbsp; de Utilidade&nbsp; P\u00fablica Estadual&nbsp; sob &nbsp;Lei&nbsp; 24278\/23 .<\/strong><strong>.<\/strong><strong> BELO HORIZONTE \u2013 MINAS GERAIS<\/strong><\/p>\n<p><strong>51\u00ba <\/strong><strong>CAMPEONATO ESTADUAL MINEIRO DE&nbsp; JIU-JITSU <\/strong><strong>&nbsp;&nbsp;-51\u00aa TA\u00c7A MINAS GERAIS&nbsp; &nbsp;&nbsp;&nbsp;&nbsp;&nbsp;&nbsp;&nbsp;&nbsp;&nbsp;&nbsp;&nbsp;&nbsp;&nbsp;&nbsp;&nbsp;&nbsp;&nbsp;&nbsp;&nbsp;&nbsp;&nbsp;&nbsp;&nbsp;&nbsp;&nbsp;&nbsp;&nbsp;&nbsp;&nbsp;&nbsp;&nbsp;&nbsp;&nbsp;&nbsp;&nbsp;&nbsp;&nbsp;&nbsp;&nbsp;&nbsp;&nbsp;&nbsp;&nbsp;&nbsp;&nbsp;&nbsp;&nbsp;&nbsp;&nbsp;&nbsp;&nbsp;&nbsp;&nbsp;&nbsp;&nbsp;&nbsp;&nbsp;&nbsp;&nbsp;&nbsp;&nbsp;&nbsp;&nbsp;&nbsp;&nbsp;&nbsp;&nbsp;&nbsp;&nbsp;&nbsp;&nbsp;&nbsp;&nbsp;&nbsp;&nbsp;&nbsp;&nbsp;&nbsp;&nbsp;&nbsp;CALENDARIO&nbsp; ESPORTIVO OFICIAL&nbsp; ANO &nbsp;2025<\/strong><\/p>\n<p><strong>&nbsp;&nbsp;&nbsp;&nbsp;&nbsp;&nbsp;&nbsp;&nbsp;&nbsp;&nbsp;&nbsp;&nbsp;&nbsp;&nbsp;&nbsp; <\/strong>&nbsp;&nbsp; <strong><em>&nbsp;<\/em><\/strong><\/p>\n<table width=\"973\">\n<tbody>\n<tr>\n<td width=\"123\">\n<h2>MES<\/h2>\n<\/td>\n<td width=\"76\"><strong>DATA<\/strong><\/td>\n<td width=\"89\"><strong>&nbsp; DIA <\/strong><\/td>\n<td width=\"291\"><strong>&nbsp;EVENTO 50\u00aa &nbsp;TA\u00c7A MG<\/strong><\/td>\n<td width=\"183\"><strong>TITULADO<\/strong><\/td>\n<td width=\"212\"><strong>&nbsp;LOCAL \/ CIDADE<\/strong><\/td>\n<\/tr>\n<tr>\n<td width=\"123\">\n<h2>FEVEREIRO<\/h2>\n<\/td>\n<td width=\"76\"><strong>16<\/strong><\/td>\n<td width=\"89\"><strong>Domingo<\/strong><\/td>\n<td width=\"291\"><strong>&nbsp;&nbsp;Aberto 2025<\/strong><\/p>\n<p><strong>Federados e na\u00f5 federados<\/strong><\/td>\n<td width=\"183\"><strong>1\u00ba Trofeu \u201c Unidos no&nbsp;&nbsp; Jiu-Jitsu \u201c<\/strong><\/td>\n<td width=\"212\"><strong>Contagem &#8211; Tropical<\/strong><\/td>\n<\/tr>\n<tr>\n<td width=\"123\">\n<h2>&nbsp;<\/h2>\n<\/td>\n<td colspan=\"5\" width=\"850\"><strong>&nbsp;&nbsp;&nbsp;&nbsp;&nbsp;&nbsp;&nbsp;&nbsp;&nbsp;&nbsp;&nbsp;&nbsp;&nbsp;&nbsp;&nbsp;&nbsp;&nbsp;&nbsp;&nbsp;&nbsp;&nbsp;&nbsp;&nbsp;&nbsp;&nbsp;&nbsp;&nbsp; ETAPAS DO ESTADUAL MINEIRO DE 2025<\/strong><\/td>\n<\/tr>\n<tr>\n<td width=\"123\"><strong>MAR\u00c7O<\/strong><\/p>\n<p><strong>&nbsp;<\/strong><\/td>\n<td width=\"76\"><strong>16<\/strong><\/td>\n<td width=\"89\">\n<h3><strong>Domingo<\/strong><\/h3>\n<\/td>\n<td width=\"291\"><strong>1\u00aa Etapa do Estadual de 2025.<\/strong><\/td>\n<td width=\"183\"><strong>Trofeu inicio<\/strong><\/td>\n<td width=\"212\"><strong>Contagem &#8211; Tropical<\/strong><\/td>\n<\/tr>\n<tr>\n<td width=\"123\"><strong>&nbsp;MAIO<\/strong><\/td>\n<td width=\"76\"><strong>11<\/strong><\/p>\n<p><strong>&nbsp;<\/strong><\/td>\n<td width=\"89\">\n<h3><strong>Domingo<\/strong><\/h3>\n<\/td>\n<td width=\"291\"><strong>&nbsp;2\u00aa&nbsp; Etapa do estadual de 2025<\/strong><\/td>\n<td width=\"183\"><strong>Prata da Casa <\/strong><\/td>\n<td width=\"212\"><strong>SESC-Santa Luzia<\/strong><\/td>\n<\/tr>\n<tr>\n<td width=\"123\"><strong>JULHO<\/strong><\/p>\n<p><strong>&nbsp;<\/strong><\/td>\n<td width=\"76\"><strong>13<\/strong><\/td>\n<td width=\"89\">\n<h3><strong>Domingo<\/strong><\/h3>\n<\/td>\n<td width=\"291\"><strong>3\u00aa&nbsp; &nbsp;Etapa do estadual&nbsp; 2025<\/strong><\/td>\n<td width=\"183\"><strong>Trofeu Lutadores<\/strong><\/td>\n<td width=\"212\"><strong>SESC Santa Luzia<\/strong><\/td>\n<\/tr>\n<tr>\n<td width=\"123\"><strong>S<\/strong><strong>ETEMBRO<\/strong><\/td>\n<td width=\"76\"><strong>14<\/strong><\/td>\n<td width=\"89\"><strong>Domingo<\/strong><\/td>\n<td width=\"291\"><strong>4\u00aa Etapa&nbsp; do Estadual de 2025<\/strong><\/td>\n<td width=\"183\"><strong>Trofeu Campe\u00f5es<\/strong><\/td>\n<td width=\"212\"><strong>SESC&nbsp; Santa&nbsp; Luzia<\/strong><\/td>\n<\/tr>\n<tr>\n<td width=\"123\"><strong>NOVEMBRO<\/strong><\/td>\n<td width=\"76\"><strong>16<\/strong><\/td>\n<td width=\"89\"><strong>Domigo<\/strong><\/td>\n<td width=\"291\"><strong>5\u00aa Etapa- Final do Estadual 2025<\/strong><\/p>\n<p><strong>Entreg da 51\u00aa Ta\u00e7a&nbsp; Minas Gerais &#8211; vers\u00e3o 2025<\/strong><\/td>\n<td width=\"183\"><strong>Trofeu Invictos<\/strong><\/td>\n<td width=\"212\">\n<h4><strong>Contagem-Tropical<\/strong><\/h4>\n<\/td>\n<\/tr>\n<\/tbody>\n<\/table>\n<p><strong>&nbsp;<\/strong><\/p>\n<p><strong>Sede- Belo Horizonte. &nbsp;Avenida Amazonas,885-3\u00ba and\/ 348- Centro .Cep 3018\u00ba.001 &#8211;&nbsp; Atendimento as 2\u00aa.4\u00aae 6\u00ba feira.&nbsp;&nbsp;&nbsp;&nbsp;&nbsp;&nbsp;&nbsp;&nbsp;&nbsp;&nbsp;&nbsp;&nbsp;&nbsp; &nbsp;Em semana de evento aberta em atendimento pessoal de &nbsp;2\u00aa as 6\u00aa feira.&nbsp; &nbsp;FONES: 31.3224 8979 \/ 98385 9592.&nbsp; Email&nbsp;&nbsp; www fmjitsu@terra.com.br. &nbsp;&nbsp;&nbsp;&nbsp;&nbsp;&nbsp;&nbsp;&nbsp;Site-&nbsp;&nbsp; Jiujitsuminas.com.br. &nbsp;&nbsp;Evento da Federa\u00e7a\u00f5&nbsp; n\u00e3o cobra&nbsp; ingresso .&nbsp;&nbsp;&nbsp;&nbsp;&nbsp;&nbsp;&nbsp;&nbsp;&nbsp;&nbsp;&nbsp;&nbsp; Sorteia coisas e objetos quando&nbsp; h\u00e1&nbsp; doa\u00e7\u00f5es. <\/strong><\/p>\n<h4><em><strong>INICIA COM OS MENORES MASCULINO,SEGUINDO FEMININO&nbsp; MAIORES E MENORES, SEGINDO&nbsp; ADULTOS MASCULINO&nbsp; FAIXAS PRETAS ,MARRONS,ROXAS,AZUIS,AMARELAS E BRANCAS.<\/strong><\/em><\/h4>\n<h4><strong>Federa\u00e7\u00e3o antecipa os agradecimentos pela <\/strong><strong>presen\u00e7a&nbsp; das <\/strong><strong>&nbsp;equipes&nbsp; e seus competidores,<\/strong><strong>do corpo arbitral, dos <\/strong><strong>&nbsp;auxiliares,&nbsp;<\/strong><strong>dos fieis acompanhantes da Federa\u00e7a\u00f5..<\/strong><strong>&nbsp;<\/strong><strong>&nbsp; &nbsp; &nbsp; &nbsp; &nbsp; &nbsp; &nbsp; &nbsp; &nbsp; &nbsp; &nbsp; &nbsp; &nbsp; &nbsp; &nbsp; &nbsp; &nbsp; &nbsp; &nbsp; &nbsp; &nbsp; &nbsp; &nbsp; &nbsp; &nbsp; &nbsp; &nbsp; &nbsp; &nbsp; &nbsp; &nbsp; &nbsp; &nbsp; &nbsp; &nbsp; &nbsp;<\/strong><\/h4>\n<h4 style=\"text-align: center;\"><strong>&nbsp; &nbsp; &nbsp; &nbsp;&nbsp;<\/strong><strong>Sauda\u00e7\u00f5es. <span style=\"color: #0000ff;\">Hei<\/span><\/strong><span style=\"color: #0000ff;\"><strong> !&nbsp;&nbsp;<\/strong><\/span><\/h4>\n<hr>\n<h4 style=\"text-align: left;\"><span style=\"color: #0000ff;\"><strong>&nbsp; NO ESTADO DE MINAS GERAIS&nbsp; A F.M.J-J&nbsp; TEM SOBERANIA .<i> RESPEITEM !<\/i><\/strong><\/span><\/h4>\n<h4><span style=\"color: #ff0000;\"><strong><em>A&nbsp; EQUIPE OU COMPETIDOR FEDERADO QUE DEIXAR&nbsp; DE PARTICIPAR&nbsp; DE ETAPA&nbsp; OFICIAL DO ESTADUAL MINEIRO PARA PARTICIPAR DE OUTRO EVENTO NA MESMA DATA&nbsp; &nbsp;EM TERRITORIO MINEIRO, SEJA QUAL EVENTO FOR ,&nbsp; N\u00c3O \u00c9&nbsp; CONFI\u00c1VEL,&nbsp; <\/em><\/strong><strong><em>SEM&nbsp; PARCERIA REAL&nbsp; &nbsp;COBRADO POR ISSO EM DATA&nbsp; DE&nbsp; ELEVA\u00c7A\u00d5 DE&nbsp; SUA FAIXA&nbsp; E&nbsp; EM EXAMES PARA GRAUS .&nbsp; RECORDAR&nbsp; QUE&nbsp; QUAISQUER OS RESULTADOS&nbsp; QUE OBTER&nbsp; &nbsp;EM EVENTOS PARALELOS N\u00c3O&nbsp; PODEM SER INSCRITOS NA FICHA CURRICULAR&nbsp; OFICIAL ,NA&nbsp; &nbsp;FEDERA\u00c7\u00c3O .&nbsp; &nbsp;<\/em><\/strong><\/span><\/h4>\n<h4><span style=\"color: #ff0000;\"><strong>PORTANTO&nbsp; RESPEITEM A SOBERANIA DA&nbsp; F.M.J-J&nbsp; &nbsp;NO ESTAD DE MINAS GERAIS<\/strong><\/span><\/h4>\n<h4>&#8212;&#8212;&#8212;&#8212;&#8212;&#8212;&#8212;&#8212;&#8212;&#8212;&#8212;&#8212;&#8212;&#8212;&#8212;&#8212;&#8212;&#8212;&#8212;&#8212;&#8212;&#8212;&#8212;&#8212;&#8212;&#8212;&#8212;&#8212;&#8212;&#8212;&#8212;&#8212;&#8212;&#8212;&#8212;&#8212;&#8212;&#8212;&#8212;-<\/h4>\n<h4><strong>Sede. Avenida Amazonas, 885-3\u00ba and\/348.Centro. 30180.001. Tel. fixo 31.3224.8979<\/strong><strong>Email:&nbsp; <a href=\"mailto:fmjitsu@terra.com.br\">fmjitsu@terra.com.br<\/a> .www.jiu-jitsuminas.com.br . 98385.9592 \/ 98718.6904<\/strong><\/h4>\n<h4><strong>&nbsp;<\/strong><\/h4>\n<hr>\n<h3><strong>&nbsp;&nbsp;&nbsp;&nbsp;&nbsp;<span style=\"color: #000080;\"> &nbsp;&nbsp;CALENDARIO&nbsp; ESPORTIVO DA F.M.J-J PARA L 2024<\/span><\/strong><strong>&nbsp;&nbsp;&nbsp;&nbsp;&nbsp;&nbsp;&nbsp;&nbsp;&nbsp;&nbsp;&nbsp;&nbsp;&nbsp;&nbsp;&nbsp; <\/strong>&nbsp;&nbsp; <strong><em>&nbsp;<\/em><\/strong><\/h3>\n<table style=\"height: 645px;\" width=\"886\">\n<tbody>\n<tr>\n<td width=\"121\">\n<h4>Mes<\/h4>\n<\/td>\n<td width=\"59\">\n<h4><strong>Data <\/strong><\/h4>\n<\/td>\n<td width=\"95\">\n<h4><strong>&nbsp; Dia <\/strong><\/h4>\n<\/td>\n<td width=\"244\">\n<h4><strong>&nbsp;Eventos&nbsp; 49\u00aa&nbsp; TA\u00c7A MG<\/strong><\/h4>\n<\/td>\n<td width=\"151\">\n<h4><strong>Titulado<\/strong><\/h4>\n<\/td>\n<td width=\"236\">\n<h4><strong>&nbsp;CIDADE<\/strong><\/h4>\n<\/td>\n<\/tr>\n<tr>\n<td width=\"121\">\n<h4><strong>ABRIL&nbsp;&nbsp;<\/strong><\/h4>\n<\/td>\n<td width=\"59\">\n<h4><strong>14<\/strong><\/h4>\n<\/td>\n<td width=\"95\">\n<h4><strong>Domingo<\/strong><\/h4>\n<\/td>\n<td width=\"244\">\n<h4><strong>1\u00aa Etapa do Estadual &nbsp;2024.<\/strong><\/h4>\n<\/td>\n<td width=\"151\">\n<h4><strong>Trof\u00e9u Inicio<\/strong><\/h4>\n<\/td>\n<td width=\"236\">\n<h4><strong>BH- ESPORTIVO ITAPO\u00c2<\/strong><\/h4>\n<\/td>\n<\/tr>\n<tr>\n<td width=\"121\">\n<h4><strong>MAIO<\/strong><\/h4>\n<h4><strong>&nbsp;<\/strong><\/h4>\n<\/td>\n<td width=\"59\">\n<h4><strong>26<\/strong><\/h4>\n<\/td>\n<td width=\"95\">\n<h4><strong>Domingo<\/strong><\/h4>\n<\/td>\n<td width=\"244\">\n<h4><strong>&nbsp;2\u00ba Etapa do Estadual 2024&nbsp;&nbsp;<\/strong><\/h4>\n<\/td>\n<td width=\"151\">\n<h4><strong>Prata da Casa<\/strong><\/h4>\n<\/td>\n<td width=\"236\">\n<h4><strong>&nbsp;CONTAGEM &#8211; Poliesportivo Tropical.<\/strong><\/h4>\n<\/td>\n<\/tr>\n<tr>\n<td width=\"121\">\n<h4><strong>JULHO <\/strong><\/h4>\n<\/td>\n<td width=\"59\">\n<h4><strong>13<\/strong><\/h4>\n<\/td>\n<td width=\"95\">\n<h4><strong>Domingo<\/strong><\/h4>\n<\/td>\n<td width=\"244\">\n<h4><strong>3\u00aa Etapa do Estadual 2024<\/strong><\/h4>\n<h4><strong>&nbsp;<\/strong><\/h4>\n<\/td>\n<td width=\"151\">\n<h4><strong>Trof\u00e9u Lutadores<\/strong><\/h4>\n<\/td>\n<td width=\"236\">&nbsp;<\/td>\n<\/tr>\n<tr>\n<td width=\"121\">\n<h4><strong>SETEMBRO<\/strong><\/h4>\n<\/td>\n<td width=\"59\">\n<h4><strong>14<\/strong><\/h4>\n<\/td>\n<td width=\"95\">\n<h4><strong>Domingo<\/strong><\/h4>\n<\/td>\n<td width=\"244\">\n<h4><strong>&nbsp;4\u00aa Etapa Estadual 2024&nbsp;&nbsp;<\/strong><\/h4>\n<h4><strong>&nbsp;<\/strong><\/h4>\n<\/td>\n<td width=\"151\">\n<h4><strong>Trof\u00e9u Campe\u00e3o<\/strong><\/h4>\n<\/td>\n<td width=\"236\">SESC DE SANTA LUZIA<\/td>\n<\/tr>\n<tr>\n<td width=\"121\">\n<h4><strong>NOVEMBRO<\/strong><\/h4>\n<\/td>\n<td width=\"59\">\n<h4><strong>10<\/strong><\/h4>\n<\/td>\n<td width=\"95\">\n<h4><strong>Domingo<\/strong><\/h4>\n<\/td>\n<td width=\"244\">\n<h4><strong>&nbsp;5\u00aa etapa &#8211; final Do Estadual de 2024.<\/strong><\/h4>\n<\/td>\n<td width=\"151\">\n<h4><strong>Trof\u00e9u Invictos Entrega da&nbsp; 50\u00aa TA\u00c7A MG<\/strong><\/h4>\n<\/td>\n<td width=\"236\">\n<h4><strong>&nbsp;SESC DD SANTA LUAZIA<\/strong><\/h4>\n<\/td>\n<\/tr>\n<tr>\n<td width=\"121\">&nbsp;<\/td>\n<td width=\"59\">&nbsp;<\/td>\n<td width=\"95\">&nbsp;<\/td>\n<td width=\"244\">&nbsp;<\/td>\n<td width=\"151\">&nbsp;<\/td>\n<td width=\"236\">&nbsp;<\/td>\n<\/tr>\n<tr>\n<td width=\"121\">&nbsp;<\/td>\n<td width=\"59\">&nbsp;<\/td>\n<td width=\"95\">&nbsp;<\/td>\n<td width=\"244\">&nbsp;<\/td>\n<td width=\"151\">&nbsp;<\/td>\n<td width=\"236\">&nbsp;<\/td>\n<\/tr>\n<\/tbody>\n<\/table>\n<h4><span style=\"color: #ff0000;\"><strong>QUANDO&nbsp; HOUVER&nbsp; MUDAN\u00c7A&nbsp; DE DATA OU LOCAL , JA DESCRITO&nbsp; NO&nbsp; CALENDARIO,&nbsp; &nbsp; \u00c9 PORQUE A FEDERA\u00c7\u00c3O N\u00c3O P\u00d4DE&nbsp; &nbsp; &nbsp; &nbsp; &nbsp; &nbsp; &nbsp; &nbsp; &nbsp; &nbsp; &nbsp; &nbsp; &nbsp; &nbsp; &nbsp; &nbsp; &nbsp; &nbsp; &nbsp;CONTORNAR O ASSUNTO, MAS&nbsp; A MUDAN\u00c7A QUANDO OCORRER&nbsp; SER\u00c1&nbsp; NOTIFICADA EM TEMPO HABIL . INFELISMENTE ISTO PODE ESTAR SEMPRE OCORRENDO, PELA FALTA DE UM POLIESPORTIVO ESTADUAL&nbsp; EM&nbsp; BELO hORIZONTE..&nbsp; &nbsp; &nbsp; &nbsp; &nbsp; &nbsp; &nbsp; &nbsp; &nbsp; &nbsp; &nbsp; &nbsp; &nbsp; &nbsp; &nbsp; &nbsp; &nbsp; &nbsp; &nbsp; &nbsp; &nbsp; &nbsp; &nbsp; &nbsp; &nbsp; &nbsp; &nbsp; &nbsp; &nbsp; &nbsp; &nbsp; &nbsp; &nbsp; &nbsp; &nbsp; &nbsp; &nbsp; &nbsp; &nbsp; &nbsp; &nbsp; &nbsp; &nbsp;Telefopnes &#8211;<\/strong><\/span><strong>32248979, 31.987186904.&nbsp; 31.983859592-&nbsp;&nbsp;&nbsp; E-mail&nbsp; <a href=\"mailto:fmjitsu@terra.com.br%20%20-\">fmjitsu@terra.com.br&nbsp; &#8211;<\/a> www-jiujitsuminas.com.br&nbsp; &nbsp; &nbsp; &nbsp; &nbsp; &nbsp;<\/strong><strong>Atendimento Central:&nbsp; Avenida Amazonas,885-3\u00ba and.&nbsp; 348.Centro&nbsp; de&nbsp; BELO HORIZONTE<\/strong><\/h4>\n<hr>\n<h4>&nbsp;<\/h4>\n<h4 style=\"text-align: center;\"><span style=\"color: #0000ff;\">&nbsp;<strong>PEDIDO&nbsp; DE RESPEITO AO&nbsp; CALENDARIO&nbsp; ESPORTIVO DA F.M.J-J<\/strong><\/span><\/h4>\n<h4 style=\"text-align: left;\"><em><span style=\"color: #ff0000;\">&nbsp; A FEDERA\u00c7A\u00d5 MINEIRA DE&nbsp; JITSU (F.M.J-J) Entidade Regional de Administra\u00e7\u00e3o de Desporto, Utilidade P\u00fablica Estadual sob Lei n\u00ba&nbsp; 24276\/2023,&nbsp; &nbsp; Federa\u00e7\u00e3o de Jiu-Jitsu oficializada no Estado de Minas Gerais , solicita&nbsp; as entidades&nbsp; &nbsp;federadas , n\u00e3o realisar evento de jiu-jitsu sem conhecimento da Federa\u00e7\u00e3o.&nbsp; &nbsp; &nbsp; &nbsp; &nbsp; &nbsp; &nbsp; &nbsp; &nbsp; &nbsp; &nbsp; &nbsp; &nbsp; &nbsp; &nbsp; &nbsp; &nbsp; <\/span><\/em><em><span style=\"color: #ff0000;\"><span style=\"color: #000000;\">&nbsp; E&nbsp; aos&nbsp;<\/span><\/span><\/em><em><span style=\"color: #ff0000;\"> grupos clandestinos&nbsp; e paralelos&nbsp; evitar&nbsp; &nbsp;promover e realizar&nbsp; &nbsp;evento de jiu-jitsu no territ\u00f3rio&nbsp; mineiro&nbsp; na mesma&nbsp; data&nbsp; <\/span><\/em><em><span style=\"color: #ff0000;\">&nbsp;de etapa do&nbsp;<\/span><\/em><em><span style=\"color: #ff0000;\"> campeonato estadual mineiro de jiu-jitsu ,&#8221;AGUARDA 25 DIAS A PARTIR&nbsp; &nbsp;FEVEREIRO&nbsp; DE 2025. &#8220;<\/span><\/em><\/h4>\n<h4 style=\"text-align: left;\"><em><span style=\"color: #ff0000;\"><img decoding=\"async\" class=\"alignleft\" src=\"https:\/\/jiujitsuminas.com.br\/01\/wp-content\/uploads\/2022\/03\/BOLETIM-IFORMATIVO.gif\"><\/span><\/em><\/h4>\n<h4 style=\"text-align: center;\"><em style=\"text-align: left; font-size: 16px;\"><span style=\"color: #ff0000;\">O&nbsp; &nbsp;respeito ao calendario da Federa\u00e7a\u00f5&nbsp; pede sete(7) um m\u00ednimo de sete&nbsp; (7) dias antes e depois&nbsp; de&nbsp; uma etapa do&nbsp; campeonato estadual&nbsp; mineiro&nbsp; de jiu-jitsu . Esta medida de respeito pode contribuir&nbsp; um pouco&nbsp; para diminuir&nbsp; &nbsp;estas quest\u00f5es e&nbsp; m\u00e9didas mais dr\u00e1stica na ocasi\u00e3o .<\/span><\/em><\/h4>\n<h4 style=\"text-align: center;\">&nbsp;<\/h4>\n<h4><strong><em>&nbsp;<\/em><\/strong><strong style=\"color: #000000;\"><em>&nbsp; &nbsp; &nbsp;<\/em><\/strong><span style=\"color: #000000;\"><strong><em>&nbsp; &nbsp; &nbsp; &nbsp; &nbsp; &nbsp;&nbsp;<\/em><\/strong><\/span><\/h4>\n<h4><span style=\"color: #000000;\"><strong><em>&nbsp;<\/em><\/strong><\/span><span style=\"font-size: 16px; color: #ff0000;\"><span style=\"color: #0000ff;\">&nbsp;<\/span><\/span><span style=\"color: #0000ff;\"><strong>QUIMONO CORRETO E NAS CORES&nbsp; PERMITIDAS&nbsp; PARA&nbsp; AS COMPETI\u00c7\u00d5ES&nbsp; OFICIALIZADOS DA F.M.J-J.&nbsp;<\/strong><\/span><\/h4>\n<h4>&nbsp;<\/h4>\n<h4><img loading=\"lazy\" decoding=\"async\" class=\"\" src=\"https:\/\/jiujitsuminas.com.br\/01\/wp-content\/uploads\/2017\/10\/kimono.jpg\" width=\"684\" height=\"481\"><\/h4>\n<h4>&nbsp;<\/h4>\n<h4 style=\"text-align: left;\"><img loading=\"lazy\" decoding=\"async\" class=\"alignnone wp-image-15778\" style=\"font-size: 16px;\" src=\"https:\/\/jiujitsuminas.com.br\/01\/wp-content\/uploads\/2021\/11\/NOVO-LOGO-GOVERNO-DE-MINAS-300x166.jpg\" alt=\"\" width=\"132\" height=\"73\" srcset=\"https:\/\/jiujitsuminas.com.br\/01\/wp-content\/uploads\/2021\/11\/NOVO-LOGO-GOVERNO-DE-MINAS-300x166.jpg 300w, https:\/\/jiujitsuminas.com.br\/01\/wp-content\/uploads\/2021\/11\/NOVO-LOGO-GOVERNO-DE-MINAS-150x83.jpg 150w, https:\/\/jiujitsuminas.com.br\/01\/wp-content\/uploads\/2021\/11\/NOVO-LOGO-GOVERNO-DE-MINAS.jpg 349w\" sizes=\"auto, (max-width: 132px) 100vw, 132px\" \/><\/h4>\n<h4><span style=\"color: #0000ff;\"><strong>_________________________________________________________________________<\/strong><\/span><\/h4>\n<h4><strong>Atendimento:<\/strong> <span style=\"color: #0000ff;\">Avenida Amazonas, 885, 3\u00ba andar, sala 348, Centro-<\/span><br \/>\nBH|MG <span style=\"color: #0000ff;\">CEP 30180.000. Tel.fixo 31.3224 8979<\/span><br \/>\n<strong style=\"font-size: 16px;\">Site<\/strong><strong style=\"font-size: 16px;\">: <\/strong><a style=\"font-size: 16px;\" href=\"http:\/\/www.jiujitsuminas.com.br\">www.jiujitsuminas.com.br<\/a><br \/>\n<strong style=\"font-size: 16px;\">E-mail:<\/strong><span style=\"color: #0000ff;\">&nbsp; fmitsu@terra.com. br;&nbsp; &nbsp;<\/span>&nbsp;<strong style=\"font-size: 16px;\">WhastApp:<\/strong><span style=\"font-size: 16px; color: #0000ff;\">&nbsp;(31) 987186904&nbsp; , (31) 983859592<\/span>&nbsp; &nbsp;.&nbsp; &nbsp; &nbsp; &nbsp; &nbsp; &nbsp; &nbsp; &nbsp; &nbsp; &nbsp; &nbsp; &nbsp; &nbsp; &nbsp; &nbsp; &nbsp; &nbsp; &nbsp; &nbsp; &nbsp; &nbsp; &nbsp; &nbsp; &nbsp; &nbsp; &nbsp; &nbsp; &nbsp; &nbsp; &nbsp; &nbsp; &nbsp; &nbsp; &nbsp; &nbsp; &nbsp; &nbsp; &nbsp; &nbsp; &nbsp; &nbsp; &nbsp; &nbsp; &nbsp; &nbsp; &nbsp; &nbsp; &nbsp; &nbsp; &nbsp; &nbsp; &nbsp; &nbsp; &nbsp; &nbsp; &nbsp; &nbsp; &nbsp; &nbsp; &nbsp; &nbsp; &nbsp; &nbsp; &nbsp; &nbsp; &nbsp; &nbsp; &nbsp; &nbsp; &nbsp; &nbsp; &nbsp; &nbsp; &nbsp; &nbsp; &nbsp; &nbsp; &nbsp; &nbsp; &nbsp; &nbsp; &nbsp; &nbsp; &nbsp; &nbsp; &nbsp;<strong>Utilidade Publica Municipal(BH) Lei n\u00ba 3094\/79. Utildade P\u00fablica Estadual(MG) Lei n\u00ba24276\/2023.<\/strong><\/h4>\n<hr>\n<h4>&nbsp;<\/h4>\n<h4 style=\"text-align: left;\"><span style=\"color: #0000ff;\"><span style=\"line-height: 1.5;\">CONVITE AS EQUIPES AUSENTES,&nbsp; AS&nbsp; PARALELAS E&nbsp; CLANDESTINAS&nbsp; &nbsp; &nbsp;SEDIADAS EM TERRITORIO MINEIRO. <\/span><\/span><img loading=\"lazy\" decoding=\"async\" class=\" wp-image-552 alignleft\" src=\"https:\/\/jiujitsuminas.com.br\/01\/wp-content\/uploads\/2017\/10\/BOLETIM-IFORMATIVO-1.gif\" alt=\"\" width=\"128\" height=\"150\"><\/h4>\n<h4 style=\"text-align: left;\"><span style=\"color: #0000ff;\">&nbsp;OFICIALIZE, ATUALIZE-SE&nbsp; !<\/span><\/h4>\n<h4 style=\"text-align: left;\"><span style=\"color: #ff0000;\">PARA ESTUDAR &nbsp;E &nbsp;PRATICAR &nbsp;O JIU-JIU-JITSU <\/span><span style=\"color: #ff0000; font-size: 16px; line-height: 1.5;\">PROCURE EQUIPE FEDERADA .<\/span><\/h4>\n<h4 style=\"text-align: center;\">&nbsp;Esta interessado em estudar e praticar jiu-jitsu ? Ent\u00e3o cuide-se &nbsp;em procurar escola &nbsp;registrada, autorizada e &nbsp;portadora do alvar\u00e1 da Federa\u00e7\u00e3o&nbsp;Mineira de Jiu-Jitsu (F.M.J-J). Ela \u00e9&nbsp; entidade regional de administra\u00e7\u00e3o de desporto no Estado de Minas Gerais s. &nbsp;B<em style=\"font-weight: bold;\">ons instrutores de jiu-jitsu est\u00e3o &nbsp;em atividades &nbsp;como &nbsp;paralelos e clandestinos, entretanto falta-lhes &nbsp;a oficialidade que a F.M.J-J. &nbsp;pode lhes conceder. Diplomas de faixas pretas sem registro na F.M.J-J&nbsp; &nbsp;podem ser&nbsp; recusados&nbsp; por&nbsp; reparti\u00e7\u00f5es p\u00fablicas em Minas Gerais .<\/em><\/h4>\n<h4 style=\"text-align: center;\"><span style=\"color: #ff0000;\">A FEDERA\u00c7\u00c3O CONVIDA-OS A &nbsp;SEGUIR &nbsp;COM ELA E ESTEJAM GARANTIDAS NO ESTADO DEEM MINAS GERAIS !&nbsp; &nbsp; &nbsp; &nbsp; &nbsp; &nbsp; &nbsp; &nbsp; &nbsp; &nbsp; &nbsp; &nbsp; &nbsp; &nbsp; &nbsp; &nbsp; &nbsp;<\/span><\/h4>\n<p>&nbsp;<\/p>\n<h4 style=\"text-align: center;\">&nbsp;<\/h4>\n","protected":false},"excerpt":{"rendered":"<div class=\"mh-excerpt\"><p>&nbsp; &nbsp; &nbsp; FEDERA\u00c7\u00c3O MINEIRA DE JIU-JITSU ( F.M.J-J) ENTIDADEDE&nbsp; REGIONAL DE ADMINISTRA\u00c7\u00c3O DE DESPORTO&nbsp; &nbsp; &nbsp; &nbsp; &nbsp; &nbsp; &nbsp; &nbsp; &nbsp; &nbsp; &nbsp; <a class=\"mh-excerpt-more\" href=\"https:\/\/jiujitsuminas.com.br\/01\/17908-2\" title=\"PROXIMO EVENTO DA F.M.J-J- 2024\">[&#8230;]<\/a><\/p>\n<\/div>","protected":false},"author":3,"featured_media":0,"parent":0,"menu_order":0,"comment_status":"closed","ping_status":"closed","template":"template-full.php","meta":{"ngg_post_thumbnail":0,"footnotes":""},"class_list":["post-17908","page","type-page","status-publish","hentry"],"_links":{"self":[{"href":"https:\/\/jiujitsuminas.com.br\/01\/wp-json\/wp\/v2\/pages\/17908","targetHints":{"allow":["GET"]}}],"collection":[{"href":"https:\/\/jiujitsuminas.com.br\/01\/wp-json\/wp\/v2\/pages"}],"about":[{"href":"https:\/\/jiujitsuminas.com.br\/01\/wp-json\/wp\/v2\/types\/page"}],"author":[{"embeddable":true,"href":"https:\/\/jiujitsuminas.com.br\/01\/wp-json\/wp\/v2\/users\/3"}],"replies":[{"embeddable":true,"href":"https:\/\/jiujitsuminas.com.br\/01\/wp-json\/wp\/v2\/comments?post=17908"}],"version-history":[{"count":49,"href":"https:\/\/jiujitsuminas.com.br\/01\/wp-json\/wp\/v2\/pages\/17908\/revisions"}],"predecessor-version":[{"id":23103,"href":"https:\/\/jiujitsuminas.com.br\/01\/wp-json\/wp\/v2\/pages\/17908\/revisions\/23103"}],"wp:attachment":[{"href":"https:\/\/jiujitsuminas.com.br\/01\/wp-json\/wp\/v2\/media?parent=17908"}],"curies":[{"name":"wp","href":"https:\/\/api.w.org\/{rel}","templated":true}]}}