{"id":137,"date":"2017-10-05T17:54:13","date_gmt":"2017-10-05T17:54:13","guid":{"rendered":"https:\/\/jiujitsuminas.com.br\/01\/?page_id=137"},"modified":"2024-01-21T13:08:06","modified_gmt":"2024-01-21T16:08:06","slug":"como-se-vincular-a-fmj-j","status":"publish","type":"page","link":"https:\/\/jiujitsuminas.com.br\/01\/como-se-vincular-a-fmj-j","title":{"rendered":"COMO SE REGISTRAR  NA F.M.J-J-(Federa\u00e7\u00e3o Mineira de Jiu-Jitsu"},"content":{"rendered":"<h4><strong>&nbsp;<\/strong><b><span style=\"color: #0000ff;\">PARA SE &nbsp;REGISTRAR&nbsp; NA&nbsp; FEDERA\u00c7A\u00d5 MINEIRA DE JIU-JITSU-F.M.J-J<br \/>\n<\/span><\/b><b><span style=\"color: #0000ff;\">&nbsp; (atualizada 2021)<\/span><\/b><\/h4>\n<h5><strong>&nbsp; &nbsp;&nbsp;<em>A FMJ-J \u00e9 a Entidade Regional de Administra\u00e7\u00e3o de Desporto&nbsp; e&nbsp; representativa do jiu jitsu do Estado de Minas Gerais. Reconhecida e oficializada pelo Minist\u00e9rio da Educa\u00e7\u00e3o e Cultura (MEC) e Conselho Nacional de Desportos (CND) em 1975 sob decreto presidencial. Vinculada a&nbsp; Confedera\u00e7\u00e3o Brasileira de Jiu Jitsu, &nbsp;Secretarias: de Estado de &nbsp;Esportes,&nbsp; de Infraestrutura e Mobilidade (SEINFRA), de&nbsp; A\u00e7\u00e3o Social e Secretaria Municipal de Esportes e Lazer&nbsp; de&nbsp; Belo Horizonte.Utilidade P\u00fablica. Desde 1975 em&nbsp; servi\u00e7o ininterrupto para o&nbsp; jiu-jitsu esporte de rendimento, amador especializado, promovendo e realizando o campeonato estadual mineiro de jiu-jitsu, divido em 5 etapas por ano,&nbsp; mar\u00e7o, maio, julho, setembro e novembro<\/em>.<\/strong><\/h5>\n<h4><strong>Para uma equipe&nbsp; se vincular \u00e0 ela e ficar em condi\u00e7\u00f5es de participar do campeonato estadual mineiro de jiu-jitsu, para alunos&nbsp; receber bolsas doadas pelo Governo estadual e federal, dever\u00e1 estar registrado . Basta seguir <span style=\"line-height: 24px;\">as exig\u00eancias do seu regulamento:&nbsp;<\/span><\/strong><\/h4>\n<h4><strong>&nbsp;<span style=\"color: #000000;\">1.&nbsp;&nbsp;<\/span>Escolher o nome da equipe. (<span style=\"color: #000000;\">O nome da equipe <\/span>&nbsp;n\u00e3o pode se afigurar sarcasmo, falta de seriedade, falta de respeito.)<\/strong><\/h4>\n<h4><strong><span style=\"color: #000000;\">2. Escolher a diretoria que comandar\u00e1 a equipe. **<\/span><\/strong><\/h4>\n<h4><strong><span style=\"color: #000000;\">3. Preenchimento de cargos necess\u00e1rios para a forma\u00e7\u00e3o de uma Associa\u00e7\u00e3o Esportiva (equipe de jiu-jitsu).&nbsp;<\/span><\/strong><\/h4>\n<h4><strong><span style=\"color: #000000;\">4. Forma\u00e7\u00e3o da Diretoria com mandato de quatro anos, poss\u00edvel de reelei\u00e7\u00e3o (Lei Esportiva).<\/span><\/strong><\/h4>\n<h4 style=\"text-align: left;\"><strong>** Para ter&nbsp; validade e oficialidade .<\/strong><\/h4>\n<h4 style=\"text-align: left;\"><strong><span style=\"line-height: inherit;\">&nbsp; Presidente<br \/>\n<\/span><\/strong><strong><span style=\"line-height: inherit;\">Vice Presidente<br \/>\n<\/span><\/strong><strong>Secretario<br \/>\n<\/strong><strong>Tesoureiro<br \/>\n<\/strong><strong>Rela\u00e7\u00f5es P\u00fablicas<br \/>\n<\/strong><strong>Diretor T\u00e9cnico &#8211; faixa preta em diante (Se&nbsp; o Presidente da equipe&nbsp; for&nbsp; faixa preta&nbsp;<\/strong><strong>permite-se tamb\u00e9m que ele seja&nbsp; o diretor t\u00e9cnico).<\/strong><\/h4>\n<h4><strong>Todos os membros da diretoria acima dos 21 anos, residentes e domiciliados no Estado de Minas Gerais .<\/strong><br \/>\n<strong>(Supervisor&nbsp; da equipe &#8211;&nbsp; um faixa preta do 4\u00ba grau em diante que poder\u00e1 ser indicado pela Federa\u00e7\u00e3. Se&nbsp; o presidente for faixa preta&nbsp; 3\u00ba grau n\u00e3o necessita supervisor).<\/strong><\/h4>\n<h4><strong><em>&nbsp;<\/em><em>DISPOSI\u00c7\u00d5ES<br \/>\n<\/em>1. O Pedido do registro \u00e9 assinado pelo presidente da equipe.<\/strong><br \/>\n<strong>2. Ata da elei\u00e7\u00e3o da diretoria&nbsp; deve ser&nbsp; assinado por todos os eleitos.<\/strong><\/h4>\n<h4><strong>3. O Estatuto Padr\u00e3o de Vincula\u00e7\u00e3o assinado pelo presidente eleito ( a Federa\u00e7ao forne\u00e7e).<\/strong><br \/>\n<strong>4. Qualifica\u00e7\u00e3o de todos os membros da diretoria eleita, brasileiros natos ou naturalizados, xerox&nbsp; da carteira de&nbsp; identidade, CPF&nbsp;comprovante de resid\u00eancia (conta de \u00e1gua, luz e etc).<br \/>\n<em>5- O&nbsp; membro eleito se for praticante de jiu-jitsu&nbsp; &nbsp;dever\u00e1&nbsp; estar ou se registrar na F.M.J-J<\/em>.<br \/>\n6- As assinaturas do Presidente&nbsp; deve ser reconhecidos em cart\u00f3rio.<\/strong><br \/>\n<strong>7- Os papeis&nbsp; necess\u00e1rios s\u00e3o fornecidos pela Federa\u00e7\u00e3o, depois de preenchidos devolvidos para o registro.<\/strong><br \/>\n<strong>8- Entrega do escudo de pano da equipe (logomarca) que ficara afixado no&nbsp;&nbsp;kimono da equipe ,para ser&nbsp; publicado no site.<br \/>\n9- Quitar&nbsp; o primeiro alvar\u00e1 da&nbsp; F.M.J-J (com&nbsp; validade at\u00e9&nbsp; 31 de dezembro do ano em curso).<br \/>\n10- Estrangeiros na&nbsp; diretoria somente se comprovadamente naturalizados ha mais de cinco (5) anos.<\/strong><\/h4>\n<h4><strong>11. Uma vez registrado e carimbado pela&nbsp; F.M.J-J&nbsp; o estatuto da Associa\u00e7\u00e3o Esportiva (equipe) poder\u00e1&nbsp; ser registrado em cartorio de pessoas <\/strong><strong>jur\u00eddicas. Uma garantia maior.&nbsp;<\/strong><\/h4>\n<h4><span style=\"color: #ff0000;\"><strong>ATEN\u00c7\u00c3O !<\/strong><\/span><\/h4>\n<h4><strong><span style=\"color: #ff0000;\">1-<\/span><\/strong><span style=\"color: #ff0000;\"><strong>Ao&nbsp; quitar&nbsp; a <\/strong><\/span><strong style=\"color: #ff0000;\">filia\u00e7\u00e3o j\u00e1 esta incluido o&nbsp; 1\u00ba alvar\u00e1<br \/>\n<\/strong><strong style=\"color: #ff0000;\">2- Antes de formar a sua diretoria consulte a Federa\u00e7\u00e3o sobre detalhes.<\/strong><\/h4>\n<h4><strong>&nbsp;<\/strong><strong><span style=\"color: #000000;\"><em>&nbsp;<\/em><\/span><span style=\"color: #ff0000;\"><span style=\"color: #000000;\">MAIS INFORMA\u00c7\u00d5ES BASTA SOLICITAR<\/span> ! <\/span><\/strong><strong><span style=\"color: #000000;\">Via email&nbsp; &nbsp;fmjitsu@terra.com.br&nbsp; &nbsp;Fones 31.3224.8979 , Whstspp 98718 5894 e 983859592<\/span><\/strong><\/h4>\n","protected":false},"excerpt":{"rendered":"<div class=\"mh-excerpt\"><p>&nbsp;PARA SE &nbsp;REGISTRAR&nbsp; NA&nbsp; FEDERA\u00c7A\u00d5 MINEIRA DE JIU-JITSU-F.M.J-J &nbsp; (atualizada 2021) &nbsp; &nbsp;&nbsp;A FMJ-J \u00e9 a Entidade Regional de Administra\u00e7\u00e3o de Desporto&nbsp; e&nbsp; representativa do <a class=\"mh-excerpt-more\" href=\"https:\/\/jiujitsuminas.com.br\/01\/como-se-vincular-a-fmj-j\" title=\"COMO SE REGISTRAR  NA F.M.J-J-(Federa\u00e7\u00e3o Mineira de Jiu-Jitsu\">[&#8230;]<\/a><\/p>\n<\/div>","protected":false},"author":1,"featured_media":0,"parent":0,"menu_order":1,"comment_status":"closed","ping_status":"closed","template":"template-full.php","meta":{"ngg_post_thumbnail":0,"footnotes":""},"class_list":["post-137","page","type-page","status-publish","hentry"],"_links":{"self":[{"href":"https:\/\/jiujitsuminas.com.br\/01\/wp-json\/wp\/v2\/pages\/137","targetHints":{"allow":["GET"]}}],"collection":[{"href":"https:\/\/jiujitsuminas.com.br\/01\/wp-json\/wp\/v2\/pages"}],"about":[{"href":"https:\/\/jiujitsuminas.com.br\/01\/wp-json\/wp\/v2\/types\/page"}],"author":[{"embeddable":true,"href":"https:\/\/jiujitsuminas.com.br\/01\/wp-json\/wp\/v2\/users\/1"}],"replies":[{"embeddable":true,"href":"https:\/\/jiujitsuminas.com.br\/01\/wp-json\/wp\/v2\/comments?post=137"}],"version-history":[{"count":43,"href":"https:\/\/jiujitsuminas.com.br\/01\/wp-json\/wp\/v2\/pages\/137\/revisions"}],"predecessor-version":[{"id":21338,"href":"https:\/\/jiujitsuminas.com.br\/01\/wp-json\/wp\/v2\/pages\/137\/revisions\/21338"}],"wp:attachment":[{"href":"https:\/\/jiujitsuminas.com.br\/01\/wp-json\/wp\/v2\/media?parent=137"}],"curies":[{"name":"wp","href":"https:\/\/api.w.org\/{rel}","templated":true}]}}